{"id":709,"date":"2021-05-18T14:58:36","date_gmt":"2021-05-18T17:58:36","guid":{"rendered":"http:\/\/164.73.2.180\/?page_id=709"},"modified":"2026-04-21T17:03:59","modified_gmt":"2026-04-21T20:03:59","slug":"home-18-5-2021","status":"publish","type":"page","link":"https:\/\/grupomontevideo.org\/site\/","title":{"rendered":"Asociaci\u00f3n de Universidades Grupo Montevideo (AUGM)"},"content":{"rendered":"                <div id=\"wpmagazine-modules-lite-post-tiles-block-08f8a6ed-e0e4-4f0d-bda6-9e75eba2dfdb\" class=\"wpmagazine-modules-lite-post-tiles-block alignwide block-08f8a6ed-e0e4-4f0d-bda6-9e75eba2dfdb cvmm-block cvmm-block-post-tiles--layout-default\">\r\n                    <div class=\"cvmm-post-tiles-block-main-content-wrap\">\r\n    <div class=\"cvmm-post-tiles-slider-post-wrapper cvmm-post-tiles-partial-width\"  data-dots=0 data-loop=1 data-control=1 data-auto=1 data-type=0 data-speed=2500 data-item=1>\r\n                        <article post-id=\"post-22198\" class=\"cvmm-post post-format--standard\" itemscope itemtype=\"http:\/\/schema.org\/articleBody\">\r\n                                        <div class=\"cvmm-post-thumb\">\r\n                        <a href=\"https:\/\/grupomontevideo.org\/site\/el-9-congreso-de-extension-universitaria-de-augm-se-realizara-en-la-universidad-de-la-republica-de-uruguay\/\" target=\"_self\" style=\"background: url( https:\/\/grupomontevideo.org\/site\/wp-content\/uploads\/2026\/03\/Patrones-de-distribucion-de-larvas-de-poliquetos-y-su-relacion-con-la-variabilidad-oceanografica-en-una-estacion-fija-en-la-bahia-de-Valparaiso-2023\u20132025-1.jpg ); background-position: center center; background-size: cover\">\r\n                        <\/a>\r\n                    <\/div>\r\n                    \r\n                    <div class=\"cvmm-post-content-all-wrapper\">\r\n                                                <h2 class=\"cvmm-post-title\">\r\n                            <a href=\"https:\/\/grupomontevideo.org\/site\/el-9-congreso-de-extension-universitaria-de-augm-se-realizara-en-la-universidad-de-la-republica-de-uruguay\/\" target=\"_self\">\r\n                                Est\u00e1 disponible la segunda circular del 9\u00b0 Congreso de Extensi\u00f3n Universitaria de AUGM                            <\/a>\r\n                        <\/h2>\r\n\r\n                        <div class=\"cvmm-post-meta cvmm-meta-icon-hide\">\r\n                                                    <\/div>\r\n                        <div class=\"cvmm-read-more\"><a href=\"https:\/\/grupomontevideo.org\/site\/el-9-congreso-de-extension-universitaria-de-augm-se-realizara-en-la-universidad-de-la-republica-de-uruguay\/\" target=\"_self\">Leer m\u00e1s<\/a><\/div>                    <\/div><!-- .cvmm-post-content-all-wrapper -->\r\n                <\/article>\r\n                        <article post-id=\"post-22146\" class=\"cvmm-post post-format--standard\" itemscope itemtype=\"http:\/\/schema.org\/articleBody\">\r\n                                        <div class=\"cvmm-post-thumb\">\r\n                        <a href=\"https:\/\/grupomontevideo.org\/site\/la-primera-reunion-de-delegados-asesores-de-2026-se-realizara-en-la-universidad-nacional-de-asuncion\/\" target=\"_self\" style=\"background: url( https:\/\/grupomontevideo.org\/site\/wp-content\/uploads\/2026\/03\/UNA.jpg ); background-position: center center; background-size: cover\">\r\n                        <\/a>\r\n                    <\/div>\r\n                    \r\n                    <div class=\"cvmm-post-content-all-wrapper\">\r\n                                                <h2 class=\"cvmm-post-title\">\r\n                            <a href=\"https:\/\/grupomontevideo.org\/site\/la-primera-reunion-de-delegados-asesores-de-2026-se-realizara-en-la-universidad-nacional-de-asuncion\/\" target=\"_self\">\r\n                                La primera Reuni\u00f3n de Delegados Asesores de 2026 se realizar\u00e1 en la Universidad Nacional de Asunci\u00f3n                            <\/a>\r\n                        <\/h2>\r\n\r\n                        <div class=\"cvmm-post-meta cvmm-meta-icon-hide\">\r\n                                                    <\/div>\r\n                        <div class=\"cvmm-read-more\"><a href=\"https:\/\/grupomontevideo.org\/site\/la-primera-reunion-de-delegados-asesores-de-2026-se-realizara-en-la-universidad-nacional-de-asuncion\/\" target=\"_self\">Leer m\u00e1s<\/a><\/div>                    <\/div><!-- .cvmm-post-content-all-wrapper -->\r\n                <\/article>\r\n                        <article post-id=\"post-22101\" class=\"cvmm-post post-format--standard\" itemscope itemtype=\"http:\/\/schema.org\/articleBody\">\r\n                                        <div class=\"cvmm-post-thumb\">\r\n                        <a href=\"https:\/\/grupomontevideo.org\/site\/22101-2\/\" target=\"_self\" style=\"background: url( https:\/\/grupomontevideo.org\/site\/wp-content\/uploads\/2026\/03\/CNPQ-AUGM.png ); background-position: center center; background-size: cover\">\r\n                        <\/a>\r\n                    <\/div>\r\n                    \r\n                    <div class=\"cvmm-post-content-all-wrapper\">\r\n                                                <h2 class=\"cvmm-post-title\">\r\n                            <a href=\"https:\/\/grupomontevideo.org\/site\/22101-2\/\" target=\"_self\">\r\n                                Se extendi\u00f3 el plazo para las postulaciones al Programa de Cooperaci\u00f3n \u00abPepe Mujica\u00bb                            <\/a>\r\n                        <\/h2>\r\n\r\n                        <div class=\"cvmm-post-meta cvmm-meta-icon-hide\">\r\n                                                    <\/div>\r\n                        <div class=\"cvmm-read-more\"><a href=\"https:\/\/grupomontevideo.org\/site\/22101-2\/\" target=\"_self\">Leer m\u00e1s<\/a><\/div>                    <\/div><!-- .cvmm-post-content-all-wrapper -->\r\n                <\/article>\r\n            <\/div><!-- .cvmm-slider-post-wrapper -->\r\n                <div class=\"cvmm-featured-post-wrapper\">\r\n                                        <article post-id=\"post-22336\" class=\"cvmm-post post-format--standard\" itemscope itemtype=\"http:\/\/schema.org\/articleBody\">\r\n                                                        <div class=\"cvmm-post-thumb\">\r\n                                <a href=\"https:\/\/grupomontevideo.org\/site\/montevideo-sera-sede-del-iii-congreso-latinoamericano-de-comunicacion-y-medios-universitarios-de-augm\/\" target=\"_self\" style=\"background: url( https:\/\/grupomontevideo.org\/site\/wp-content\/uploads\/2026\/04\/congreso-de-comunicacion.png ); background-position: center center; background-size: cover\"><\/a>\r\n                            <\/div>\r\n                            <div class=\"cvmm-post-content-all-wrapper\">\r\n                                                                 <h2 class=\"cvmm-post-title\">\r\n                                    <a href=\"https:\/\/grupomontevideo.org\/site\/montevideo-sera-sede-del-iii-congreso-latinoamericano-de-comunicacion-y-medios-universitarios-de-augm\/\" target=\"_self\">\r\n                                        Montevideo ser\u00e1 sede del III Congreso Latinoamericano de Comunicaci\u00f3n y Medios Universitarios de AUGM                                    <\/a>\r\n                                <\/h2>\r\n                                <div class=\"cvmm-post-meta cvmm-meta-icon-hide\">\r\n                                                                    <\/div>\r\n                                                            <\/div> <!-- .cvm-post-content-all-wrapper  -->\r\n                            \r\n                        <\/article>\r\n                                        <article post-id=\"post-22136\" class=\"cvmm-post post-format--standard\" itemscope itemtype=\"http:\/\/schema.org\/articleBody\">\r\n                                                        <div class=\"cvmm-post-thumb\">\r\n                                <a href=\"https:\/\/grupomontevideo.org\/site\/se-publico-un-nuevo-numero-de-la-revista-de-las-jornadas-de-jovenes-investigadores\/\" target=\"_self\" style=\"background: url( https:\/\/grupomontevideo.org\/site\/wp-content\/uploads\/2026\/03\/revista-4Mesa-de-trabajo-1eje-cs-inter-portada-01-scaled.jpg ); background-position: center center; background-size: cover\"><\/a>\r\n                            <\/div>\r\n                            <div class=\"cvmm-post-content-all-wrapper\">\r\n                                                                 <h2 class=\"cvmm-post-title\">\r\n                                    <a href=\"https:\/\/grupomontevideo.org\/site\/se-publico-un-nuevo-numero-de-la-revista-de-las-jornadas-de-jovenes-investigadores\/\" target=\"_self\">\r\n                                        Est\u00e1 disponible el volumen 6 de la Revista de las Jornadas de J\u00f3venes Investigadores                                    <\/a>\r\n                                <\/h2>\r\n                                <div class=\"cvmm-post-meta cvmm-meta-icon-hide\">\r\n                                                                    <\/div>\r\n                                                            <\/div> <!-- .cvm-post-content-all-wrapper  -->\r\n                            \r\n                        <\/article>\r\n                            <\/div><!-- .cvmm-featured-post-wrapper -->\r\n    <\/div><!-- .cvmm-slider-block-main-content-wrap -->                <\/div><!-- #wpmagazine-modules-banner-block -->\r\n        \r\n\r\n                <div id=\"wpmagazine-modules-lite-post-carousel-block-b32ab98d-d70a-4cde-80e1-a091bc1092a1\" class=\"wpmagazine-modules-lite-post-carousel-block alignwide block-b32ab98d-d70a-4cde-80e1-a091bc1092a1 cvmm-block cvmm-block-post-carousel--layout-one\">\r\n                        <div class=\"cvmm-post-wrapper cvmm-post-carousel-wrapper cvmm-post--imagemargin\"  data-dots=0 data-loop=0 data-control=1 data-auto=1 data-type=0 data-speed=2500 data-column=4>\r\n                        <article post-id=\"post-22406\" class=\"cvmm-post post-format--standard\" itemscope itemtype=\"http:\/\/schema.org\/articleBody\">\r\n                                                <div class=\"cvmm-post-thumb\">\r\n                                <a href=\"https:\/\/grupomontevideo.org\/site\/convocatoria-a-la-presentacion-de-trabajos-para-el-nuevo-boletin-mirando-al-sur-sobre-universidad-y-democracia\/\" target=\"_self\"><img decoding=\"async\" src=\"https:\/\/grupomontevideo.org\/site\/wp-content\/uploads\/2026\/04\/Convocatoria-Revista-Mirando-al-Sur-305x207.jpeg\" alt=\"Convocatoria a la presentaci\u00f3n de trabajos para el nuevo Bolet\u00edn \u00abMirando al Sur\u00bb sobre Universidad y Democracia\"\/><\/a>\r\n                                                            <\/div>\r\n                                                <h2 class=\"cvmm-post-title\">\r\n                                <a href=\"https:\/\/grupomontevideo.org\/site\/convocatoria-a-la-presentacion-de-trabajos-para-el-nuevo-boletin-mirando-al-sur-sobre-universidad-y-democracia\/\" target=\"_self\">\r\n                                    Convocatoria a la presentaci\u00f3n de trabajos para el nuevo Bolet\u00edn \u00abMirando al Sur\u00bb sobre Universidad y Democracia                                <\/a>\r\n                            <\/h2>\r\n                    \r\n                    <div class=\"cvmm-post-meta cvmm-meta-icon-show\">\r\n                                            <\/div>\r\n                    <div class=\"cvmm-post-content\" itemprop=\"description\">El Comit\u00e9 Acad\u00e9mico de Ciencias Pol\u00edticas y Sociales de la Asociaci\u00f3n de Universidades Grupo Montevideo&hellip;<\/div>                <\/article>\r\n                        <article post-id=\"post-22379\" class=\"cvmm-post post-format--standard\" itemscope itemtype=\"http:\/\/schema.org\/articleBody\">\r\n                                                <div class=\"cvmm-post-thumb\">\r\n                                <a href=\"https:\/\/grupomontevideo.org\/site\/xxi-seminario-internacional-y-xxiv-reunion-anual-del-procoas-sostenibilidad-de-la-vida-en-los-procesos-asociativos-y-cooperativos\/\" target=\"_self\"><img decoding=\"async\" src=\"https:\/\/grupomontevideo.org\/site\/wp-content\/uploads\/2026\/04\/WhatsApp-Image-2026-04-10-at-17.36.05-305x207.jpeg\" alt=\"XXI Seminario internacional y  XXIV reuni\u00f3n anual del PROCOAS: \u00abSostenibilidad de la vida en los procesos asociativos y cooperativos\u00bb\"\/><\/a>\r\n                                                            <\/div>\r\n                                                <h2 class=\"cvmm-post-title\">\r\n                                <a href=\"https:\/\/grupomontevideo.org\/site\/xxi-seminario-internacional-y-xxiv-reunion-anual-del-procoas-sostenibilidad-de-la-vida-en-los-procesos-asociativos-y-cooperativos\/\" target=\"_self\">\r\n                                    XXI Seminario internacional y  XXIV reuni\u00f3n anual del PROCOAS: \u00abSostenibilidad de la vida en los procesos asociativos y cooperativos\u00bb                                <\/a>\r\n                            <\/h2>\r\n                    \r\n                    <div class=\"cvmm-post-meta cvmm-meta-icon-show\">\r\n                                            <\/div>\r\n                    <div class=\"cvmm-post-content\" itemprop=\"description\">El Comit\u00e9 Acad\u00e9mico de Procesos Cooperativos y Asociativos (PROCOAS) de la Asociaci\u00f3n de Universidades \u2014&hellip;<\/div>                <\/article>\r\n                        <article post-id=\"post-22359\" class=\"cvmm-post post-format--standard\" itemscope itemtype=\"http:\/\/schema.org\/articleBody\">\r\n                                                <div class=\"cvmm-post-thumb\">\r\n                                <a href=\"https:\/\/grupomontevideo.org\/site\/curso-sobre-seleccion-de-materiales-para-el-diseno-ingenieril\/\" target=\"_self\"><img decoding=\"async\" src=\"https:\/\/grupomontevideo.org\/site\/wp-content\/uploads\/2026\/04\/Minicurso-1080-x-720-px-1-305x207.jpg\" alt=\"Curso sobre Selecci\u00f3n de materiales para el dise\u00f1o ingenieril\"\/><\/a>\r\n                                                            <\/div>\r\n                                                <h2 class=\"cvmm-post-title\">\r\n                                <a href=\"https:\/\/grupomontevideo.org\/site\/curso-sobre-seleccion-de-materiales-para-el-diseno-ingenieril\/\" target=\"_self\">\r\n                                    Curso sobre Selecci\u00f3n de materiales para el dise\u00f1o ingenieril                                <\/a>\r\n                            <\/h2>\r\n                    \r\n                    <div class=\"cvmm-post-meta cvmm-meta-icon-show\">\r\n                                            <\/div>\r\n                    <div class=\"cvmm-post-content\" itemprop=\"description\">El N\u00facleo disciplinario Ciencia e ingenier\u00eda de los materiales de la Asociaci\u00f3n de Universidades Grupo&hellip;<\/div>                <\/article>\r\n                        <article post-id=\"post-22351\" class=\"cvmm-post post-format--standard\" itemscope itemtype=\"http:\/\/schema.org\/articleBody\">\r\n                                                <div class=\"cvmm-post-thumb\">\r\n                                <a href=\"https:\/\/grupomontevideo.org\/site\/comunicado-de-la-asociacion-de-universidades-grupo-montevideo\/\" target=\"_self\"><img decoding=\"async\" src=\"https:\/\/grupomontevideo.org\/site\/wp-content\/uploads\/2024\/10\/Logo-cortado-portada_Mesa-de-trabajo-1-305x207.png\" alt=\"Comunicado de la asociaci\u00f3n de Universidades Grupo Montevideo\"\/><\/a>\r\n                                                            <\/div>\r\n                                                <h2 class=\"cvmm-post-title\">\r\n                                <a href=\"https:\/\/grupomontevideo.org\/site\/comunicado-de-la-asociacion-de-universidades-grupo-montevideo\/\" target=\"_self\">\r\n                                    Comunicado de la asociaci\u00f3n de Universidades Grupo Montevideo                                <\/a>\r\n                            <\/h2>\r\n                    \r\n                    <div class=\"cvmm-post-meta cvmm-meta-icon-show\">\r\n                                            <\/div>\r\n                    <div class=\"cvmm-post-content\" itemprop=\"description\">COMUNICADO DE AUGM NUEVO ENCARGADO DE LA SECRETAR\u00cdA EJECUTIVA Por este medio informamos que a&hellip;<\/div>                <\/article>\r\n                        <article post-id=\"post-22256\" class=\"cvmm-post post-format--standard\" itemscope itemtype=\"http:\/\/schema.org\/articleBody\">\r\n                                                <div class=\"cvmm-post-thumb\">\r\n                                <a href=\"https:\/\/grupomontevideo.org\/site\/la-xv-bienal-del-coloquio-sobre-transformaciones-territoriales-abre-inscripciones-y-extiende-plazo-para-trabajos-completos\/\" target=\"_self\"><img decoding=\"async\" src=\"https:\/\/grupomontevideo.org\/site\/wp-content\/uploads\/2026\/03\/Ejemplo-publicacion-305x207.png\" alt=\"La XV Bienal del Coloquio sobre Transformaciones Territoriales abre inscripciones y extiende plazo para trabajos completos\"\/><\/a>\r\n                                                            <\/div>\r\n                                                <h2 class=\"cvmm-post-title\">\r\n                                <a href=\"https:\/\/grupomontevideo.org\/site\/la-xv-bienal-del-coloquio-sobre-transformaciones-territoriales-abre-inscripciones-y-extiende-plazo-para-trabajos-completos\/\" target=\"_self\">\r\n                                    La XV Bienal del Coloquio sobre Transformaciones Territoriales abre inscripciones y extiende plazo para trabajos completos                                <\/a>\r\n                            <\/h2>\r\n                    \r\n                    <div class=\"cvmm-post-meta cvmm-meta-icon-show\">\r\n                                            <\/div>\r\n                    <div class=\"cvmm-post-content\" itemprop=\"description\">El Comit\u00e9 Acad\u00e9mico de Desarrollo Regional de la Asociaci\u00f3n de Universidades Grupo de Montevideo convoca&hellip;<\/div>                <\/article>\r\n                        <article post-id=\"post-21975\" class=\"cvmm-post post-format--standard\" itemscope itemtype=\"http:\/\/schema.org\/articleBody\">\r\n                                                <div class=\"cvmm-post-thumb\">\r\n                                <a href=\"https:\/\/grupomontevideo.org\/site\/v-workshop-virtual-del-nucleo-disciplinario-literatura-imaginarios-estetica-y-cultura\/\" target=\"_self\"><img decoding=\"async\" src=\"https:\/\/grupomontevideo.org\/site\/wp-content\/uploads\/2025\/12\/pexels-andersonguerra-1154198-305x207.jpg\" alt=\"Se desarroll\u00f3 el V Workshop virtual del N\u00facleo Disciplinario Literatura, Imaginarios, Est\u00e9tica y Cultura\"\/><\/a>\r\n                                                            <\/div>\r\n                                                <h2 class=\"cvmm-post-title\">\r\n                                <a href=\"https:\/\/grupomontevideo.org\/site\/v-workshop-virtual-del-nucleo-disciplinario-literatura-imaginarios-estetica-y-cultura\/\" target=\"_self\">\r\n                                    Se desarroll\u00f3 el V Workshop virtual del N\u00facleo Disciplinario Literatura, Imaginarios, Est\u00e9tica y Cultura                                <\/a>\r\n                            <\/h2>\r\n                    \r\n                    <div class=\"cvmm-post-meta cvmm-meta-icon-show\">\r\n                                            <\/div>\r\n                    <div class=\"cvmm-post-content\" itemprop=\"description\">El pasado 10 de abril se llev\u00f3 a cabo el V Workshop virtual: \u201cCultura, imaginarios,&hellip;<\/div>                <\/article>\r\n            <\/div>                <\/div><!-- #wpmagazine-modules-post-carousel-block -->\r\n        \r\n\r\n\r\n<div style=\"height:30px\" aria-hidden=\"true\" class=\"wp-block-spacer\"><\/div>\r\n\r\n\r\n\r\n<div class=\"wp-block-columns is-layout-flex wp-container-core-columns-is-layout-9d6595d7 wp-block-columns-is-layout-flex\">\r\n<div class=\"wp-block-column is-vertically-aligned-center is-layout-flow wp-block-column-is-layout-flow\">\r\n<figure class=\"wp-block-gallery aligncenter has-nested-images columns-default is-cropped wp-block-gallery-1 is-layout-flex wp-block-gallery-is-layout-flex\"><div class=\"wp-block-image\">\r\n<figure class=\"aligncenter size-full\"><a href=\"https:\/\/espacioenlaces.org\/\"><img decoding=\"async\" width=\"155\" height=\"206\" data-id=\"17296\" src=\"https:\/\/grupomontevideo.org\/site\/wp-content\/uploads\/2023\/04\/enlace-2.png\" alt=\"\" class=\"wp-image-17296\"\/><\/a><\/figure>\r\n<\/div><\/figure>\r\n<\/div>\r\n\r\n\r\n\r\n<div class=\"wp-block-column is-vertically-aligned-center is-layout-flow wp-block-column-is-layout-flow\"><div class=\"wp-block-image\">\r\n<figure class=\"aligncenter size-full\"><a href=\"https:\/\/grupomontevideo.org\/site\/jornada-de-jovenes-investigadores-2\/\"><img decoding=\"async\" width=\"155\" height=\"206\" src=\"https:\/\/grupomontevideo.org\/site\/wp-content\/uploads\/2023\/04\/jji.png\" alt=\"\" class=\"wp-image-17283\"\/><\/a><\/figure>\r\n<\/div><\/div>\r\n\r\n\r\n\r\n<div class=\"wp-block-column is-vertically-aligned-center is-layout-flow wp-block-column-is-layout-flow\"><div class=\"wp-block-image\">\r\n<figure class=\"aligncenter size-full\"><a href=\"https:\/\/grupomontevideo.org\/site\/observarotio\/\"><img decoding=\"async\" width=\"155\" height=\"206\" src=\"https:\/\/grupomontevideo.org\/site\/wp-content\/uploads\/2023\/04\/observatorio.png\" alt=\"\" class=\"wp-image-17285\"\/><\/a><\/figure>\r\n<\/div><\/div>\r\n\r\n\r\n\r\n<div class=\"wp-block-column is-vertically-aligned-center is-layout-flow wp-block-column-is-layout-flow\"><div class=\"wp-block-image\">\r\n<figure class=\"aligncenter size-full\"><a href=\"https:\/\/grupomontevideo.org\/site\/catedras-augm\/\"><img loading=\"lazy\" decoding=\"async\" width=\"155\" height=\"206\" src=\"https:\/\/grupomontevideo.org\/site\/wp-content\/uploads\/2023\/04\/catedras.png\" alt=\"\" class=\"wp-image-17286\"\/><\/a><\/figure>\r\n<\/div><\/div>\r\n\r\n\r\n\r\n<div class=\"wp-block-column is-vertically-aligned-center is-layout-flow wp-block-column-is-layout-flow\"><div class=\"wp-block-image\">\r\n<figure class=\"aligncenter size-full\"><a href=\"http:\/\/grupomontevideo.org\/publicaciones\/\"><img loading=\"lazy\" decoding=\"async\" width=\"155\" height=\"206\" src=\"https:\/\/grupomontevideo.org\/site\/wp-content\/uploads\/2023\/04\/publicaciones.png\" alt=\"\" class=\"wp-image-17287\"\/><\/a><\/figure>\r\n<\/div><\/div>\r\n<\/div>\r\n\r\n\r\n\r\n<div style=\"height:30px\" aria-hidden=\"true\" class=\"wp-block-spacer\"><\/div>\r\n\r\n\r\n\r\n<div id=\"\" class=\"wp-block-gosign-gosign-background-contianer gosign-color-section btn-full align-true def-verticalAlignMiddle default-padding no-margin custom-width no-min-height darkColorLayout no-top-border no-bottom-border colorSectionFe background-scroll background-repeat overlay-false defined-width\"><div class=\"outer-container background-scroll\" style=\"padding-top:20px;padding-bottom:20px;padding-left:20px;padding-right:20px;background-repeat:repeat;background-color:#e6e6e6\"><div class=\"inner-container\"><div class=\"contentBlock\" style=\"max-width:1300px\">\r\n<h2 class=\"wp-block-heading\" id=\"agenda\">AGENDA<\/h2>\r\n<script id=\"timely_script\" class=\"timely-script\" src=\"https:\/\/events.timely.fun\/embed.js\" data-src=\"https:\/\/events.timely.fun\/77tscy2n?notoolbar=1&#038;noendusertoolbar=1&#038;onlyupcomingevents=1&#038;nofilters=1\" data-max-height=\"0\" ><\/script>\r\n<\/div><\/div><\/div><\/div>\r\n\r\n\r\n\r\n<div style=\"height:30px\" aria-hidden=\"true\" class=\"wp-block-spacer\"><\/div>\r\n\r\n\r\n\r\n<h2 class=\"wp-block-heading\" id=\"noticias-universitarias-ver-mas-noticias\">NOTICIAS UNIVERSITARIAS \/ <a href=\"https:\/\/grupomontevideo.org\/site\/category\/noticias\/\">VER M\u00c1S NOTICIAS<\/a><\/h2>\r\n\r\n\r\n\r\n<div class=\"wp-block-columns are-vertically-aligned-center is-layout-flex wp-container-core-columns-is-layout-9d6595d7 wp-block-columns-is-layout-flex\">\r\n<div class=\"wp-block-column is-vertically-aligned-center is-layout-flow wp-block-column-is-layout-flow\">\r\n<div class=\"wp-block-columns is-layout-flex wp-container-core-columns-is-layout-9d6595d7 wp-block-columns-is-layout-flex\">\r\n<div class=\"wp-block-column is-layout-flow wp-block-column-is-layout-flow\" style=\"flex-basis:100%\">\r\n<div class=\"wp-block-group alignwide\"><div class=\"wp-block-group__inner-container is-layout-flow wp-block-group-is-layout-flow\">                <div id=\"wpmagazine-modules-lite-post-list-block-a804f82f-56f4-4266-b9ec-bdabf69f7592\" class=\"wpmagazine-modules-lite-post-list-block alignwide block-a804f82f-56f4-4266-b9ec-bdabf69f7592 cvmm-block cvmm-block-post-list--layout-default\">\r\n                        <div class=\"cvmm-post-wrapper cvmm-post--imagemargin column--two\">\r\n                        <article post-id=\"post-22401\" class=\"cvmm-post post-format--standard\" itemscope itemtype=\"http:\/\/schema.org\/articleBody\">\r\n                                                <div class=\"cvmm-post-thumb\">\r\n                                <a href=\"https:\/\/grupomontevideo.org\/site\/campus-norte-de-la-universidad-nacional-de-cordoba-sera-sede-de-prospecta-argentina-2026\/\" target=\"_self\"><img decoding=\"async\" src=\"https:\/\/grupomontevideo.org\/site\/wp-content\/uploads\/2026\/04\/SaveClip.App_670580892_18097473431095539_6897834042266187829_n-150x150.webp\" alt=\"Campus Norte de la Universidad Nacional de C\u00f3rdoba ser\u00e1 sede de PROSPECTA Argentina 2026\"\/><\/a>\r\n                            <\/div>\r\n                    \r\n                <div class=\"cvmm-post-content-all-wrapper\">\r\n                                                <h2 class=\"cvmm-post-title\">\r\n                                <a href=\"https:\/\/grupomontevideo.org\/site\/campus-norte-de-la-universidad-nacional-de-cordoba-sera-sede-de-prospecta-argentina-2026\/\" target=\"_self\">\r\n                                    Campus Norte de la Universidad Nacional de C\u00f3rdoba ser\u00e1 sede de PROSPECTA Argentina 2026                                <\/a>\r\n                            <\/h2>\r\n                    \r\n                    <div class=\"cvmm-post-meta cvmm-meta-icon-hide\">\r\n                                            <\/div>\r\n                    <div class=\"cvmm-post-content\" itemprop=\"description\">Los d\u00edas 1\u00b0 y 2 de octubre se realizar\u00e1 el VI Congreso Nacional de Prospectiva&hellip;<\/div>\r\n                <\/div><!-- .cvmm-post-content-all-wrapper --> \r\n            <\/article>\r\n                        <article post-id=\"post-22332\" class=\"cvmm-post post-format--standard\" itemscope itemtype=\"http:\/\/schema.org\/articleBody\">\r\n                                                <div class=\"cvmm-post-thumb\">\r\n                                <a href=\"https:\/\/grupomontevideo.org\/site\/la-universidad-nacional-de-rosario-sera-sede-del-xi-congreso-nacional-de-extension-universitaria-de-argentina\/\" target=\"_self\"><img decoding=\"async\" src=\"https:\/\/grupomontevideo.org\/site\/wp-content\/uploads\/2026\/04\/WhatsApp-Image-2026-04-09-at-13.57.29-150x150.jpeg\" alt=\"La Universidad Nacional de Rosario ser\u00e1 sede del XI Congreso Nacional de Extensi\u00f3n Universitaria de Argentina\"\/><\/a>\r\n                            <\/div>\r\n                    \r\n                <div class=\"cvmm-post-content-all-wrapper\">\r\n                                                <h2 class=\"cvmm-post-title\">\r\n                                <a href=\"https:\/\/grupomontevideo.org\/site\/la-universidad-nacional-de-rosario-sera-sede-del-xi-congreso-nacional-de-extension-universitaria-de-argentina\/\" target=\"_self\">\r\n                                    La Universidad Nacional de Rosario ser\u00e1 sede del XI Congreso Nacional de Extensi\u00f3n Universitaria de Argentina                                <\/a>\r\n                            <\/h2>\r\n                    \r\n                    <div class=\"cvmm-post-meta cvmm-meta-icon-hide\">\r\n                                            <\/div>\r\n                    <div class=\"cvmm-post-content\" itemprop=\"description\">Del 10 al 12 de junio de 2026 se realizar\u00e1 en la Universidad Nacional de&hellip;<\/div>\r\n                <\/div><!-- .cvmm-post-content-all-wrapper --> \r\n            <\/article>\r\n                        <article post-id=\"post-22296\" class=\"cvmm-post post-format--standard\" itemscope itemtype=\"http:\/\/schema.org\/articleBody\">\r\n                                                <div class=\"cvmm-post-thumb\">\r\n                                <a href=\"https:\/\/grupomontevideo.org\/site\/abren-inscripciones-para-el-curso-liderazgo-y-gobernanza-universitaria-sostenible-camino-hacia-la-agenda-2030\/\" target=\"_self\"><img decoding=\"async\" src=\"https:\/\/grupomontevideo.org\/site\/wp-content\/uploads\/2026\/04\/curso_IESALC-150x150.png\" alt=\"Abren inscripciones para el curso \u201cLiderazgo y gobernanza universitaria sostenible: camino hacia la Agenda 2030\u201d\"\/><\/a>\r\n                            <\/div>\r\n                    \r\n                <div class=\"cvmm-post-content-all-wrapper\">\r\n                                                <h2 class=\"cvmm-post-title\">\r\n                                <a href=\"https:\/\/grupomontevideo.org\/site\/abren-inscripciones-para-el-curso-liderazgo-y-gobernanza-universitaria-sostenible-camino-hacia-la-agenda-2030\/\" target=\"_self\">\r\n                                    Abren inscripciones para el curso \u201cLiderazgo y gobernanza universitaria sostenible: camino hacia la Agenda 2030\u201d                                <\/a>\r\n                            <\/h2>\r\n                    \r\n                    <div class=\"cvmm-post-meta cvmm-meta-icon-hide\">\r\n                                            <\/div>\r\n                    <div class=\"cvmm-post-content\" itemprop=\"description\">Se encuentran abiertas las inscripciones para el curso internacional \u201cLiderazgo y gobernanza universitaria sostenible: camino&hellip;<\/div>\r\n                <\/div><!-- .cvmm-post-content-all-wrapper --> \r\n            <\/article>\r\n                        <article post-id=\"post-22286\" class=\"cvmm-post post-format--standard\" itemscope itemtype=\"http:\/\/schema.org\/articleBody\">\r\n                                                <div class=\"cvmm-post-thumb\">\r\n                                <a href=\"https:\/\/grupomontevideo.org\/site\/se-realizara-el-iii-congreso-multidisciplinario-de-investigacion-e-innovacion-en-la-universidad-nacional-de-itapua-con-el-auspicio-de-augm\/\" target=\"_self\"><img decoding=\"async\" src=\"https:\/\/grupomontevideo.org\/site\/wp-content\/uploads\/2026\/04\/SaveClip.App_655111555_18309720169272257_5022579244199176063_n-150x150.jpg\" alt=\"Se realizar\u00e1 el III Congreso Multidisciplinario de Investigaci\u00f3n e Innovaci\u00f3n en la Universidad Nacional de Itap\u00faa con el auspicio de AUGM\"\/><\/a>\r\n                            <\/div>\r\n                    \r\n                <div class=\"cvmm-post-content-all-wrapper\">\r\n                                                <h2 class=\"cvmm-post-title\">\r\n                                <a href=\"https:\/\/grupomontevideo.org\/site\/se-realizara-el-iii-congreso-multidisciplinario-de-investigacion-e-innovacion-en-la-universidad-nacional-de-itapua-con-el-auspicio-de-augm\/\" target=\"_self\">\r\n                                    Se realizar\u00e1 el III Congreso Multidisciplinario de Investigaci\u00f3n e Innovaci\u00f3n en la Universidad Nacional de Itap\u00faa con el auspicio de AUGM                                <\/a>\r\n                            <\/h2>\r\n                    \r\n                    <div class=\"cvmm-post-meta cvmm-meta-icon-hide\">\r\n                                            <\/div>\r\n                    <div class=\"cvmm-post-content\" itemprop=\"description\">La Universidad Nacional de Itap\u00faa (UNI) abri\u00f3 la convocatoria al III Congreso Multidisciplinario de Investigaci\u00f3n&hellip;<\/div>\r\n                <\/div><!-- .cvmm-post-content-all-wrapper --> \r\n            <\/article>\r\n                        <article post-id=\"post-22225\" class=\"cvmm-post post-format--standard\" itemscope itemtype=\"http:\/\/schema.org\/articleBody\">\r\n                                                <div class=\"cvmm-post-thumb\">\r\n                                <a href=\"https:\/\/grupomontevideo.org\/site\/a-50-anos-del-golpe-de-estado-en-argentina-nunca-mas-terrorismo-de-estado\/\" target=\"_self\"><img decoding=\"async\" src=\"https:\/\/grupomontevideo.org\/site\/wp-content\/uploads\/2026\/03\/COMUNICADO-DE-LA-CATEDRA-DE-DERECHOS-HUMANOS-DE-AUGM-1920-x-1080-px-150x150.png\" alt=\"A 50 a\u00f1os del Golpe de Estado en Argentina: Memoria, verdad y justicia\"\/><\/a>\r\n                            <\/div>\r\n                    \r\n                <div class=\"cvmm-post-content-all-wrapper\">\r\n                                                <h2 class=\"cvmm-post-title\">\r\n                                <a href=\"https:\/\/grupomontevideo.org\/site\/a-50-anos-del-golpe-de-estado-en-argentina-nunca-mas-terrorismo-de-estado\/\" target=\"_self\">\r\n                                    A 50 a\u00f1os del Golpe de Estado en Argentina: Memoria, verdad y justicia                                <\/a>\r\n                            <\/h2>\r\n                    \r\n                    <div class=\"cvmm-post-meta cvmm-meta-icon-hide\">\r\n                                            <\/div>\r\n                    <div class=\"cvmm-post-content\" itemprop=\"description\">Se cumplen cincuenta a\u00f1os del \u00faltimo golpe de Estado que instal\u00f3 una dictadura c\u00edvico-militar en&hellip;<\/div>\r\n                <\/div><!-- .cvmm-post-content-all-wrapper --> \r\n            <\/article>\r\n                        <article post-id=\"post-22220\" class=\"cvmm-post post-format--standard\" itemscope itemtype=\"http:\/\/schema.org\/articleBody\">\r\n                                                <div class=\"cvmm-post-thumb\">\r\n                                <a href=\"https:\/\/grupomontevideo.org\/site\/jornadas-veterinarias-2026\/\" target=\"_self\"><img decoding=\"async\" src=\"https:\/\/grupomontevideo.org\/site\/wp-content\/uploads\/2026\/03\/SaveClip.App_655450301_18431494078190176_2345477337725987816_n-150x150.webp\" alt=\"Las VII Jornadas de Ense\u00f1anza y Aprendizaje de las Ciencias Veterinarias se realizar\u00e1n en la Universidad Nacional del Litoral.\"\/><\/a>\r\n                            <\/div>\r\n                    \r\n                <div class=\"cvmm-post-content-all-wrapper\">\r\n                                                <h2 class=\"cvmm-post-title\">\r\n                                <a href=\"https:\/\/grupomontevideo.org\/site\/jornadas-veterinarias-2026\/\" target=\"_self\">\r\n                                    Las VII Jornadas de Ense\u00f1anza y Aprendizaje de las Ciencias Veterinarias se realizar\u00e1n en la Universidad Nacional del Litoral.                                <\/a>\r\n                            <\/h2>\r\n                    \r\n                    <div class=\"cvmm-post-meta cvmm-meta-icon-hide\">\r\n                                            <\/div>\r\n                    <div class=\"cvmm-post-content\" itemprop=\"description\">Bajo el lema \u201cAprender para avanzar, especializarse para liderar. Retos y desaf\u00edos actuales en la&hellip;<\/div>\r\n                <\/div><!-- .cvmm-post-content-all-wrapper --> \r\n            <\/article>\r\n            <\/div>                <\/div><!-- #wpmagazine-modules-post-list-block -->\r\n        <\/div><\/div>\r\n<\/div>\r\n<\/div>\r\n<\/div>\r\n<\/div>\r\n\r\n\r\n\r\n<div class=\"wp-block-columns is-layout-flex wp-container-core-columns-is-layout-9d6595d7 wp-block-columns-is-layout-flex\">\r\n<div class=\"wp-block-column is-layout-flow wp-block-column-is-layout-flow\" style=\"flex-basis:100%\">\r\n<div class=\"wp-block-columns is-layout-flex wp-container-core-columns-is-layout-9d6595d7 wp-block-columns-is-layout-flex\"><\/div>\r\n\r\n\r\n\r\n<div class=\"wp-block-group alignfull\"><div class=\"wp-block-group__inner-container is-layout-flow wp-block-group-is-layout-flow\">\r\n<div id=\"\" class=\"wp-block-gosign-gosign-background-contianer gosign-color-section btn-full align-false default-padding no-margin custom-width no-min-height lightColorLayout no-top-border no-bottom-border colorSectionFe background-scroll background-repeat overlay-false defined-width\"><div class=\"outer-container background-scroll\" style=\"background-repeat:repeat;background-color:#0069b4\"><div class=\"inner-container\"><div class=\"contentBlock\" style=\"max-width:1200px\">\r\n\r\n<div class=\"wp-block-columns is-layout-flex wp-container-core-columns-is-layout-9d6595d7 wp-block-columns-is-layout-flex\">\r\n\r\n<div class=\"wp-block-column is-layout-flow wp-block-column-is-layout-flow\">\r\n<div class=\"wp-block-image\">\r\n<figure class=\"aligncenter size-full\"><a href=\"http:\/\/grupomontevideo.org\/ndca\/redreu\/\"><img loading=\"lazy\" decoding=\"async\" width=\"323\" height=\"323\" src=\"https:\/\/grupomontevideo.org\/site\/wp-content\/uploads\/2022\/11\/revista_Mesa-de-trabajo-1.png\" alt=\"\" class=\"wp-image-16862\" srcset=\"https:\/\/grupomontevideo.org\/site\/wp-content\/uploads\/2022\/11\/revista_Mesa-de-trabajo-1.png 323w, https:\/\/grupomontevideo.org\/site\/wp-content\/uploads\/2022\/11\/revista_Mesa-de-trabajo-1-300x300.png 300w, https:\/\/grupomontevideo.org\/site\/wp-content\/uploads\/2022\/11\/revista_Mesa-de-trabajo-1-150x150.png 150w\" sizes=\"(max-width: 323px) 100vw, 323px\" \/><\/a><\/figure>\r\n<\/div>\r\n<\/div>\r\n\r\n\r\n<div class=\"wp-block-column is-layout-flow wp-block-column-is-layout-flow\">\r\n<div class=\"wp-block-image\">\r\n<figure class=\"aligncenter size-full\"><a href=\"http:\/\/grupomontevideo.org\/espo\/\"><img loading=\"lazy\" decoding=\"async\" width=\"323\" height=\"323\" src=\"https:\/\/grupomontevideo.org\/site\/wp-content\/uploads\/2023\/04\/espo_.png\" alt=\"\" class=\"wp-image-17305\" srcset=\"https:\/\/grupomontevideo.org\/site\/wp-content\/uploads\/2023\/04\/espo_.png 323w, https:\/\/grupomontevideo.org\/site\/wp-content\/uploads\/2023\/04\/espo_-300x300.png 300w, https:\/\/grupomontevideo.org\/site\/wp-content\/uploads\/2023\/04\/espo_-150x150.png 150w\" sizes=\"(max-width: 323px) 100vw, 323px\" \/><\/a><\/figure>\r\n<\/div>\r\n<\/div>\r\n\r\n\r\n<div class=\"wp-block-column is-layout-flow wp-block-column-is-layout-flow\">\r\n<div class=\"wp-block-image\">\r\n<figure class=\"aligncenter size-full\"><a href=\"https:\/\/grupomontevideo.org\/emprendedurismo\/\"><img loading=\"lazy\" decoding=\"async\" width=\"323\" height=\"323\" src=\"https:\/\/grupomontevideo.org\/site\/wp-content\/uploads\/2022\/11\/emprendedurismo_.png\" alt=\"\" class=\"wp-image-16877\" srcset=\"https:\/\/grupomontevideo.org\/site\/wp-content\/uploads\/2022\/11\/emprendedurismo_.png 323w, https:\/\/grupomontevideo.org\/site\/wp-content\/uploads\/2022\/11\/emprendedurismo_-300x300.png 300w, https:\/\/grupomontevideo.org\/site\/wp-content\/uploads\/2022\/11\/emprendedurismo_-150x150.png 150w\" sizes=\"(max-width: 323px) 100vw, 323px\" \/><\/a><\/figure>\r\n<\/div>\r\n<\/div>\r\n\r\n<\/div>\r\n\r\n<\/div><\/div><\/div><\/div>\r\n<\/div><\/div>\r\n<\/div>\r\n<\/div>\r\n\r\n\r\n\r\n<div class=\"wp-block-cover alignfull is-light has-parallax\" style=\"min-height:100vh;aspect-ratio:unset;\"><div class=\"wp-block-cover__image-background wp-image-11048 has-parallax\" style=\"background-position:50% 50%;background-image:url(https:\/\/grupomontevideo.org\/site\/wp-content\/uploads\/2021\/07\/Concurso-Logo.png)\"><\/div><span aria-hidden=\"true\" class=\"wp-block-cover__background has-background-dim-40 has-background-dim\" style=\"background-color:#cccccc\"><\/span><div class=\"wp-block-cover__inner-container is-layout-flow wp-block-cover-is-layout-flow\">\r\n<h2 class=\"wp-block-heading has-text-align-left alignwide has-white-color has-text-color\" style=\"font-size:48px;line-height:1.2\"><strong><em>Jornadas de J\u00f3venes Investigadores<\/em><\/strong><\/h2>\r\n\r\n\r\n\r\n<div class=\"wp-block-columns alignwide is-layout-flex wp-container-core-columns-is-layout-9d6595d7 wp-block-columns-is-layout-flex\">\r\n<div class=\"wp-block-column is-layout-flow wp-block-column-is-layout-flow\" style=\"flex-basis:60%\">\r\n\r\n<p>Las Jornadas de J\u00f3venes Investigadores son el espacio anual que re\u00fane a cientos de j\u00f3venes investigadores de las 51 universidades miembro de la AUGM con el objetivo de formar profesionales id\u00f3neos y ciudadanos comprometidos con la realidad actual de nuestro continente Latinoamericano..<\/p>\r\n\r\n<p>Creadas en 1993, las Jornadas est\u00e1n orientadas a promover el temprano relacionamiento entre j\u00f3venes cient\u00edficos de los pa\u00edses de la regi\u00f3n y a impulsar su integraci\u00f3n en los trabajos que crean. Se desarrollan redes interpersonales y de car\u00e1cter cient\u00edfico-acad\u00e9micas, cuyo entramado luego posibilita y fundamenta la constituci\u00f3n de grupos regionales de investigaci\u00f3n cient\u00edfica.<\/p>\r\n\r\n<p>Este a\u00f1o la Universidad Nacional de Tucum\u00e1n, Argentina, ser\u00e1 sede de las 32\u00b0 edici\u00f3n de las Jornadas que se organizan bajo la consigna \u201cLa educaci\u00f3n y la ciencia transforman realidades\u201d. Las actividades se desarrollar\u00e1n en forma presencial los d\u00edas 5, 6 y 7 de noviembre en la San Miguel de Tucum\u00e1n.<\/p>\r\n\r\n\r\n\r\n\r\n\r\n\r\n<div class=\"wp-block-buttons is-layout-flex wp-block-buttons-is-layout-flex\">\r\n<div class=\"wp-block-button is-style-outline is-style-outline--2\"><a class=\"wp-block-button__link has-text-color has-background wp-element-button\" href=\"https:\/\/32jji.unt.edu.ar\/\" style=\"color:#ffffff;background-color:#000000\">Visitar<\/a><\/div>\r\n<\/div>\r\n<\/div>\r\n<\/div>\r\n<\/div><\/div>\r\n\r\n\r\n\r\n<div class=\"wp-block-columns is-layout-flex wp-container-core-columns-is-layout-9d6595d7 wp-block-columns-is-layout-flex\">\r\n<div class=\"wp-block-column is-layout-flow wp-block-column-is-layout-flow\" style=\"flex-basis:100%\">\r\n<div class=\"wp-block-group alignwide\"><div class=\"wp-block-group__inner-container is-layout-constrained wp-block-group-is-layout-constrained\"><\/div><\/div>\r\n<\/div>\r\n<\/div>\r\n","protected":false},"excerpt":{"rendered":"<p>AGENDA NOTICIAS UNIVERSITARIAS \/ VER M\u00c1S NOTICIAS<\/p>\n","protected":false},"author":4,"featured_media":0,"parent":0,"menu_order":0,"comment_status":"closed","ping_status":"closed","template":"","meta":{"footnotes":""},"class_list":["post-709","page","type-page","status-publish","hentry"],"wpmagazine_modules_lite_featured_media_urls":{"thumbnail":"","cvmm-medium":"","cvmm-medium-plus":"","cvmm-portrait":"","cvmm-medium-square":"","cvmm-large":"","cvmm-small":"","full":""},"categories_names":null,"comments_number":"0","_links":{"self":[{"href":"https:\/\/grupomontevideo.org\/site\/wp-json\/wp\/v2\/pages\/709","targetHints":{"allow":["GET"]}}],"collection":[{"href":"https:\/\/grupomontevideo.org\/site\/wp-json\/wp\/v2\/pages"}],"about":[{"href":"https:\/\/grupomontevideo.org\/site\/wp-json\/wp\/v2\/types\/page"}],"author":[{"embeddable":true,"href":"https:\/\/grupomontevideo.org\/site\/wp-json\/wp\/v2\/users\/4"}],"replies":[{"embeddable":true,"href":"https:\/\/grupomontevideo.org\/site\/wp-json\/wp\/v2\/comments?post=709"}],"version-history":[{"count":155,"href":"https:\/\/grupomontevideo.org\/site\/wp-json\/wp\/v2\/pages\/709\/revisions"}],"predecessor-version":[{"id":22399,"href":"https:\/\/grupomontevideo.org\/site\/wp-json\/wp\/v2\/pages\/709\/revisions\/22399"}],"wp:attachment":[{"href":"https:\/\/grupomontevideo.org\/site\/wp-json\/wp\/v2\/media?parent=709"}],"curies":[{"name":"wp","href":"https:\/\/api.w.org\/{rel}","templated":true}]}}