{"id":6796,"date":"2020-11-09T14:07:05","date_gmt":"2020-11-09T14:07:05","guid":{"rendered":"http:\/\/grupomontevideo.org\/reuniones\/?page_id=6796"},"modified":"2024-01-26T10:42:01","modified_gmt":"2024-01-26T10:42:01","slug":"comision-de-seguimiento-de-los-agrupamientos-academicos-9-de-noviembre-2020","status":"publish","type":"page","link":"https:\/\/grupomontevideo.org\/reuniones\/?page_id=6796","title":{"rendered":"Comisi\u00f3n de Seguimiento de los Agrupamientos Acad\u00e9micos 9 de Noviembre 2020"},"content":{"rendered":"<p style=\"text-align: center;\"><strong><span style=\"color: #000000;\">COMISI\u00d3N DE SEGUIMIENTO DE LOS AGRUPAMIENTOS ACAD\u00c9MICOS<\/span><\/strong><br \/>\n<span style=\"color: #000000;\">9 de Noviembre de 2020 <\/span><br \/>\n<span style=\"color: #000000;\">Hora 16.00 (Argentina, Brasil, Chile, Paraguay y Uruguay) \u2013 Hora 15.00 (Bolivia)<\/span><br \/>\n<span style=\"color: #000080;\">VIRTUAL POR PLATAFORMA ZOOM<\/span><\/p>\n<p style=\"text-align: center;\"><strong><span style=\"color: #000000;\"><br \/>\nTEMARIO<\/span><\/strong><\/p>\n<p><span style=\"color: #000080;\"><strong>&#8211; Implementaci\u00f3n del Plan Estrat\u00e9gico. Revisi\u00f3n de las Metas e indicadores del Eje I: Integraci\u00f3n Acad\u00e9mica Regional.<br \/>\n<\/strong><\/span><em><span style=\"color: #000000;\">Se informa en sala. Se proyecta documento con aproximaci\u00f3n al trabajo a realizar.<br \/>\n<\/span><\/em><span style=\"color: #993300;\">A CONSIDERAR: Aportes a la implementaci\u00f3n del PE y proyecci\u00f3n de abordaje de la tarea.<\/span><\/p>\n<p><span style=\"color: #000080;\"><strong><br \/>\n&#8211; Continuaci\u00f3n del trabajo de revisi\u00f3n de actas y construcci\u00f3n de informe para GDA.<br \/>\n<\/strong><\/span><em><span style=\"color: #000000;\">Se adjunta propuesta de estructura de informe, documento <a href=\"https:\/\/grupomontevideo.org\/reuniones\/wp-content\/uploads\/2020\/11\/RECOMENDACIONES.docx\" target=\"_blank\" rel=\"noopener noreferrer\">\u201cRecomendaciones\u201d<\/a> de autor\u00eda del DA Prof. F\u00e9lix Nieto.<br \/>\n<\/span><\/em><em><span style=\"color: #000000;\">Se adjunta <a href=\"https:\/\/grupomontevideo.org\/reuniones\/wp-content\/uploads\/2020\/11\/cuadro-octubre-ca-y-nd.docx\" target=\"_blank\" rel=\"noopener noreferrer\">cuadro sint\u00e9tico<\/a> de informaci\u00f3n de participaci\u00f3n de las UM en los CA y ND.<br \/>\n<\/span><\/em><span style=\"color: #993300;\">A CONSIDERAR: Estructura y tenor del informe al GDA. <a href=\"https:\/\/Superclonerolex.io\" target=\"_blank\" rel=\"noopener\">replica rolex<\/a><\/span><\/p>\n<p><span style=\"color: #000080;\"><strong><br \/>\n&#8211; Webinarios de aportes a la comprensi\u00f3n del Plan Estrat\u00e9gico y su implementaci\u00f3n.<br \/>\n<\/strong><\/span><em><span style=\"color: #000000;\">Se informar\u00e1 en Sala.<br \/>\n<\/span><\/em><span style=\"color: #993300;\">A CONSIDERAR: Ejecuci\u00f3n de los webinarios comprometidos.<\/span><\/p>\n<p><span style=\"color: #000080;\"><strong><br \/>\n&#8211; Evaluaci\u00f3n del programa Escuelas de Verano e Invierno.<\/strong><\/span><\/p>\n<p><em><span style=\"color: #000000;\">ACUERDO 26 \u2013 DA UNICAMP \u2013 OCTUBRE DE 2019<\/span><\/em><\/p>\n<p style=\"padding-left: 40px;\"><em><span style=\"color: #000000;\">a. Dada la trayectoria de implementaci\u00f3n del Programa Escuelas de Verano &#8211; Invierno (EVI) y la acumulaci\u00f3n de informes sobre su realizaci\u00f3n en el lapso en que se vienen implementando, se entiende oportuno realizar una evaluaci\u00f3n de dicho Programa <\/span><\/em><br \/>\n<em><span style=\"color: #000000;\">b. Incorporar al trabajo de la Comisi\u00f3n de Seguimiento de los \u00c1mbitos Acad\u00e9micos la correspondiente evaluaci\u00f3n, y el informe concomitante a este Plenario.<\/span><\/em><\/p>\n<p><span style=\"color: #993300;\">CONSIDERAR: Planeamiento del abordaje de esta tarea.<\/span><\/p>\n<p>&nbsp;<\/p>\n","protected":false},"excerpt":{"rendered":"<p>COMISI\u00d3N DE SEGUIMIENTO DE LOS AGRUPAMIENTOS ACAD\u00c9MICOS 9 de Noviembre de 2020 Hora 16.00 (Argentina, Brasil, Chile, Paraguay y Uruguay) \u2013 Hora 15.00 (Bolivia) VIRTUAL POR PLATAFORMA ZOOM TEMARIO &#8211; Implementaci\u00f3n del Plan Estrat\u00e9gico. Revisi\u00f3n de las Metas e indicadores del Eje I: Integraci\u00f3n Acad\u00e9mica Regional. Se informa en sala. Se proyecta documento con aproximaci\u00f3n [&hellip;]<\/p>\n","protected":false},"author":1,"featured_media":0,"parent":6415,"menu_order":0,"comment_status":"closed","ping_status":"closed","template":"","meta":{"_crdt_document":"","_uag_custom_page_level_css":"","footnotes":""},"class_list":["post-6796","page","type-page","status-publish","hentry"],"uagb_featured_image_src":{"full":false,"thumbnail":false,"medium":false,"medium_large":false,"large":false,"1536x1536":false,"2048x2048":false},"uagb_author_info":{"display_name":"admin","author_link":"https:\/\/grupomontevideo.org\/reuniones\/?author=1"},"uagb_comment_info":0,"uagb_excerpt":"COMISI\u00d3N DE SEGUIMIENTO DE LOS AGRUPAMIENTOS ACAD\u00c9MICOS 9 de Noviembre de 2020 Hora 16.00 (Argentina, Brasil, Chile, Paraguay y Uruguay) \u2013 Hora 15.00 (Bolivia) VIRTUAL POR PLATAFORMA ZOOM TEMARIO &#8211; Implementaci\u00f3n del Plan Estrat\u00e9gico. Revisi\u00f3n de las Metas e indicadores del Eje I: Integraci\u00f3n Acad\u00e9mica Regional. Se informa en sala. Se proyecta documento con aproximaci\u00f3n&hellip;","_links":{"self":[{"href":"https:\/\/grupomontevideo.org\/reuniones\/index.php?rest_route=\/wp\/v2\/pages\/6796","targetHints":{"allow":["GET"]}}],"collection":[{"href":"https:\/\/grupomontevideo.org\/reuniones\/index.php?rest_route=\/wp\/v2\/pages"}],"about":[{"href":"https:\/\/grupomontevideo.org\/reuniones\/index.php?rest_route=\/wp\/v2\/types\/page"}],"author":[{"embeddable":true,"href":"https:\/\/grupomontevideo.org\/reuniones\/index.php?rest_route=\/wp\/v2\/users\/1"}],"replies":[{"embeddable":true,"href":"https:\/\/grupomontevideo.org\/reuniones\/index.php?rest_route=%2Fwp%2Fv2%2Fcomments&post=6796"}],"version-history":[{"count":7,"href":"https:\/\/grupomontevideo.org\/reuniones\/index.php?rest_route=\/wp\/v2\/pages\/6796\/revisions"}],"predecessor-version":[{"id":10232,"href":"https:\/\/grupomontevideo.org\/reuniones\/index.php?rest_route=\/wp\/v2\/pages\/6796\/revisions\/10232"}],"up":[{"embeddable":true,"href":"https:\/\/grupomontevideo.org\/reuniones\/index.php?rest_route=\/wp\/v2\/pages\/6415"}],"wp:attachment":[{"href":"https:\/\/grupomontevideo.org\/reuniones\/index.php?rest_route=%2Fwp%2Fv2%2Fmedia&parent=6796"}],"curies":[{"name":"wp","href":"https:\/\/api.w.org\/{rel}","templated":true}]}}