{"id":6420,"date":"2020-07-15T16:05:23","date_gmt":"2020-07-15T16:05:23","guid":{"rendered":"http:\/\/grupomontevideo.org\/reuniones\/?page_id=6420"},"modified":"2020-11-09T14:10:29","modified_gmt":"2020-11-09T14:10:29","slug":"od-comision-de-seguimiento-de-los-agrupamientos-academicos","status":"publish","type":"page","link":"https:\/\/grupomontevideo.org\/reuniones\/?page_id=6420","title":{"rendered":"Comisi\u00f3n de Seguimiento de los Agrupamientos Acad\u00e9micos 22 de Julio de 2020"},"content":{"rendered":"<p style=\"text-align: center;\"><strong><span style=\"color: #000000;\">COMISI\u00d3N DE SEGUIMIENTO DE LOS AGRUPAMIENTOS ACAD\u00c9MICOS<\/span><\/strong><br \/>\n<span style=\"color: #000000;\">MI\u00c9RCOLES 22 de JULIO de 2020 <\/span><br \/>\n<span style=\"color: #000000;\">Hora 16.00 (Argentina, Brasil y Uruguay) \u2013 Hora 15.00 (Bolivia, Chile y Paraguay)<\/span><br \/>\n<span style=\"color: #000080;\">VIRTUAL POR PLATAFORMA ZOOM \/\/ SE ENVIAR\u00c1 LINK OPORTUNAMENTE<\/span><\/p>\n<p style=\"text-align: center;\"><strong><span style=\"color: #000000;\"><br \/>\nOrden del D\u00eda propuesto para la reuni\u00f3n<\/span><\/strong><\/p>\n<p><strong><span style=\"color: #000000;\"><br \/>\n1. Apertura y acuerdos de funcionamiento de la Comisi\u00f3n. Informe sobre Actas de las Sesiones anteriores.<\/span><\/strong><\/p>\n<p><strong><span style=\"color: #000000;\">2. Acuerdo n\u00famero 5 de la reuni\u00f3n virtual de DA de 18.06.20<\/span><\/strong><\/p>\n<p style=\"padding-left: 40px;\"><span style=\"color: #000000;\"><strong>5. a.<\/strong> Remitir a la Comisi\u00f3n de Seguimiento de los Agrupamientos Acad\u00e9micos las Actas de las reuniones de los CA y ND durante el per\u00edodo octubre de 2019 \u2013 mayo 2020, a los efectos de analizar y producir informe para el plenario del GDA. Dichas actas se encuentran en el link:<\/span><br \/>\n<a href=\"https:\/\/drive.google.com\/drive\/folders\/1ktwYqO6OulFMhCbkHiEj64X7sQsKPyPe?usp=sharing\" target=\"_blank\" rel=\"noopener noreferrer\"><span style=\"color: #000000;\">https:\/\/drive.google.com\/drive\/folders\/1ktwYqO6OulFMhCbkHiEj64X7sQsKPyPe?usp=sharing<\/span><\/a><br \/>\n<span style=\"color: #000000;\"><strong>\u00a0 \u00a0 b.<\/strong> Solicitar a la Comisi\u00f3n de Seguimiento de los Agrupamientos Acad\u00e9micos incorpore, en los an\u00e1lisis que realice, la observaci\u00f3n de la presencia de los ODS de la Agenda 2030 en las tem\u00e1ticas abordadas por los CA y ND. Adicionalmente se estimular\u00e1 el uso de TIC para las actividades de intercambio de los CA y ND.<\/span><\/p>\n<p style=\"padding-left: 40px;\"><span style=\"color: #000000;\"><u>Notas<\/u>:<br \/>\n<\/span><span style=\"color: #000000;\">a) Se informar\u00e1 en Sala. <\/span><br \/>\n<span style=\"color: #000000;\">b) Se remite pdf conteniendo las Actas de los Agrupamientos Acad\u00e9micos (<a href=\"https:\/\/grupomontevideo.org\/reuniones\/wp-content\/uploads\/2020\/07\/DIST-2.pdf\" target=\"_blank\" rel=\"noopener noreferrer\">Distribuido 2<\/a>) <\/span><br \/>\n<span style=\"color: #000000;\">c) Se solicita a los Miembros de la Comisi\u00f3n una lectura de las Actas distribuidas y la selecci\u00f3n de asuntos que deben destacarse para comenzar el an\u00e1lisis solicitado.<\/span><\/p>\n<p><strong><span style=\"color: #000000;\">3. Implementaci\u00f3n del Plan Estrat\u00e9gico<\/span><\/strong><\/p>\n<p><span style=\"color: #000000;\"><u>Notas<\/u>:<br \/>\na) Se informar\u00e1 en Sala <\/span><br \/>\n<span style=\"color: #000000;\">b) Se remite Matriz de Ejes, Objetivos, Metas e Indicadores (<a href=\"https:\/\/grupomontevideo.org\/reuniones\/wp-content\/uploads\/2020\/07\/distribuido-3.xlsx\" target=\"_blank\" rel=\"noopener noreferrer\">Distribuido 3<\/a>)<\/span><\/p>\n<p><strong><span style=\"color: #000000;\">4. Propuesta de reuni\u00f3n de la Comisi\u00f3n de Seguimiento de Agrupamientos Acad\u00e9micos con Coordinadores de Comit\u00e9s Acad\u00e9micos y N\u00facleos Disciplinarios.<\/span><\/strong><\/p>\n<p><strong><span style=\"color: #000000;\">5. Planteamientos de los integrantes de la Comisi\u00f3n, si los hubiera.<\/span><\/strong><\/p>\n<p><strong><span style=\"color: #000000;\">6. Fijar pr\u00f3xima reuni\u00f3n y cierre.<\/span><\/strong><\/p>\n<p>&nbsp;<\/p>\n","protected":false},"excerpt":{"rendered":"<p>COMISI\u00d3N DE SEGUIMIENTO DE LOS AGRUPAMIENTOS ACAD\u00c9MICOS MI\u00c9RCOLES 22 de JULIO de 2020 Hora 16.00 (Argentina, Brasil y Uruguay) \u2013 Hora 15.00 (Bolivia, Chile y Paraguay) VIRTUAL POR PLATAFORMA ZOOM \/\/ SE ENVIAR\u00c1 LINK OPORTUNAMENTE Orden del D\u00eda propuesto para la reuni\u00f3n 1. Apertura y acuerdos de funcionamiento de la Comisi\u00f3n. Informe sobre Actas de [&hellip;]<\/p>\n","protected":false},"author":1,"featured_media":0,"parent":6415,"menu_order":0,"comment_status":"closed","ping_status":"closed","template":"","meta":{"_crdt_document":"","_uag_custom_page_level_css":"","footnotes":""},"class_list":["post-6420","page","type-page","status-publish","hentry"],"uagb_featured_image_src":{"full":false,"thumbnail":false,"medium":false,"medium_large":false,"large":false,"1536x1536":false,"2048x2048":false},"uagb_author_info":{"display_name":"admin","author_link":"https:\/\/grupomontevideo.org\/reuniones\/?author=1"},"uagb_comment_info":0,"uagb_excerpt":"COMISI\u00d3N DE SEGUIMIENTO DE LOS AGRUPAMIENTOS ACAD\u00c9MICOS MI\u00c9RCOLES 22 de JULIO de 2020 Hora 16.00 (Argentina, Brasil y Uruguay) \u2013 Hora 15.00 (Bolivia, Chile y Paraguay) VIRTUAL POR PLATAFORMA ZOOM \/\/ SE ENVIAR\u00c1 LINK OPORTUNAMENTE Orden del D\u00eda propuesto para la reuni\u00f3n 1. Apertura y acuerdos de funcionamiento de la Comisi\u00f3n. Informe sobre Actas de&hellip;","_links":{"self":[{"href":"https:\/\/grupomontevideo.org\/reuniones\/index.php?rest_route=\/wp\/v2\/pages\/6420","targetHints":{"allow":["GET"]}}],"collection":[{"href":"https:\/\/grupomontevideo.org\/reuniones\/index.php?rest_route=\/wp\/v2\/pages"}],"about":[{"href":"https:\/\/grupomontevideo.org\/reuniones\/index.php?rest_route=\/wp\/v2\/types\/page"}],"author":[{"embeddable":true,"href":"https:\/\/grupomontevideo.org\/reuniones\/index.php?rest_route=\/wp\/v2\/users\/1"}],"replies":[{"embeddable":true,"href":"https:\/\/grupomontevideo.org\/reuniones\/index.php?rest_route=%2Fwp%2Fv2%2Fcomments&post=6420"}],"version-history":[{"count":8,"href":"https:\/\/grupomontevideo.org\/reuniones\/index.php?rest_route=\/wp\/v2\/pages\/6420\/revisions"}],"predecessor-version":[{"id":6802,"href":"https:\/\/grupomontevideo.org\/reuniones\/index.php?rest_route=\/wp\/v2\/pages\/6420\/revisions\/6802"}],"up":[{"embeddable":true,"href":"https:\/\/grupomontevideo.org\/reuniones\/index.php?rest_route=\/wp\/v2\/pages\/6415"}],"wp:attachment":[{"href":"https:\/\/grupomontevideo.org\/reuniones\/index.php?rest_route=%2Fwp%2Fv2%2Fmedia&parent=6420"}],"curies":[{"name":"wp","href":"https:\/\/api.w.org\/{rel}","templated":true}]}}