{"id":18,"date":"2015-12-04T19:37:06","date_gmt":"2015-12-04T19:37:06","guid":{"rendered":"http:\/\/grupomontevideo.org\/ndca\/caagroalimentario\/?page_id=18"},"modified":"2025-02-20T20:15:02","modified_gmt":"2025-02-20T20:15:02","slug":"objetivos","status":"publish","type":"page","link":"https:\/\/grupomontevideo.org\/ndca\/ndmatematicaaplicada\/?page_id=18","title":{"rendered":"OBJETIVOS"},"content":{"rendered":"<p><i>Este N\u00facleo Disciplinario aborda desarrollos tanto te\u00f3ricos como aplicados de herramientas matem\u00e1ticas para resolver\u00a0 problemas de las ciencias naturales, la inform\u00e1tica, la tecnolog\u00eda, las ciencias de la salud, la econom\u00eda, las ciencias sociales, la industria y la producci\u00f3n, entre otros.<\/i>[:pt]OBJETIVO DEL COMIT\u00c9<br \/>\nCrear un foro de intercambio y gesti\u00f3n de conocimientos vinculados al sector<br \/>\nagroalimentario (desde la producci\u00f3n hasta el consumidor), interdisciplinario,<br \/>\ninterinstitucional e intersectorial, que fortalezca la planificaci\u00f3n y gesti\u00f3n de<br \/>\npol\u00edticas y programas de desarrollo sostenible en Am\u00e9rica Latina.<\/p>\n<p>DESCARGUE PDF:\u00a0<a href=\"http:\/\/grupomontevideo.org\/ndca\/caagroalimentario\/wp-content\/uploads\/2013\/10\/Objetivos-y-Fundamentaci\u00f3n.pdf\">Objetivos y Fundamentaci\u00f3n<\/a><\/p>\n","protected":false},"excerpt":{"rendered":"<p>Este N\u00facleo Disciplinario aborda desarrollos tanto te\u00f3ricos como aplicados de herramientas matem\u00e1ticas para resolver\u00a0 problemas de las ciencias naturales, la inform\u00e1tica, la tecnolog\u00eda, las ciencias&#8230;<\/p>\n","protected":false},"author":1,"featured_media":0,"parent":0,"menu_order":0,"comment_status":"closed","ping_status":"closed","template":"","meta":{"footnotes":""},"class_list":["post-18","page","type-page","status-publish","hentry"],"_links":{"self":[{"href":"https:\/\/grupomontevideo.org\/ndca\/ndmatematicaaplicada\/index.php?rest_route=\/wp\/v2\/pages\/18","targetHints":{"allow":["GET"]}}],"collection":[{"href":"https:\/\/grupomontevideo.org\/ndca\/ndmatematicaaplicada\/index.php?rest_route=\/wp\/v2\/pages"}],"about":[{"href":"https:\/\/grupomontevideo.org\/ndca\/ndmatematicaaplicada\/index.php?rest_route=\/wp\/v2\/types\/page"}],"author":[{"embeddable":true,"href":"https:\/\/grupomontevideo.org\/ndca\/ndmatematicaaplicada\/index.php?rest_route=\/wp\/v2\/users\/1"}],"replies":[{"embeddable":true,"href":"https:\/\/grupomontevideo.org\/ndca\/ndmatematicaaplicada\/index.php?rest_route=%2Fwp%2Fv2%2Fcomments&post=18"}],"version-history":[{"count":8,"href":"https:\/\/grupomontevideo.org\/ndca\/ndmatematicaaplicada\/index.php?rest_route=\/wp\/v2\/pages\/18\/revisions"}],"predecessor-version":[{"id":245,"href":"https:\/\/grupomontevideo.org\/ndca\/ndmatematicaaplicada\/index.php?rest_route=\/wp\/v2\/pages\/18\/revisions\/245"}],"wp:attachment":[{"href":"https:\/\/grupomontevideo.org\/ndca\/ndmatematicaaplicada\/index.php?rest_route=%2Fwp%2Fv2%2Fmedia&parent=18"}],"curies":[{"name":"wp","href":"https:\/\/api.w.org\/{rel}","templated":true}]}}