{"id":96,"date":"2019-04-08T14:29:34","date_gmt":"2019-04-08T14:29:34","guid":{"rendered":"http:\/\/grupomontevideo.org\/ndca\/ndliteratura\/?page_id=96"},"modified":"2025-11-11T16:22:58","modified_gmt":"2025-11-11T16:22:58","slug":"publicaciones","status":"publish","type":"page","link":"https:\/\/grupomontevideo.org\/ndca\/ndliteratura\/?page_id=96","title":{"rendered":"PUBLICACIONES"},"content":{"rendered":"<div dir=\"ltr\"><strong>\u00abLatinoam\u00e9rica contempor\u00e1nea: memorias, m\u00e1rgenes\u00a0 y\u00a0 textualidades\u00bb.<br \/>\n<\/strong><em>Se trata de un libro pensado y organizado para conmemorar los 10 a\u00f1os del\u00a0N\u00facleo Disciplinario \u201cLiteratura, Imaginarios, Est\u00e9tica y Cultura\u201d,\u00a0\u00a0compilado y coordinado por Marin\u00e9 Nicola (UNL) y Sara Rojo (UFMG),\u00a0editado y publicado de forma conjunta entre la Universidad Nacional del Litoral (Argentina) y la\u00a0Universidade Federal de Minas Gerais\u00a0(Brasil).<br \/>\n<\/em><a href=\"https:\/\/grupomontevideo.org\/ndca\/ndliteratura\/wp-content\/uploads\/2025\/11\/Latinoamerica_contemporanea.pdf\" target=\"_blank\" rel=\"noopener\">Leer<\/a><a href=\"https:\/\/grupomontevideo.org\/ndca\/ndliteratura\/wp-content\/uploads\/2025\/11\/Latinoamerica_contemporanea.pdf\" target=\"_blank\" rel=\"noopener\"> m\u00e1s&#8230;<\/a><\/p>\n<p><strong>Revista Culturas N\u00ba13, convocatoria especial del ND Literatura, Imaginarios, Est\u00e9tica y Cultura<\/strong><a href=\"https:\/\/bibliotecavirtual.unl.edu.ar\/publicaciones\/index.php\/Culturas\/issue\/view\/726\/PDF%20NRO%2013\">Leer m\u00e1s&#8230;<\/a><\/p>\n<\/div>\n<div>\n<p><a href=\"https:\/\/grupomontevideo.org\/ndca\/ndliteratura\/wp-content\/uploads\/2025\/07\/Cultura-13-726-130-PB.pdf\" target=\"_blank\" rel=\"noopener\">Descargable.<\/a><\/p>\n<\/div>\n<div><strong>II Simposio Internacional: Am\u00e9rica Latina y sus bordes interculturales: literatura, imaginarios, est\u00e9tica y cultura<\/strong><\/div>\n<div><a href=\"https:\/\/www.fhuc.unl.edu.ar\/institucional\/wp-content\/uploads\/sites\/3\/2018\/08\/II-Simposio-Internacional-America-Latina-y-sus-bordes.pdf\">Leer m\u00e1s&#8230;<\/a><\/div>\n<div dir=\"ltr\"><a href=\"https:\/\/grupomontevideo.org\/ndca\/ndliteratura\/wp-content\/uploads\/2025\/07\/Publicacion-II-Simposio-Internacional-America-Latina-y-sus-bordes.pdf\" target=\"_blank\" rel=\"noopener\">Descargable.<\/a><\/div>\n<div dir=\"ltr\"><\/div>\n<div dir=\"ltr\"><strong>Revista Multiling\u00fce de Lengua, Sociedad y Educaci\u00f3n | \u00d1emit\u1ef9r\u00e3<\/strong><\/div>\n<div dir=\"ltr\">\n<div dir=\"ltr\">\n<div><a href=\"https:\/\/revistascientificas.una.py\/index.php\/nemityra\/issue\/view\/416\" target=\"_blank\" rel=\"noreferrer noopener\" shape=\"rect\" data-saferedirecturl=\"https:\/\/www.google.com\/url?q=https:\/\/revistascientificas.una.py\/index.php\/nemityra\/issue\/view\/416&amp;source=gmail&amp;ust=1752699442287000&amp;usg=AOvVaw1q6EhuDLwam3PA9bLkcQ3F\"><span style=\"font-size: medium;\">Vol. 7 N\u00fam. 1 (2025)<\/span><\/a><\/div>\n<div><a href=\"https:\/\/grupomontevideo.org\/ndca\/ndliteratura\/wp-content\/uploads\/2025\/07\/NEMITYRA-Revista-Paraguay-416-48-PB.pdf\" target=\"_blank\" rel=\"noopener\">Leer m\u00e1s&#8230;<\/a><\/div>\n<\/div>\n<\/div>\n","protected":false},"excerpt":{"rendered":"<p>\u00abLatinoam\u00e9rica contempor\u00e1nea: memorias, m\u00e1rgenes\u00a0 y\u00a0 textualidades\u00bb. Se trata de un libro pensado y organizado para conmemorar los 10 a\u00f1os del\u00a0N\u00facleo Disciplinario \u201cLiteratura, Imaginarios, Est\u00e9tica y&#8230;<\/p>\n","protected":false},"author":1,"featured_media":0,"parent":0,"menu_order":0,"comment_status":"closed","ping_status":"closed","template":"","meta":{"footnotes":""},"class_list":["post-96","page","type-page","status-publish","hentry"],"_links":{"self":[{"href":"https:\/\/grupomontevideo.org\/ndca\/ndliteratura\/index.php?rest_route=\/wp\/v2\/pages\/96","targetHints":{"allow":["GET"]}}],"collection":[{"href":"https:\/\/grupomontevideo.org\/ndca\/ndliteratura\/index.php?rest_route=\/wp\/v2\/pages"}],"about":[{"href":"https:\/\/grupomontevideo.org\/ndca\/ndliteratura\/index.php?rest_route=\/wp\/v2\/types\/page"}],"author":[{"embeddable":true,"href":"https:\/\/grupomontevideo.org\/ndca\/ndliteratura\/index.php?rest_route=\/wp\/v2\/users\/1"}],"replies":[{"embeddable":true,"href":"https:\/\/grupomontevideo.org\/ndca\/ndliteratura\/index.php?rest_route=%2Fwp%2Fv2%2Fcomments&post=96"}],"version-history":[{"count":10,"href":"https:\/\/grupomontevideo.org\/ndca\/ndliteratura\/index.php?rest_route=\/wp\/v2\/pages\/96\/revisions"}],"predecessor-version":[{"id":212,"href":"https:\/\/grupomontevideo.org\/ndca\/ndliteratura\/index.php?rest_route=\/wp\/v2\/pages\/96\/revisions\/212"}],"wp:attachment":[{"href":"https:\/\/grupomontevideo.org\/ndca\/ndliteratura\/index.php?rest_route=%2Fwp%2Fv2%2Fmedia&parent=96"}],"curies":[{"name":"wp","href":"https:\/\/api.w.org\/{rel}","templated":true}]}}