{"id":243,"date":"2026-04-09T15:51:19","date_gmt":"2026-04-09T15:51:19","guid":{"rendered":"https:\/\/grupomontevideo.org\/ndca\/ndevaluacioninst\/?page_id=243"},"modified":"2026-04-09T15:51:19","modified_gmt":"2026-04-09T15:51:19","slug":"oportunidades-2","status":"publish","type":"page","link":"https:\/\/grupomontevideo.org\/ndca\/ndevaluacioninstitucional\/?page_id=243","title":{"rendered":"Oportunidades"},"content":{"rendered":"<h2 style=\"text-align: center;\">Chamada P\u00fablica MCTI\/CNPq No 02\/2026, Programa de Coopera\u00e7\u00e3o Latino- Americana e Caribenha em Ci\u00eancia, Tecnologia e Inova\u00e7\u00e3o &#8211; PROSUL Pepe Mujica.<\/h2>\n<p>Esta es una iniciativa del Consejo Nacional de Desarrollo Cient\u00edfico y Tecnol\u00f3gico (CNPq) del Ministerio de Ciencia, Tecnolog\u00eda e Innovaci\u00f3n de Brasil, junto a la Asociaci\u00f3n de Universidades del Grupo Montevideo (AUGM).<br \/>\nEl Programa tiene como objetivo principal apoyar proyectos de investigaci\u00f3n colaborativa que fortalezcan la cooperaci\u00f3n cient\u00edfica, tecnol\u00f3gica y de innovaci\u00f3n entre Brasil y los pa\u00edses de Am\u00e9rica Latina y el Caribe. La iniciativa se centra en seis ejes tem\u00e1ticos estrat\u00e9gicos: Ambiente y Sostenibilidad, Alimentaci\u00f3n y Agricultura, Energ\u00eda y Miner\u00eda, Salud, Tecnolog\u00eda de la Informaci\u00f3n y Ciencias Humanas y Sociales con \u00e9nfasis regional. El programa tiene como prop\u00f3sito el establecimiento de redes tem\u00e1ticas de investigaci\u00f3n, el fomento al intercambio de investigadores, el fortalecimiento de la infraestructura cient\u00edfica regional y la promoci\u00f3n de la innovaci\u00f3n tecnol\u00f3gica con aplicaci\u00f3n en la regi\u00f3n. <a href=\"https:\/\/grupomontevideo.org\/site\/22101-2\/\" target=\"_blank\" rel=\"noopener\">Leer m\u00e1s&#8230;<\/a><br \/>\nWebinario de CNPq que fue realizado para presentar el programa y evacuar dudas. Creemos es de suma utilidad:<br \/>\n<iframe loading=\"lazy\" title=\"Webin\u00e1rio Chamada MCTI\/CNPq n\u00ba 02\/2026 PROSUL Pepe Mujica: Esclare\u00e7a suas d\u00favidas\" width=\"470\" height=\"264\" src=\"https:\/\/www.youtube.com\/embed\/ujCfhDtneUQ?feature=oembed\" frameborder=\"0\" allow=\"accelerometer; autoplay; clipboard-write; encrypted-media; gyroscope; picture-in-picture; web-share\" referrerpolicy=\"strict-origin-when-cross-origin\" allowfullscreen><\/iframe><\/p>\n<ul>\n<li><a href=\"https:\/\/www.gov.br\/cnpq\/pt-br\/chamadas\/todas-as-chamadas\/chamadas-2026\/chamada-no-02-2026\/chamada-publica-mcti-cnpq-no-02-2026-programa-de-cooperacao-latino-americana-e-caribenha-em-ciencia-tecnologia-e-inovacao-prosul-pepe-mujica\" target=\"_blank\" rel=\"noopener\">Texto del llamado<\/a><\/li>\n<li><a href=\"https:\/\/grupomontevideo.org\/ndca\/ndevaluacioninstitucional\/wp-content\/uploads\/2026\/04\/FAQPEPEMUJICA0604SEI_CNPq2656449Anexo.pdf\" target=\"_blank\" rel=\"noopener\">Preguntas Frecuentes<\/a><\/li>\n<\/ul>\n<hr \/>\n<p><strong>Curso\u00a0<span style=\"text-decoration: underline;\">\u00abPARTICIPACI\u00d3N COMO BASE DE LEGITIMIDAD DE LA AUTO EVALUACI\u00d3N\u00bb<\/span><\/strong><\/p>\n<p>El curso destinado a funcionarios de las universidades miembro de AUGM con t\u00edtulo de grado, especialmente<br \/>\naquellos involucrados en procesos de autoevaluaci\u00f3n institucional, sera realizado enteramente online y tendr\u00e1 una duraci\u00f3n y carga horaria de 6 semanas &#8211; 30 horas reloj te\u00f3rico- pr\u00e1cticas virtuales (5 hs. semanales \/ 6 semanas).<a href=\"https:\/\/grupomontevideo.org\/ndca\/ndevaluacioninstitucional\/convocatorias\/augm_la-participacion\/\" rel=\"attachment wp-att-647\"><img loading=\"lazy\" decoding=\"async\" class=\"wp-image-647 alignleft\" src=\"https:\/\/grupomontevideo.org\/ndca\/ndevaluacioninstitucional\/wp-content\/uploads\/2015\/03\/AUGM_la-participacion.jpg\" alt=\"\" width=\"312\" height=\"442\" \/><\/a><\/p>\n<p><em>Atendiendo los procesos de evaluaci\u00f3n institucional de la universidad que articulan dos instancias: la<\/em><br \/>\n<em>evaluaci\u00f3n interna y la evaluaci\u00f3n externa. El ND organiza este curso que se focalizar\u00e1 en la instancia de evaluaci\u00f3n\u00a0<\/em><em>interna y espec\u00edficamente en el car\u00e1cter participativo de la misma, en tanto proceso de<\/em><br \/>\n<em>autoevaluaci\u00f3n.<\/em><\/p>\n<p>Buscando que el cursante pueda reconocer formas de intervenci\u00f3n de los actores que favorecen la incorporaci\u00f3n y el<br \/>\nrefuerzo de actitudes y pr\u00e1cticas conducentes a elevar la productividad social e intelectual\u00a0del conjunto de la comunidad universitaria; valorar a los procesos participativos de la autoevaluaci\u00f3n de la universidad como\u00a0mecanismo fundamental de una pol\u00edtica institucional basada en el compromiso y el trabajo\u00a0cooperativo y coordinado de los actores y, a la vez, instituyente de una pr\u00e1ctica\u00a0democr\u00e1tica potente y continua.<\/p>\n<p>Acceda al contenido del curso: <a href=\"https:\/\/grupomontevideo.org\/ndca\/ndevaluacioninstitucional\/convocatorias\/programa-del-curso-participacion-augm\/\" target=\"_blank\" rel=\"attachment wp-att-648 noopener\">Programa <\/a><\/p>\n<p>Link para inscribirse:<br \/>\n<a href=\"http:\/\/virtual.unne.edu.ar\/2017\/augm\/inscripcionAUGM_participacion17.php\">\u00a0http:\/\/virtual.unne.edu.ar\/2017\/augm\/inscripcionAUGM_participacion17.php<\/a><\/p>\n<p>&nbsp;<\/p>\n<p>&nbsp;<\/p>\n<hr \/>\n<p>3, 4 y 5 de mayo de 2017<\/p>\n<h2 style=\"text-align: center;\"><span style=\"color: #000080;\"><strong>VI Encuentro Regional <\/strong><\/span><\/h2>\n<p><em>\u201cComplejidades de la internacionalizaci\u00f3n del aseguramiento de la calidad en las universidades del Mercosur. Los casos de carreras con doble acreditaci\u00f3n entre los sistemas nacionales y el Arcusur\u201d.<\/em><\/p>\n<p>El evento se realizara\u00a0en forma paralela al VIII Encuentro Nacional y V Latinoamericano La Universidad como objeto de investigaci\u00f3n \u201cLa Reforma Universitaria entre dos siglos\u201d<\/p>\n<p>Evento abierto al p\u00fablico, tanto para realizar exposiciones como para participar.<br \/>\nUNL Ciudad de Santa Fe, Argentina.<\/p>\n<ul>\n<li><em>Reuni\u00f3n ordinaria del N\u00facleo Disciplinario tarde del d\u00eda 4 de mayo.<\/em><\/li>\n<li><em>VI Encuentro Regional se realizar\u00e1 en\u00a0la ma\u00f1ana del 5 de mayo.<\/em><\/li>\n<\/ul>\n<p>&nbsp;<\/p>\n<p><strong>5 y 6 de Octubre de 2015<\/strong><br \/>\nTERCER ENCUENTRO REGIONAL \u00abEvaluaci\u00f3n Institucional en Am\u00e9rica Latina: un camino hacia la calidad universitaria\u00bb.<\/p>\n<p>Evento abierto al p\u00fablico, tanto para realizar exposiciones como para participar.<br \/>\nUNE Ciudad del Este, Paraguay.<\/p>\n<p>El d\u00eda 6\/10 ser\u00e1 la reuni\u00f3n ordinaria del ND para lo miembros.<\/p>\n","protected":false},"excerpt":{"rendered":"<p>Chamada P\u00fablica MCTI\/CNPq No 02\/2026, Programa de Coopera\u00e7\u00e3o Latino- Americana e Caribenha em Ci\u00eancia, Tecnologia e Inova\u00e7\u00e3o &#8211; PROSUL Pepe Mujica. Esta es una iniciativa&#8230;<\/p>\n","protected":false},"author":1,"featured_media":0,"parent":0,"menu_order":0,"comment_status":"closed","ping_status":"closed","template":"","meta":{"footnotes":""},"class_list":["post-243","page","type-page","status-publish","hentry"],"_links":{"self":[{"href":"https:\/\/grupomontevideo.org\/ndca\/ndevaluacioninstitucional\/index.php?rest_route=\/wp\/v2\/pages\/243","targetHints":{"allow":["GET"]}}],"collection":[{"href":"https:\/\/grupomontevideo.org\/ndca\/ndevaluacioninstitucional\/index.php?rest_route=\/wp\/v2\/pages"}],"about":[{"href":"https:\/\/grupomontevideo.org\/ndca\/ndevaluacioninstitucional\/index.php?rest_route=\/wp\/v2\/types\/page"}],"author":[{"embeddable":true,"href":"https:\/\/grupomontevideo.org\/ndca\/ndevaluacioninstitucional\/index.php?rest_route=\/wp\/v2\/users\/1"}],"replies":[{"embeddable":true,"href":"https:\/\/grupomontevideo.org\/ndca\/ndevaluacioninstitucional\/index.php?rest_route=%2Fwp%2Fv2%2Fcomments&post=243"}],"version-history":[{"count":1,"href":"https:\/\/grupomontevideo.org\/ndca\/ndevaluacioninstitucional\/index.php?rest_route=\/wp\/v2\/pages\/243\/revisions"}],"predecessor-version":[{"id":245,"href":"https:\/\/grupomontevideo.org\/ndca\/ndevaluacioninstitucional\/index.php?rest_route=\/wp\/v2\/pages\/243\/revisions\/245"}],"wp:attachment":[{"href":"https:\/\/grupomontevideo.org\/ndca\/ndevaluacioninstitucional\/index.php?rest_route=%2Fwp%2Fv2%2Fmedia&parent=243"}],"curies":[{"name":"wp","href":"https:\/\/api.w.org\/{rel}","templated":true}]}}