{"id":234,"date":"2026-04-09T15:49:45","date_gmt":"2026-04-09T15:49:45","guid":{"rendered":"https:\/\/grupomontevideo.org\/ndca\/ndevaluacioninst\/?page_id=234"},"modified":"2026-04-17T20:57:12","modified_gmt":"2026-04-17T20:57:12","slug":"reuniones","status":"publish","type":"page","link":"https:\/\/grupomontevideo.org\/ndca\/ndevaluacioninstitucional\/?page_id=234","title":{"rendered":"REUNIONES"},"content":{"rendered":"\r\n<div class=\"wp-block-media-text alignwide is-stacked-on-mobile\">\r\n<figure class=\"wp-block-media-text__media\"><\/figure>\r\n<div class=\"wp-block-media-text__content\">\r\n<p class=\"has-large-font-size\">\u00a0<\/p>\r\n<\/div>\r\n<\/div><!-- \/wp:media-text --><!-- wp:post-content --><p><b>2025 &#8211; Reuni\u00f3n N\u00b0 32 del N\u00facleo Disciplinario <a href=\"https:\/\/grupomontevideo.org\/ndca\/ndevaluacioninstitucional\/wp-content\/uploads\/2026\/04\/Acta-Reunion-N\u00b0-32-del-Nucleo-Disciplinario.pdf\">Acta <\/a><br \/>2025 &#8211; Reuni\u00f3n N\u00b0 31 del N\u00facleo Disciplinario <a href=\"https:\/\/grupomontevideo.org\/ndca\/ndevaluacioninstitucional\/wp-content\/uploads\/2026\/04\/Acta-Reunion-N\u00b0-31-del-Nucleo-Disciplinario.pdf\">Acta <\/a><br \/>2025 &#8211; Reuni\u00f3n N\u00b0 30 del N\u00facleo Disciplinario <a href=\"https:\/\/grupomontevideo.org\/ndca\/ndevaluacioninstitucional\/wp-content\/uploads\/2026\/04\/Acta-Reunion-N\u00b0-30-del-Nucleo-Disciplinario.pdf\">Acta<\/a><br \/>2024 &#8211;<\/b> <b>Reuni\u00f3n N\u00b0 29 del N\u00facleo Disciplinario <\/b><span style=\"font-weight: 400;\"><a href=\"https:\/\/grupomontevideo.org\/ndca\/ndevaluacioninstitucional\/wp-content\/uploads\/2024\/12\/Acta-Reunion-Nro.-29.-ND-01.10.24-AUGM.pdf\" target=\"_blank\" rel=\"noopener\">Acta<\/a> <br \/><\/span><b>2024 &#8211; Reuni\u00f3n N\u00b0 28 del N\u00facleo Disciplinario <\/b><a href=\"http:\/\/grupomontevideo.org\/ndca\/ndevaluacioninstitucional\/wp-content\/uploads\/2024\/05\/Agenda-Reunion-N%C2%B0-28-Nucleo-23.05.2024.pdf\"><span style=\"font-weight: 400;\">Agenda<\/span><\/a> &#8211;\u00a0<a href=\"https:\/\/grupomontevideo.org\/ndca\/ndevaluacioninstitucional\/wp-content\/uploads\/2025\/03\/Acta-Reunion-28.-ND-23.05.24-AUGM.pdf\" target=\"_blank\" rel=\"noopener\">Acta<\/a><br \/><a href=\"http:\/\/grupomontevideo.org\/ndca\/ndevaluacioninstitucional\/wp-content\/uploads\/2024\/05\/XV-Encuentro-Regional-Informe-Uncuyo.-punto-3.pdf\"><span style=\"font-weight: 400;\">XV Encuentro Regional Informe Uncuyo.<\/span><\/a><br \/><b>2023 &#8211;<\/b> <b>Reuni\u00f3n N\u00b0 27 del N\u00facleo Disciplinario <\/b><a href=\"http:\/\/grupomontevideo.org\/ndca\/ndevaluacioninstitucional\/wp-content\/uploads\/2024\/05\/Acta-27.-ND-01.12.23-AUGM.pdf\"><span style=\"font-weight: 400;\">Acta<\/span><\/a> &#8211;\u00a0<a href=\"http:\/\/grupomontevideo.org\/ndca\/ndevaluacioninstitucional\/wp-content\/uploads\/2024\/05\/Agenda-Reunion-N%C2%B0-27-Nucleo-01.12.2023.pdf\"><span style=\"font-weight: 400;\">Agenda <\/span><\/a><br \/><a href=\"http:\/\/grupomontevideo.org\/ndca\/ndevaluacioninstitucional\/wp-content\/uploads\/2024\/05\/Formulario-PDT-Trienal-ND-04.2022-2.pdf\"><span style=\"font-weight: 400;\">PDT-Trienal<\/span><\/a><br \/><a href=\"http:\/\/grupomontevideo.org\/ndca\/ndevaluacioninstitucional\/wp-content\/uploads\/2024\/05\/Posgrados-conjuntos-AUGM.pdf\"><span style=\"font-weight: 400;\">Posgrados-conjuntos-AUGM<\/span><\/a> <br \/><b>2023 &#8211;<\/b> <b>Reuni\u00f3n N\u00b0 26 del N\u00facleo Disciplinario <\/b><a href=\"http:\/\/grupomontevideo.org\/ndca\/ndevaluacioninstitucional\/wp-content\/uploads\/2024\/05\/1.Agenda-ND-AUGM-virtual-9.08.2023.docx\"><span style=\"font-weight: 400;\">Agenda<\/span><\/a> &#8211;\u00a0<a href=\"http:\/\/grupomontevideo.org\/ndca\/ndevaluacioninstitucional\/wp-content\/uploads\/2024\/05\/Acta-26.-ND-09.08.23-AUGM-1.pdf\"><span style=\"font-weight: 400;\">Acta<\/span><\/a><br \/><a href=\"http:\/\/grupomontevideo.org\/ndca\/ndevaluacioninstitucional\/wp-content\/uploads\/2024\/05\/Relevamiento-oferta-educativa-actualizado-al-10.08.2023-2.xlsx\"><span style=\"font-weight: 400;\">Relevamiento oferta educativa actualizado<\/span><\/a><br \/><b>2023 &#8211;<\/b> <b>Reuni\u00f3n N\u00b0 25 del N\u00facleo Disciplinario <\/b><a href=\"http:\/\/grupomontevideo.org\/ndca\/ndevaluacioninstitucional\/wp-content\/uploads\/2024\/05\/Agenda-ND-AUGM-UNER-28.06.2023.docx\"><span style=\"font-weight: 400;\">Agenda<\/span><\/a> &#8211; <a href=\"http:\/\/grupomontevideo.org\/ndca\/ndevaluacioninstitucional\/wp-content\/uploads\/2024\/05\/Acta-25.-ND-28.06.23-AUGM.pdf\"><span style=\"font-weight: 400;\">Acta<\/span><\/a><br \/><a href=\"http:\/\/grupomontevideo.org\/ndca\/ndevaluacioninstitucional\/wp-content\/uploads\/2024\/05\/Anexo-1.-Presentacion-ODS-y-Universidad-UNA.pptx\"><span style=\"font-weight: 400;\">Presentaci\u00f3n ODS y Universidad-UNA<\/span><\/a> <br \/><a href=\"http:\/\/grupomontevideo.org\/ndca\/ndevaluacioninstitucional\/wp-content\/uploads\/2024\/05\/Anexo-2.-Presentacion-ODS-Udelar.pdf\"><span style=\"font-weight: 400;\">Presentaci\u00f3n ODS Udelar<\/span><\/a> <br \/><a href=\"http:\/\/grupomontevideo.org\/ndca\/ndevaluacioninstitucional\/wp-content\/uploads\/2024\/05\/Anexo-3.Relevamiento-oferta-educativa-para-verificar.xlsx\"><span style=\"font-weight: 400;\">Relevamiento oferta educativa\u00a0<\/span><\/a><br \/><a href=\"http:\/\/grupomontevideo.org\/ndca\/ndevaluacioninstitucional\/wp-content\/uploads\/2024\/05\/Anexo-4.EVI-2018-2019-2022.xlsx\"><span style=\"font-weight: 400;\">EVI 2018-2019-2022<\/span><\/a> <br \/><b>2023 &#8211;<\/b> <b>Reuni\u00f3n Nro. 24 del N\u00facleo Disciplinario<\/b> <a href=\"https:\/\/planeamiento.udelar.edu.uy\/wp-content\/uploads\/sites\/33\/2023\/04\/Temario-Reunion-Nro.-24-11.04.2023.docx\"><span style=\"font-weight: 400;\">Temario Reuni\u00f3n <\/span><\/a>\u00a0<a href=\"https:\/\/planeamiento.udelar.edu.uy\/wp-content\/uploads\/sites\/33\/2023\/04\/Acta-ND-11.04.23-AUGM.pdf\"><span style=\"font-weight: 400;\">Acta ND 11.04.23 AUGM<\/span><\/a> <br \/><strong>2022 &#8211; <\/strong><b>Reuni\u00f3n Nro. 23 del N\u00facleo Disciplinario<\/b><span style=\"font-weight: 400;\">\u00a0<\/span> <a href=\"http:\/\/grupomontevideo.org\/ndca\/ndevaluacioninstitucional\/wp-content\/uploads\/2024\/05\/Agenda-ND-AUGM-UDELAR-21-Noviembre-2022.pdf\"><span style=\"font-weight: 400;\">Agenda<\/span><\/a> &#8211;\u00a0<a href=\"http:\/\/grupomontevideo.org\/ndca\/ndevaluacioninstitucional\/wp-content\/uploads\/2024\/05\/Acta-ND-21.11.22-AUGM.pdf\"><span style=\"font-weight: 400;\">Acta<\/span><\/a><br \/><a href=\"http:\/\/grupomontevideo.org\/ndca\/ndevaluacioninstitucional\/wp-content\/uploads\/2024\/05\/Formulario-PDT-Trienal-ND-04.2022-1.pdf\"><span style=\"font-weight: 400;\">PDT-Trienal<\/span><\/a><br \/><strong>2022 &#8211; <\/strong><b>Reuni\u00f3n Nro. 22 del N\u00facleo Disciplinario<\/b><span style=\"font-weight: 400;\"> <a href=\"http:\/\/grupomontevideo.org\/ndca\/ndevaluacioninstitucional\/wp-content\/uploads\/2024\/05\/Agenda-22-ND-AUGM-UDELAR-01.06.2022.pdf\">Agenda<\/a> &#8211;<\/span> <a href=\"http:\/\/grupomontevideo.org\/ndca\/ndevaluacioninstitucional\/wp-content\/uploads\/2024\/05\/Acta-AUGM-reunion-22-Udelar-01.06.22-NDEIPEGU-1.pdf\"><span style=\"font-weight: 400;\">Acta<\/span><\/a>\u00a0<br \/><a href=\"http:\/\/grupomontevideo.org\/ndca\/ndevaluacioninstitucional\/wp-content\/uploads\/2024\/05\/Formulario-PDT-Trienal-ND-04.2022.pdf\"><span style=\"font-weight: 400;\">PDT-Trienal<\/span><\/a> <br \/><strong>2021 &#8211; <\/strong><b>Reuni\u00f3n 21 del N\u00facleo Disciplinario<\/b> <a href=\"http:\/\/grupomontevideo.org\/ndca\/ndevaluacioninstitucional\/wp-content\/uploads\/2024\/05\/Acta-21-AUGM-UNSL-01.12.2021-1.pdf\"><span style=\"font-weight: 400;\">Acta<\/span><\/a>\u00a0<span style=\"font-weight: 400;\">\u00a0<br \/><\/span><b><i>Experiencias compartidas de los procesos de evaluaci\u00f3n, planeamiento estrat\u00e9gico y gesti\u00f3n universitaria<\/i><\/b> <br \/><span style=\"font-weight: 400;\">Documentos y presentaciones:<\/span> <br \/><a href=\"http:\/\/grupomontevideo.org\/ndca\/ndevaluacioninstitucional\/wp-content\/uploads\/2024\/05\/02-ApresentacaoUFSM-AUGM.pdf\"><span style=\"font-weight: 400;\">UFSM-AUGM<\/span><\/a> <br \/><a href=\"http:\/\/grupomontevideo.org\/ndca\/ndevaluacioninstitucional\/wp-content\/uploads\/2024\/05\/Presentacion.-Reunion-de-Nucleo-AUGM.-Diciembre-2021.pptx-1.pdf\"><span style=\"font-weight: 400;\">Reuni\u00f3n Diciembre 2021<\/span><\/a>\u00a0<br \/><a href=\"http:\/\/grupomontevideo.org\/ndca\/ndevaluacioninstitucional\/wp-content\/uploads\/2024\/05\/UNSL-PDI-AEI-AUGM-01.12.2021.pdf\"><span style=\"font-weight: 400;\">UNSL-PDI-AEI<\/span><\/a>\u00a0<br \/><a href=\"http:\/\/grupomontevideo.org\/ndca\/ndevaluacioninstitucional\/wp-content\/uploads\/2024\/05\/Udelar-Presentacion-AUGM-01.12.2021.pdf\"><span style=\"font-weight: 400;\">Udelar<\/span><\/a><br \/><a href=\"https:\/\/grupomontevideo.org\/ndca\/ndevaluacioninstitucional\/wp-content\/uploads\/2021\/08\/Acta-ND-Evaluacion-Institucional-Planeamiento-Estrategico-y-Gestion-Universitaria_AUGM-UNSL-2020-1.pdf\">2020 &#8211; Noviembre 26 y Diciembre 2<\/a> <br \/><a href=\"https:\/\/grupomontevideo.org\/ndca\/ndevaluacioninstitucional\/wp-content\/uploads\/2019\/10\/ND-Planeamiento-Estrategico-ACTA-2019-abril.pdf\">2019 &#8211; Abril 10<\/a> <br \/><a href=\"https:\/\/grupomontevideo.org\/ndca\/ndevaluacioninstitucional\/wp-content\/uploads\/2019\/04\/Acta-ND-AUGM-UNC-2018_final.pdf\">2018 &#8211; Octubre 30 y 31<\/a> <br \/><a href=\"https:\/\/grupomontevideo.org\/ndca\/ndevaluacioninstitucional\/wp-content\/uploads\/2018\/07\/Acta-AUGM-ND-Mayo-14-y15-2018.pdf\">2018 &#8211; Mayo 14 y 15<\/a> <br \/><a href=\"https:\/\/grupomontevideo.org\/ndca\/ndevaluacioninstitucional\/wp-content\/uploads\/2015\/03\/ND-Planeamiento-Estrategico-ACTA-2017-mayo.pdf\">2017 &#8211; Mayo 4 y 5<\/a> <br \/><a href=\"https:\/\/grupomontevideo.org\/ndca\/ndevaluacioninstitucional\/wp-content\/uploads\/2015\/03\/ND-Planeamiento-Estrategico-ACTA-2016-sept-1.pdf\">2016 &#8211; Septiembre 8 y 9<\/a> <br \/><a href=\"https:\/\/grupomontevideo.org\/ndca\/ndevaluacioninstitucional\/wp-content\/uploads\/2015\/03\/Acta-AUGM-UNCUYO-FINAL-2016.pdf\">2016 &#8211; Mayo 9 y 10<\/a> <br \/><a href=\"https:\/\/grupomontevideo.org\/ndca\/ndevaluacioninstitucional\/wp-content\/uploads\/2016\/05\/ND-Planeamiento-Estrategico-ACTA-2015-octubre.pdf\">2015 &#8211; Octubre 5 y 6<\/a><br \/><a href=\"https:\/\/grupomontevideo.org\/ndca\/ndevaluacioninstitucional\/wp-content\/uploads\/2016\/01\/ND-Planeamiento-Estrategico-ACTA-2015-mayo.pdf\">2015 &#8211; Mayo 4 y 5<\/a> <br \/><a href=\"https:\/\/grupomontevideo.org\/ndca\/ndevaluacioninstitucional\/wp-content\/uploads\/2016\/01\/ND-Planeamiento-Estrategico-ACTA-2014-setiembre.pdf\">2014 &#8211; Setiembre 9 y 10<\/a> <br \/><a href=\"https:\/\/grupomontevideo.org\/ndca\/ndevaluacioninstitucional\/wp-content\/uploads\/2016\/01\/ND-Planeamiento-Estrategico-ACTA-2014-mayo-5-y-6.pdf\">2014 &#8211; Mayo 5 y 6<\/a> <br \/><a href=\"https:\/\/grupomontevideo.org\/ndca\/ndevaluacioninstitucional\/wp-content\/uploads\/2016\/01\/ND-Planeamiento-Estrategico-ACTA-2013-octubre-7-y-8.pdf\">2013 &#8211; Octubre 7 y 8<\/a> <br \/><a href=\"https:\/\/grupomontevideo.org\/ndca\/ndevaluacioninstitucional\/wp-content\/uploads\/2016\/01\/ND-Planeamiento-Estrategico-ACTA-2013-mayo-9-y-10.pdf\">2013 &#8211; Mayo 9 y 10<\/a> <br \/><a href=\"https:\/\/grupomontevideo.org\/ndca\/ndevaluacioninstitucional\/wp-content\/uploads\/2016\/01\/ND-Planeamiento-Estrategico-ACTA-2012-noviembre-22-y-23.pdf\">2012 &#8211; Noviembre 22 y 23<\/a> <br \/><a href=\"https:\/\/grupomontevideo.org\/ndca\/ndevaluacioninstitucional\/wp-content\/uploads\/2016\/01\/ND-Planeamiento-Estrategico-ACTA-2012-mayo-3-y-4.pdf\">2012 &#8211; Mayo 3 y 4<\/a> <br \/><a href=\"https:\/\/grupomontevideo.org\/ndca\/ndevaluacioninstitucional\/wp-content\/uploads\/2016\/01\/ND-Planeamiento-Estrategico-ACTA-2011-octubre-18-y-19.pdf\">2011 &#8211; Octubre 18 y 19<\/a> <br \/><a href=\"https:\/\/grupomontevideo.org\/ndca\/ndevaluacioninstitucional\/wp-content\/uploads\/2016\/01\/ND-Planeamiento-Estrategico-ACTA-2011-marzo-2.pdf\">2011 &#8211; Marzo 2<\/a> <br \/><a href=\"https:\/\/grupomontevideo.org\/ndca\/ndevaluacioninstitucional\/wp-content\/uploads\/2016\/01\/ND-Planeamiento-Estrategico-ACTA-2010-octubre-4-y-5.pdf\">2010 &#8211; Octubre 4 y 5<\/a> <br \/><a href=\"https:\/\/grupomontevideo.org\/ndca\/ndevaluacioninstitucional\/wp-content\/uploads\/2016\/01\/ND-Planeamiento-Estrategico-ACTA-2008-setiembre-17.pdf\">2008 &#8211; Setiembre 17<\/a> <br \/><a href=\"https:\/\/grupomontevideo.org\/ndca\/ndevaluacioninstitucional\/wp-content\/uploads\/2016\/01\/ND-Planeamiento-Estrategico-ACTA-2006-mayo-16.pdf\">2006 &#8211; Mayo 16<\/a> <br \/><a href=\"https:\/\/grupomontevideo.org\/ndca\/ndevaluacioninstitucional\/wp-content\/uploads\/2016\/01\/ND-Planeamiento-Estrategico-ACTA-2005-setiembre-30.pdf\">2005 &#8211; Setiembre 30<\/a><\/p>\r\n<!-- wp:media-text -->\r\n<div class=\"wp-block-media-text alignwide is-stacked-on-mobile\">\r\n<figure class=\"wp-block-media-text__media\"><\/figure>\r\n<div class=\"wp-block-media-text__content\"><!-- wp:paragraph {\"placeholder\":\"Contenido\u2026\",\"fontSize\":\"large\"} -->\r\n<p class=\"has-large-font-size\">\u00a0<\/p>\r\n<\/div>\r\n<\/div><!-- \/wp:post-content -->","protected":false},"excerpt":{"rendered":"<p>\u00a0 2025 &#8211; Reuni\u00f3n N\u00b0 32 del N\u00facleo Disciplinario Acta 2025 &#8211; Reuni\u00f3n N\u00b0 31 del N\u00facleo Disciplinario Acta 2025 &#8211; Reuni\u00f3n N\u00b0 30 del&#8230;<\/p>\n","protected":false},"author":1,"featured_media":0,"parent":0,"menu_order":0,"comment_status":"closed","ping_status":"closed","template":"","meta":{"footnotes":""},"class_list":["post-234","page","type-page","status-publish","hentry"],"_links":{"self":[{"href":"https:\/\/grupomontevideo.org\/ndca\/ndevaluacioninstitucional\/index.php?rest_route=\/wp\/v2\/pages\/234","targetHints":{"allow":["GET"]}}],"collection":[{"href":"https:\/\/grupomontevideo.org\/ndca\/ndevaluacioninstitucional\/index.php?rest_route=\/wp\/v2\/pages"}],"about":[{"href":"https:\/\/grupomontevideo.org\/ndca\/ndevaluacioninstitucional\/index.php?rest_route=\/wp\/v2\/types\/page"}],"author":[{"embeddable":true,"href":"https:\/\/grupomontevideo.org\/ndca\/ndevaluacioninstitucional\/index.php?rest_route=\/wp\/v2\/users\/1"}],"replies":[{"embeddable":true,"href":"https:\/\/grupomontevideo.org\/ndca\/ndevaluacioninstitucional\/index.php?rest_route=%2Fwp%2Fv2%2Fcomments&post=234"}],"version-history":[{"count":2,"href":"https:\/\/grupomontevideo.org\/ndca\/ndevaluacioninstitucional\/index.php?rest_route=\/wp\/v2\/pages\/234\/revisions"}],"predecessor-version":[{"id":302,"href":"https:\/\/grupomontevideo.org\/ndca\/ndevaluacioninstitucional\/index.php?rest_route=\/wp\/v2\/pages\/234\/revisions\/302"}],"wp:attachment":[{"href":"https:\/\/grupomontevideo.org\/ndca\/ndevaluacioninstitucional\/index.php?rest_route=%2Fwp%2Fv2%2Fmedia&parent=234"}],"curies":[{"name":"wp","href":"https:\/\/api.w.org\/{rel}","templated":true}]}}