{"id":16,"date":"2015-12-04T19:36:59","date_gmt":"2015-12-04T19:36:59","guid":{"rendered":"http:\/\/grupomontevideo.org\/ndca\/caagroalimentario\/?page_id=16"},"modified":"2026-04-09T15:45:42","modified_gmt":"2026-04-09T15:45:42","slug":"integrantes","status":"publish","type":"page","link":"https:\/\/grupomontevideo.org\/ndca\/ndevaluacioninstitucional\/?page_id=16","title":{"rendered":"INTEGRANTES"},"content":{"rendered":"<div class=\"wp-block-group\">\r\n<div class=\"wp-block-group__inner-container\">\r\n<p><strong>Coordinado por la Universidad Nacional de San Luis:<\/strong><br \/><a href=\"mailto: oli.gagliardi@gmail.com\">Edilma Olinda Gagliardi<\/a><br \/><strong>Coordinaci\u00f3n Alterna Universidad Nacional de Cuyo:<\/strong><br \/><a href=\"mailto:mgonzalez@uncu.edu.ar\">Miguel Gonz\u00e1lez Gaviola<\/a><\/p>\r\n<hr \/>\r\n<p>&nbsp;<\/p>\r\n<p><strong>ARGENTINA:<\/strong><\/p>\r\n<p>Universidad de Buenos Aires (UBA):<br \/><a href=\"mailto:catin@fibertel.com.ar\">Mar\u00eda Catalina Nosiglia<\/a><\/p>\r\n<p>Universidad Nacional de C\u00f3rdoba (UNC):<br \/><a href=\"mailto:sabrina.sanchez@unc.edu.ar\">Sabrina S\u00e1nchez<\/a> &#8211; Designada 22.06.23<br \/><a href=\"mailto:federico.busleiman@unc.edu.ar\">Federico Busleiman<\/a> &#8211; Designado 22.06.23<\/p>\r\n<p>Universidad Nacional de Cuyo (UNCuyo):<br \/><a href=\"mailto:mgonzalez@uncu.edu.ar\">Miguel Gonz\u00e1lez Gaviola<\/a> &#8211; Designado 25.04.23<br \/><a href=\"mailto:aroggier@fcai.uncu.edu.ar\">Augusto Roggiero<\/a> &#8211; Designado 25.04.23<br \/><a href=\"mailto:marisaf@ffyl.uncu.edu.ar\">Marisa Carina Fazio<\/a> &#8211; Designada 25.04.23<br \/><a href=\"mailto:gluquez@uncu.edu.ar\">Gabriela L\u00faquez<\/a> &#8211; Designada 01.12.23<br \/><br \/>Universidad Nacional de Entre R\u00edos (UNER):<br \/><a href=\"mailto:cmantaras@bioingenieria.edu.ar?cc=sec.general@bioingenieria.edu.ar\">Mar\u00eda Carla Mantaras<\/a>\u00a0&#8211; Ratificada 31.10.18<br \/><a href=\"mailto:andregun@arnet.com.ar\">Gabriela Virginia Andretich<\/a> &#8211; Designada 31.10.18<\/p>\r\n<p>Universidad Nacional del Litoral (UNL):<br \/><a href=\"mailto:dcomba@unl.edu.ar;danielcomba@gmail.com\">Daniel Comba<\/a> &#8211; Ratificado 08.11.22<br \/><a href=\"mailto:abollati@unl.edu.ar\">Adri\u00e1n Bollati<\/a> &#8211; Ratificado 08.11.22<\/p>\r\n<p>Universidad Nacional de La Plata (UNLP):<br \/><a href=\"mailto:cjgior@gmail.com\">Carlos Giordano<\/a> &#8211; Designado 26.07.23<br \/><a href=\"mailto:rociotauber@gmail.com\">Roc\u00edo Tauber<\/a> &#8211; Designada 26.07.23<\/p>\r\n<p>Universidad Nacional de Mar del Plata (UNMdP):<br \/><a href=\"mail:cduran@rect.mdp.edu.ar\">Claudia Dur\u00e1n<\/a> &#8211; Designada 19.06.17<br \/><a href=\"mailto:hammondfernando@gmail.com\">Fernando Hammond<\/a> &#8211;\u00a0Designado 19.06.17<\/p>\r\n<p>Universidad Nacional del Nordeste (UNNE):<br \/><a href=\"mailto:sep@unne.edu.ar;blanca.sobol@comunidad.unne.edu.ar;blancasobol@gmail.com\">Blanca Sobol<\/a> &#8211; Designada 21.06.23<br \/><a href=\"mailto:secadministrativa@unne.edu.ar\">Anal\u00eda Falc\u00f3n<\/a> &#8211; Designada 21.06.23<\/p>\r\n<p>Universidad Nacional de Quilmes (UNQ):<br \/><a href=\"mailto:carmen.chiaradonna@unq.edu.ar\">Carmen Chiaradonna<\/a> &#8211; Designada 26.07.29<\/p>\r\n<p>Universidad Nacional de Rosario (UNR):<br \/><a href=\"mailto:calvosilvana@hotmail.com\">Silvana Calvo<\/a> &#8211; Ratificada 25.08.25<br \/><br \/><\/p>\r\n<p>Universidad Nacional del Sur (UNS):<br \/><a href=\"mailto:ghgonza@uns.edu.ar\">German Gonzalez <\/a>&#8211; Designado 27.02.25<br \/><a href=\"mailto:sara.mercado@uns.edu.ar\">Sara Mercado<\/a> &#8211; Designado 27.02.25<\/p>\r\n<p>Universidad Nacional de San Luis (UNSL):<br \/><a href=\"mailto: oli.gagliardi@gmail.com\">Edilma Olinda Gagliardi<\/a><a href=\"mailto:posgrado.humanidades@uns.edu.ar\"><br \/><\/a><\/p>\r\n<p><strong><br \/>BOLIVIA:<\/strong><\/p>\r\n<p>Universidad Mayor de San Sim\u00f3n (UMSS):<br \/><a href=\"mailto:a.choque@umss.edu\">Alex Choque Flores<\/a> &#8211; Designado 09.08.24<br \/><a href=\"mailto:v.alba@umss.edu\">Ver\u00f3nica Alba Ortu\u00f1o<\/a> &#8211; Designado 09.08.24<\/p>\r\n<p>Universidad San Francisco Xavier de Chuquisaca (USFX):<br \/><a href=\"mailto:rios.luis@usfx.bo\">Luis Alberto R\u00edos Solares<\/a> &#8211; Designado 14.09.21<strong><br \/><\/strong><\/p>\r\n<p><strong><br \/>BRASIL:<\/strong><\/p>\r\n<p>Universidade Federal de Goi\u00e1s (UFG):<br \/><a href=\"mailto:vicenterocha@ufg.br\">Vicente Rocha Soares Ferreira<\/a> &#8211; Designado 23.08.23<br \/><a href=\"mailto:danielarosim@ufg.br\">Daniela Rosim<\/a> &#8211; Designada 23.08.23<\/p>\r\n<p>Universidade Federal de Minas Gerais (UFMG):<br \/><a href=\"mailto:mgarcia@ufmg.br;info@proplan.ufmg.br\">Mauricio Freire Garcia<\/a> &#8211; Designada 18.07.22<\/p>\r\n<p>Universidade Federal de Paran\u00e1 (UFPR):<br \/><a href=\"mailto: mobettega@ufpr.br\">Maria Odete Bettega<\/a><br \/><a href=\"mailto:mazz@geoc.ufpr.br\">M\u00e1ria Aparecida Zanetti<\/a><\/p>\r\n<p>Universidade Federal de Rio Grande do Sul (UFRGS):<br \/><a href=\"mailto:claudia.rodrigues@sai.ufrgs.br\">Cl\u00e1udia Rodrigues<\/a><br \/><a href=\"mailto:dleite@ufrgs.br\">Denise Leite<\/a><\/p>\r\n<p>Universidade Federal de Rio do Janeiro (UFRJ):<br \/><a href=\"mailto:antoniojose@facc.ufrj.br\">Antonio Jos\u00e9 Barbosa de Oliveira<\/a> &#8211; Designado 01.04.21<br \/><a href=\"mailto:sergioargolo@facc.ufrj.br\">S\u00e9rgio Luiz de Argolo Bezerra<\/a> &#8211; Designado 01.04.21<br \/><a href=\"mailto:pohayon@facc.ufrj.br\">Pierre Ohayon<\/a> &#8211; Designado 01.04.21<\/p>\r\n<p>Universidade Federal do Sao Carlos (UFSCar):<br \/><a href=\"mailto:pedro@dep.ufscar.br\">Pedro Carlos Oprime<\/a> &#8211;<\/p>\r\n<p>Universidade Federal de Santa Mar\u00eda (UFSM):<br \/><a href=\"mailto:frank.casado@ufsm.br\">Frank Leonardo Casado<\/a><\/p>\r\n<p>Universidad de Brasilia (UnB):<br \/><a href=\"mailto:jeremias@unb.br\">Jeremias Pereira da Silva Arraes<\/a> &#8211; Designada 16.05.25<br \/><a href=\"mailto:rayanne@unb.br\">Rayanne Iris de Souza Paolichhi da Costa<\/a> &#8211; Designado 16.05.25<\/p>\r\n<p>Universidad Estadual de Campinas (UNICAMP):<br \/><a href=\"mailto:milenaps@unicamp.br\">Milena Serafim<\/a> &#8211; Designada 05.05.22<\/p>\r\n<p>Universidad Federal de Sao Paulo (UNIFESP):<br \/><a href=\"mailto:sylvia.batista@unifesp.br\">Sylvia Helena Souza da Silva Batista<\/a> &#8211; Designada 12.01.24<\/p>\r\n<p><strong><br \/>CHILE:<\/strong><\/p>\r\n<p>Universidad de Playa Ancha (UPLA):<br \/><a href=\"mailto:angela.fernandez@upla.cl\">Angela Fern\u00e1ndez Rojas<\/a> &#8211; Designada 09.11.22<br \/><br \/>Universidad de Santiago de Chile (USACH):<br \/><a href=\"mailto:humberto.verdejo@usach.cl\">Humberto Verdejo<\/a> &#8211; Designado 04.03.26<\/p>\r\n<p><strong><br \/>PARAGUAY:<\/strong><\/p>\r\n<p>Universidad Nacional de Asunci\u00f3n (UNA):<br \/><a href=\"mailto:vicedecano@facen.una.py;jagaleano28@gmail.com\">Javier Alcides Galeano S\u00e1nchez<\/a><br \/><a href=\"mailto:mleiva@facen.una.py\">Mario Leiva Enrique<\/a>\u00a0&#8211; Designado 06.04.22<\/p>\r\n<p>Universidad Nacional del Este (UNE):<br \/><a href=\"mailto:aldo_villalba@une.edu.py\">Aldo Joel Villalba<\/a> &#8211; Designado 19.04.21<br \/><a href=\"mailto:napovm@hotmail.com\">Napole\u00f3n Vel\u00e1zquez<\/a> &#8211; Designado 19.04.21<\/p>\r\n<p><strong><br \/>URUGUAY:<\/strong><\/p>\r\n<p>Universidad de la Rep\u00fablica (UdelaR):<br \/><a href=\"mailto:aporrini@oce.edu.uy\">Alba Porrini<\/a><br \/><a href=\"mailto:josepasa@gmail.com\">Jos\u00e9 Passarini<\/a> &#8211; Designado 15.08.19<\/p>\r\n<\/div>\r\n<\/div>\r\n<\/div>\r\n<\/div>\r\n<p>&nbsp;<\/p><!-- \/wp:group -->\r\n<div class=\"wp-block-columns\"><!-- wp:column {\"width\":\"100%\"} -->\r\n<div class=\"wp-block-column\" style=\"flex-basis: 100%;\"><!-- wp:group -->\r\n<div class=\"wp-block-group\">\r\n<div class=\"wp-block-group__inner-container\"><!-- wp:freeform -->\r\n<p><strong>Coordinado por la Universidad Nacional de San Luis:<\/strong><br \/><a href=\"mailto: oli.gagliardi@gmail.com\">Edilma Olinda Gagliardi<\/a><br \/><strong>Coordinaci\u00f3n Alterna Universidad Nacional de Cuyo:<\/strong><br \/><a href=\"mailto:mgonzalez@uncu.edu.ar\">Miguel Gonz\u00e1lez Gaviola<\/a><\/p>\r\n<hr \/>\r\n<p>&nbsp;<\/p>\r\n<p><strong>ARGENTINA:<\/strong><\/p>\r\n<p>Universidad de Buenos Aires (UBA):<br \/><a href=\"mailto:catin@fibertel.com.ar\">Mar\u00eda Catalina Nosiglia<\/a><\/p>\r\n<p>Universidad Nacional de C\u00f3rdoba (UNC):<br \/><a href=\"mailto:sabrina.sanchez@unc.edu.ar\">Sabrina S\u00e1nchez<\/a> &#8211; Designada 22.06.23<br \/><a href=\"mailto:federico.busleiman@unc.edu.ar\">Federico Busleiman<\/a> &#8211; Designado 22.06.23<\/p>\r\n<p>Universidad Nacional de Cuyo (UNCuyo):<br \/><a href=\"mailto:mgonzalez@uncu.edu.ar\">Miguel Gonz\u00e1lez Gaviola<\/a> &#8211; Designado 25.04.23<br \/><a href=\"mailto:aroggier@fcai.uncu.edu.ar\">Augusto Roggiero<\/a> &#8211; Designado 25.04.23<br \/><a href=\"mailto:marisaf@ffyl.uncu.edu.ar\">Marisa Carina Fazio<\/a> &#8211; Designada 25.04.23<br \/><a href=\"mailto:gluquez@uncu.edu.ar\">Gabriela L\u00faquez<\/a> &#8211; Designada 01.12.23<br \/><br \/>Universidad Nacional de Entre R\u00edos (UNER):<br \/><a href=\"mailto:cmantaras@bioingenieria.edu.ar?cc=sec.general@bioingenieria.edu.ar\">Mar\u00eda Carla Mantaras<\/a>\u00a0&#8211; Ratificada 31.10.18<br \/><a href=\"mailto:andregun@arnet.com.ar\">Gabriela Virginia Andretich<\/a> &#8211; Designada 31.10.18<\/p>\r\n<p>Universidad Nacional del Litoral (UNL):<br \/><a href=\"mailto:dcomba@unl.edu.ar;danielcomba@gmail.com\">Daniel Comba<\/a> &#8211; Ratificado 08.11.22<br \/><a href=\"mailto:abollati@unl.edu.ar\">Adri\u00e1n Bollati<\/a> &#8211; Ratificado 08.11.22<\/p>\r\n<p>Universidad Nacional de La Plata (UNLP):<br \/><a href=\"mailto:cjgior@gmail.com\">Carlos Giordano<\/a> &#8211; Designado 26.07.23<br \/><a href=\"mailto:rociotauber@gmail.com\">Roc\u00edo Tauber<\/a> &#8211; Designada 26.07.23<\/p>\r\n<p>Universidad Nacional de Mar del Plata (UNMdP):<br \/><a href=\"mail:cduran@rect.mdp.edu.ar\">Claudia Dur\u00e1n<\/a> &#8211; Designada 19.06.17<br \/><a href=\"mailto:hammondfernando@gmail.com\">Fernando Hammond<\/a> &#8211;\u00a0Designado 19.06.17<\/p>\r\n<p>Universidad Nacional del Nordeste (UNNE):<br \/><a href=\"mailto:sep@unne.edu.ar;blanca.sobol@comunidad.unne.edu.ar;blancasobol@gmail.com\">Blanca Sobol<\/a> &#8211; Designada 21.06.23<br \/><a href=\"mailto:secadministrativa@unne.edu.ar\">Anal\u00eda Falc\u00f3n<\/a> &#8211; Designada 21.06.23<\/p>\r\n<p>Universidad Nacional de Quilmes (UNQ):<br \/><a href=\"mailto:carmen.chiaradonna@unq.edu.ar\">Carmen Chiaradonna<\/a> &#8211; Designada 26.07.29<\/p>\r\n<p>Universidad Nacional de Rosario (UNR):<br \/><a href=\"mailto:calvosilvana@hotmail.com\">Silvana Calvo<\/a> &#8211; Ratificada 25.08.25<br \/><br \/><\/p>\r\n<p>Universidad Nacional del Sur (UNS):<br \/><a href=\"mailto:ghgonza@uns.edu.ar\">German Gonzalez <\/a>&#8211; Designado 27.02.25<br \/><a href=\"mailto:sara.mercado@uns.edu.ar\">Sara Mercado<\/a> &#8211; Designado 27.02.25<\/p>\r\n<p>Universidad Nacional de San Luis (UNSL):<br \/><a href=\"mailto: oli.gagliardi@gmail.com\">Edilma Olinda Gagliardi<\/a><a href=\"mailto:posgrado.humanidades@uns.edu.ar\"><br \/><\/a><\/p>\r\n<p><strong><br \/>BOLIVIA:<\/strong><\/p>\r\n<p>Universidad Mayor de San Sim\u00f3n (UMSS):<br \/><a href=\"mailto:a.choque@umss.edu\">Alex Choque Flores<\/a> &#8211; Designado 09.08.24<br \/><a href=\"mailto:v.alba@umss.edu\">Ver\u00f3nica Alba Ortu\u00f1o<\/a> &#8211; Designado 09.08.24<\/p>\r\n<p>Universidad San Francisco Xavier de Chuquisaca (USFX):<br \/><a href=\"mailto:rios.luis@usfx.bo\">Luis Alberto R\u00edos Solares<\/a> &#8211; Designado 14.09.21<strong><br \/><\/strong><\/p>\r\n<p><strong><br \/>BRASIL:<\/strong><\/p>\r\n<p>Universidade Federal de Goi\u00e1s (UFG):<br \/><a href=\"mailto:vicenterocha@ufg.br\">Vicente Rocha Soares Ferreira<\/a> &#8211; Designado 23.08.23<br \/><a href=\"mailto:danielarosim@ufg.br\">Daniela Rosim<\/a> &#8211; Designada 23.08.23<\/p>\r\n<p>Universidade Federal de Minas Gerais (UFMG):<br \/><a href=\"mailto:mgarcia@ufmg.br;info@proplan.ufmg.br\">Mauricio Freire Garcia<\/a> &#8211; Designada 18.07.22<\/p>\r\n<p>Universidade Federal de Paran\u00e1 (UFPR):<br \/><a href=\"mailto: mobettega@ufpr.br\">Maria Odete Bettega<\/a><br \/><a href=\"mailto:mazz@geoc.ufpr.br\">M\u00e1ria Aparecida Zanetti<\/a><\/p>\r\n<p>Universidade Federal de Rio Grande do Sul (UFRGS):<br \/><a href=\"mailto:claudia.rodrigues@sai.ufrgs.br\">Cl\u00e1udia Rodrigues<\/a><br \/><a href=\"mailto:dleite@ufrgs.br\">Denise Leite<\/a><\/p>\r\n<p>Universidade Federal de Rio do Janeiro (UFRJ):<br \/><a href=\"mailto:antoniojose@facc.ufrj.br\">Antonio Jos\u00e9 Barbosa de Oliveira<\/a> &#8211; Designado 01.04.21<br \/><a href=\"mailto:sergioargolo@facc.ufrj.br\">S\u00e9rgio Luiz de Argolo Bezerra<\/a> &#8211; Designado 01.04.21<br \/><a href=\"mailto:pohayon@facc.ufrj.br\">Pierre Ohayon<\/a> &#8211; Designado 01.04.21<\/p>\r\n<p>Universidade Federal do Sao Carlos (UFSCar):<br \/><a href=\"mailto:pedro@dep.ufscar.br\">Pedro Carlos Oprime<\/a> &#8211;<\/p>\r\n<p>Universidade Federal de Santa Mar\u00eda (UFSM):<br \/><a href=\"mailto:frank.casado@ufsm.br\">Frank Leonardo Casado<\/a><\/p>\r\n<p>Universidad de Brasilia (UnB):<br \/><a href=\"mailto:jeremias@unb.br\">Jeremias Pereira da Silva Arraes<\/a> &#8211; Designada 16.05.25<br \/><a href=\"mailto:rayanne@unb.br\">Rayanne Iris de Souza Paolichhi da Costa<\/a> &#8211; Designado 16.05.25<\/p>\r\n<p>Universidad Estadual de Campinas (UNICAMP):<br \/><a href=\"mailto:milenaps@unicamp.br\">Milena Serafim<\/a> &#8211; Designada 05.05.22<\/p>\r\n<p>Universidad Federal de Sao Paulo (UNIFESP):<br \/><a href=\"mailto:sylvia.batista@unifesp.br\">Sylvia Helena Souza da Silva Batista<\/a> &#8211; Designada 12.01.24<\/p>\r\n<p><strong><br \/>CHILE:<\/strong><\/p>\r\n<p>Universidad de Playa Ancha (UPLA):<br \/><a href=\"mailto:angela.fernandez@upla.cl\">Angela Fern\u00e1ndez Rojas<\/a> &#8211; Designada 09.11.22<br \/><br \/>Universidad de Santiago de Chile (USACH):<br \/><a href=\"mailto:humberto.verdejo@usach.cl\">Humberto Verdejo<\/a> &#8211; Designado 04.03.26<\/p>\r\n<p><strong><br \/>PARAGUAY:<\/strong><\/p>\r\n<p>Universidad Nacional de Asunci\u00f3n (UNA):<br \/><a href=\"mailto:vicedecano@facen.una.py;jagaleano28@gmail.com\">Javier Alcides Galeano S\u00e1nchez<\/a><br \/><a href=\"mailto:mleiva@facen.una.py\">Mario Leiva Enrique<\/a>\u00a0&#8211; Designado 06.04.22<\/p>\r\n<p>Universidad Nacional del Este (UNE):<br \/><a href=\"mailto:aldo_villalba@une.edu.py\">Aldo Joel Villalba<\/a> &#8211; Designado 19.04.21<br \/><a href=\"mailto:napovm@hotmail.com\">Napole\u00f3n Vel\u00e1zquez<\/a> &#8211; Designado 19.04.21<\/p>\r\n<p><strong><br \/>URUGUAY:<\/strong><\/p>\r\n<p>Universidad de la Rep\u00fablica (UdelaR):<br \/><a href=\"mailto:aporrini@oce.edu.uy\">Alba Porrini<\/a><br \/><a href=\"mailto:josepasa@gmail.com\">Jos\u00e9 Passarini<\/a> &#8211; Designado 15.08.19<\/p>\r\n<\/div>\r\n<\/div>\r\n<\/div>\r\n<\/div>\r\n<p>&nbsp;<\/p><!-- \/wp:post-content --><!-- \/wp:column --><p>&nbsp;<\/p>\r\n<!-- wp:columns -->\r\n<div class=\"wp-block-columns\"><!-- wp:column {\"width\":\"100%\"} -->\r\n<div class=\"wp-block-column\" style=\"flex-basis: 100%;\"><!-- wp:group -->\r\n<div class=\"wp-block-group\">\r\n<div class=\"wp-block-group__inner-container\"><!-- wp:freeform -->\r\n<p><strong>Coordinado por la Universidad Nacional de San Luis:<\/strong><br \/><a href=\"mailto: oli.gagliardi@gmail.com\">Edilma Olinda Gagliardi<\/a><br \/><strong>Coordinaci\u00f3n Alterna Universidad Nacional de Cuyo:<\/strong><br \/><a href=\"mailto:mgonzalez@uncu.edu.ar\">Miguel Gonz\u00e1lez Gaviola<\/a><\/p>\r\n<hr \/>\r\n<p>&nbsp;<\/p>\r\n<p><strong>ARGENTINA:<\/strong><\/p>\r\n<p>Universidad de Buenos Aires (UBA):<br \/><a href=\"mailto:catin@fibertel.com.ar\">Mar\u00eda Catalina Nosiglia<\/a><\/p>\r\n<p>Universidad Nacional de C\u00f3rdoba (UNC):<br \/><a href=\"mailto:sabrina.sanchez@unc.edu.ar\">Sabrina S\u00e1nchez<\/a> &#8211; Designada 22.06.23<br \/><a href=\"mailto:federico.busleiman@unc.edu.ar\">Federico Busleiman<\/a> &#8211; Designado 22.06.23<\/p>\r\n<p>Universidad Nacional de Cuyo (UNCuyo):<br \/><a href=\"mailto:mgonzalez@uncu.edu.ar\">Miguel Gonz\u00e1lez Gaviola<\/a> &#8211; Designado 25.04.23<br \/><a href=\"mailto:aroggier@fcai.uncu.edu.ar\">Augusto Roggiero<\/a> &#8211; Designado 25.04.23<br \/><a href=\"mailto:marisaf@ffyl.uncu.edu.ar\">Marisa Carina Fazio<\/a> &#8211; Designada 25.04.23<br \/><a href=\"mailto:gluquez@uncu.edu.ar\">Gabriela L\u00faquez<\/a> &#8211; Designada 01.12.23<br \/><br \/>Universidad Nacional de Entre R\u00edos (UNER):<br \/><a href=\"mailto:cmantaras@bioingenieria.edu.ar?cc=sec.general@bioingenieria.edu.ar\">Mar\u00eda Carla Mantaras<\/a>\u00a0&#8211; Ratificada 31.10.18<br \/><a href=\"mailto:andregun@arnet.com.ar\">Gabriela Virginia Andretich<\/a> &#8211; Designada 31.10.18<\/p>\r\n<p>Universidad Nacional del Litoral (UNL):<br \/><a href=\"mailto:dcomba@unl.edu.ar;danielcomba@gmail.com\">Daniel Comba<\/a> &#8211; Ratificado 08.11.22<br \/><a href=\"mailto:abollati@unl.edu.ar\">Adri\u00e1n Bollati<\/a> &#8211; Ratificado 08.11.22<\/p>\r\n<p>Universidad Nacional de La Plata (UNLP):<br \/><a href=\"mailto:cjgior@gmail.com\">Carlos Giordano<\/a> &#8211; Designado 26.07.23<br \/><a href=\"mailto:rociotauber@gmail.com\">Roc\u00edo Tauber<\/a> &#8211; Designada 26.07.23<\/p>\r\n<p>Universidad Nacional de Mar del Plata (UNMdP):<br \/><a href=\"mail:cduran@rect.mdp.edu.ar\">Claudia Dur\u00e1n<\/a> &#8211; Designada 19.06.17<br \/><a href=\"mailto:hammondfernando@gmail.com\">Fernando Hammond<\/a> &#8211;\u00a0Designado 19.06.17<\/p>\r\n<p>Universidad Nacional del Nordeste (UNNE):<br \/><a href=\"mailto:sep@unne.edu.ar;blanca.sobol@comunidad.unne.edu.ar;blancasobol@gmail.com\">Blanca Sobol<\/a> &#8211; Designada 21.06.23<br \/><a href=\"mailto:secadministrativa@unne.edu.ar\">Anal\u00eda Falc\u00f3n<\/a> &#8211; Designada 21.06.23<\/p>\r\n<p>Universidad Nacional de Quilmes (UNQ):<br \/><a href=\"mailto:carmen.chiaradonna@unq.edu.ar\">Carmen Chiaradonna<\/a> &#8211; Designada 26.07.29<\/p>\r\n<p>Universidad Nacional de Rosario (UNR):<br \/><a href=\"mailto:calvosilvana@hotmail.com\">Silvana Calvo<\/a> &#8211; Ratificada 25.08.25<br \/><br \/><\/p>\r\n<p>Universidad Nacional del Sur (UNS):<br \/><a href=\"mailto:ghgonza@uns.edu.ar\">German Gonzalez <\/a>&#8211; Designado 27.02.25<br \/><a href=\"mailto:sara.mercado@uns.edu.ar\">Sara Mercado<\/a> &#8211; Designado 27.02.25<\/p>\r\n<p>Universidad Nacional de San Luis (UNSL):<br \/><a href=\"mailto: oli.gagliardi@gmail.com\">Edilma Olinda Gagliardi<\/a><a href=\"mailto:posgrado.humanidades@uns.edu.ar\"><br \/><\/a><\/p>\r\n<p><strong><br \/>BOLIVIA:<\/strong><\/p>\r\n<p>Universidad Mayor de San Sim\u00f3n (UMSS):<br \/><a href=\"mailto:a.choque@umss.edu\">Alex Choque Flores<\/a> &#8211; Designado 09.08.24<br \/><a href=\"mailto:v.alba@umss.edu\">Ver\u00f3nica Alba Ortu\u00f1o<\/a> &#8211; Designado 09.08.24<\/p>\r\n<p>Universidad San Francisco Xavier de Chuquisaca (USFX):<br \/><a href=\"mailto:rios.luis@usfx.bo\">Luis Alberto R\u00edos Solares<\/a> &#8211; Designado 14.09.21<strong><br \/><\/strong><\/p>\r\n<p><strong><br \/>BRASIL:<\/strong><\/p>\r\n<p>Universidade Federal de Goi\u00e1s (UFG):<br \/><a href=\"mailto:vicenterocha@ufg.br\">Vicente Rocha Soares Ferreira<\/a> &#8211; Designado 23.08.23<br \/><a href=\"mailto:danielarosim@ufg.br\">Daniela Rosim<\/a> &#8211; Designada 23.08.23<\/p>\r\n<p>Universidade Federal de Minas Gerais (UFMG):<br \/><a href=\"mailto:mgarcia@ufmg.br;info@proplan.ufmg.br\">Mauricio Freire Garcia<\/a> &#8211; Designada 18.07.22<\/p>\r\n<p>Universidade Federal de Paran\u00e1 (UFPR):<br \/><a href=\"mailto: mobettega@ufpr.br\">Maria Odete Bettega<\/a><br \/><a href=\"mailto:mazz@geoc.ufpr.br\">M\u00e1ria Aparecida Zanetti<\/a><\/p>\r\n<p>Universidade Federal de Rio Grande do Sul (UFRGS):<br \/><a href=\"mailto:claudia.rodrigues@sai.ufrgs.br\">Cl\u00e1udia Rodrigues<\/a><br \/><a href=\"mailto:dleite@ufrgs.br\">Denise Leite<\/a><\/p>\r\n<p>Universidade Federal de Rio do Janeiro (UFRJ):<br \/><a href=\"mailto:antoniojose@facc.ufrj.br\">Antonio Jos\u00e9 Barbosa de Oliveira<\/a> &#8211; Designado 01.04.21<br \/><a href=\"mailto:sergioargolo@facc.ufrj.br\">S\u00e9rgio Luiz de Argolo Bezerra<\/a> &#8211; Designado 01.04.21<br \/><a href=\"mailto:pohayon@facc.ufrj.br\">Pierre Ohayon<\/a> &#8211; Designado 01.04.21<\/p>\r\n<p>Universidade Federal do Sao Carlos (UFSCar):<br \/><a href=\"mailto:pedro@dep.ufscar.br\">Pedro Carlos Oprime<\/a> &#8211;<\/p>\r\n<p>Universidade Federal de Santa Mar\u00eda (UFSM):<br \/><a href=\"mailto:frank.casado@ufsm.br\">Frank Leonardo Casado<\/a><\/p>\r\n<p>Universidad de Brasilia (UnB):<br \/><a href=\"mailto:jeremias@unb.br\">Jeremias Pereira da Silva Arraes<\/a> &#8211; Designada 16.05.25<br \/><a href=\"mailto:rayanne@unb.br\">Rayanne Iris de Souza Paolichhi da Costa<\/a> &#8211; Designado 16.05.25<\/p>\r\n<p>Universidad Estadual de Campinas (UNICAMP):<br \/><a href=\"mailto:milenaps@unicamp.br\">Milena Serafim<\/a> &#8211; Designada 05.05.22<\/p>\r\n<p>Universidad Federal de Sao Paulo (UNIFESP):<br \/><a href=\"mailto:sylvia.batista@unifesp.br\">Sylvia Helena Souza da Silva Batista<\/a> &#8211; Designada 12.01.24<\/p>\r\n<p><strong><br \/>CHILE:<\/strong><\/p>\r\n<p>Universidad de Playa Ancha (UPLA):<br \/><a href=\"mailto:angela.fernandez@upla.cl\">Angela Fern\u00e1ndez Rojas<\/a> &#8211; Designada 09.11.22<br \/><br \/>Universidad de Santiago de Chile (USACH):<br \/><a href=\"mailto:humberto.verdejo@usach.cl\">Humberto Verdejo<\/a> &#8211; Designado 04.03.26<\/p>\r\n<p><strong><br \/>PARAGUAY:<\/strong><\/p>\r\n<p>Universidad Nacional de Asunci\u00f3n (UNA):<br \/><a href=\"mailto:vicedecano@facen.una.py;jagaleano28@gmail.com\">Javier Alcides Galeano S\u00e1nchez<\/a><br \/><a href=\"mailto:mleiva@facen.una.py\">Mario Leiva Enrique<\/a>\u00a0&#8211; Designado 06.04.22<\/p>\r\n<p>Universidad Nacional del Este (UNE):<br \/><a href=\"mailto:aldo_villalba@une.edu.py\">Aldo Joel Villalba<\/a> &#8211; Designado 19.04.21<br \/><a href=\"mailto:napovm@hotmail.com\">Napole\u00f3n Vel\u00e1zquez<\/a> &#8211; Designado 19.04.21<\/p>\r\n<p><strong><br \/>URUGUAY:<\/strong><\/p>\r\n<p>Universidad de la Rep\u00fablica (UdelaR):<br \/><a href=\"mailto:aporrini@oce.edu.uy\">Alba Porrini<\/a><br \/><a href=\"mailto:josepasa@gmail.com\">Jos\u00e9 Passarini<\/a> &#8211; Designado 15.08.19<\/p>\r\n<\/div>\r\n<\/div>\r\n<\/div>\r\n<\/div>\r\n<p>&nbsp;<\/p><!-- \/wp:post-content --><!-- \/wp:columns --><!-- wp:post-content --><p>&nbsp;<\/p>\r\n<!-- wp:columns -->\r\n<div class=\"wp-block-columns\"><!-- wp:column {\"width\":\"100%\"} -->\r\n<div class=\"wp-block-column\" style=\"flex-basis: 100%;\"><!-- wp:group -->\r\n<div class=\"wp-block-group\">\r\n<div class=\"wp-block-group__inner-container\"><!-- wp:freeform -->\r\n<p><strong>Coordinado por la Universidad Nacional de San Luis:<\/strong><br \/><a href=\"mailto: oli.gagliardi@gmail.com\">Edilma Olinda Gagliardi<\/a><br \/><strong>Coordinaci\u00f3n Alterna Universidad Nacional de Cuyo:<\/strong><br \/><a href=\"mailto:mgonzalez@uncu.edu.ar\">Miguel Gonz\u00e1lez Gaviola<\/a><\/p>\r\n<hr \/>\r\n<p>&nbsp;<\/p>\r\n<p><strong>ARGENTINA:<\/strong><\/p>\r\n<p>Universidad de Buenos Aires (UBA):<br \/><a href=\"mailto:catin@fibertel.com.ar\">Mar\u00eda Catalina Nosiglia<\/a><\/p>\r\n<p>Universidad Nacional de C\u00f3rdoba (UNC):<br \/><a href=\"mailto:sabrina.sanchez@unc.edu.ar\">Sabrina S\u00e1nchez<\/a> &#8211; Designada 22.06.23<br \/><a href=\"mailto:federico.busleiman@unc.edu.ar\">Federico Busleiman<\/a> &#8211; Designado 22.06.23<\/p>\r\n<p>Universidad Nacional de Cuyo (UNCuyo):<br \/><a href=\"mailto:mgonzalez@uncu.edu.ar\">Miguel Gonz\u00e1lez Gaviola<\/a> &#8211; Designado 25.04.23<br \/><a href=\"mailto:aroggier@fcai.uncu.edu.ar\">Augusto Roggiero<\/a> &#8211; Designado 25.04.23<br \/><a href=\"mailto:marisaf@ffyl.uncu.edu.ar\">Marisa Carina Fazio<\/a> &#8211; Designada 25.04.23<br \/><a href=\"mailto:gluquez@uncu.edu.ar\">Gabriela L\u00faquez<\/a> &#8211; Designada 01.12.23<br \/><br \/>Universidad Nacional de Entre R\u00edos (UNER):<br \/><a href=\"mailto:cmantaras@bioingenieria.edu.ar?cc=sec.general@bioingenieria.edu.ar\">Mar\u00eda Carla Mantaras<\/a>\u00a0&#8211; Ratificada 31.10.18<br \/><a href=\"mailto:andregun@arnet.com.ar\">Gabriela Virginia Andretich<\/a> &#8211; Designada 31.10.18<\/p>\r\n<p>Universidad Nacional del Litoral (UNL):<br \/><a href=\"mailto:dcomba@unl.edu.ar;danielcomba@gmail.com\">Daniel Comba<\/a> &#8211; Ratificado 08.11.22<br \/><a href=\"mailto:abollati@unl.edu.ar\">Adri\u00e1n Bollati<\/a> &#8211; Ratificado 08.11.22<\/p>\r\n<p>Universidad Nacional de La Plata (UNLP):<br \/><a href=\"mailto:cjgior@gmail.com\">Carlos Giordano<\/a> &#8211; Designado 26.07.23<br \/><a href=\"mailto:rociotauber@gmail.com\">Roc\u00edo Tauber<\/a> &#8211; Designada 26.07.23<\/p>\r\n<p>Universidad Nacional de Mar del Plata (UNMdP):<br \/><a href=\"mail:cduran@rect.mdp.edu.ar\">Claudia Dur\u00e1n<\/a> &#8211; Designada 19.06.17<br \/><a href=\"mailto:hammondfernando@gmail.com\">Fernando Hammond<\/a> &#8211;\u00a0Designado 19.06.17<\/p>\r\n<p>Universidad Nacional del Nordeste (UNNE):<br \/><a href=\"mailto:sep@unne.edu.ar;blanca.sobol@comunidad.unne.edu.ar;blancasobol@gmail.com\">Blanca Sobol<\/a> &#8211; Designada 21.06.23<br \/><a href=\"mailto:secadministrativa@unne.edu.ar\">Anal\u00eda Falc\u00f3n<\/a> &#8211; Designada 21.06.23<\/p>\r\n<p>Universidad Nacional de Quilmes (UNQ):<br \/><a href=\"mailto:carmen.chiaradonna@unq.edu.ar\">Carmen Chiaradonna<\/a> &#8211; Designada 26.07.29<\/p>\r\n<p>Universidad Nacional de Rosario (UNR):<br \/><a href=\"mailto:calvosilvana@hotmail.com\">Silvana Calvo<\/a> &#8211; Ratificada 25.08.25<br \/><br \/><\/p>\r\n<p>Universidad Nacional del Sur (UNS):<br \/><a href=\"mailto:ghgonza@uns.edu.ar\">German Gonzalez <\/a>&#8211; Designado 27.02.25<br \/><a href=\"mailto:sara.mercado@uns.edu.ar\">Sara Mercado<\/a> &#8211; Designado 27.02.25<\/p>\r\n<p>Universidad Nacional de San Luis (UNSL):<br \/><a href=\"mailto: oli.gagliardi@gmail.com\">Edilma Olinda Gagliardi<\/a><a href=\"mailto:posgrado.humanidades@uns.edu.ar\"><br \/><\/a><\/p>\r\n<p><strong><br \/>BOLIVIA:<\/strong><\/p>\r\n<p>Universidad Mayor de San Sim\u00f3n (UMSS):<br \/><a href=\"mailto:a.choque@umss.edu\">Alex Choque Flores<\/a> &#8211; Designado 09.08.24<br \/><a href=\"mailto:v.alba@umss.edu\">Ver\u00f3nica Alba Ortu\u00f1o<\/a> &#8211; Designado 09.08.24<\/p>\r\n<p>Universidad San Francisco Xavier de Chuquisaca (USFX):<br \/><a href=\"mailto:rios.luis@usfx.bo\">Luis Alberto R\u00edos Solares<\/a> &#8211; Designado 14.09.21<strong><br \/><\/strong><\/p>\r\n<p><strong><br \/>BRASIL:<\/strong><\/p>\r\n<p>Universidade Federal de Goi\u00e1s (UFG):<br \/><a href=\"mailto:vicenterocha@ufg.br\">Vicente Rocha Soares Ferreira<\/a> &#8211; Designado 23.08.23<br \/><a href=\"mailto:danielarosim@ufg.br\">Daniela Rosim<\/a> &#8211; Designada 23.08.23<\/p>\r\n<p>Universidade Federal de Minas Gerais (UFMG):<br \/><a href=\"mailto:mgarcia@ufmg.br;info@proplan.ufmg.br\">Mauricio Freire Garcia<\/a> &#8211; Designada 18.07.22<\/p>\r\n<p>Universidade Federal de Paran\u00e1 (UFPR):<br \/><a href=\"mailto: mobettega@ufpr.br\">Maria Odete Bettega<\/a><br \/><a href=\"mailto:mazz@geoc.ufpr.br\">M\u00e1ria Aparecida Zanetti<\/a><\/p>\r\n<p>Universidade Federal de Rio Grande do Sul (UFRGS):<br \/><a href=\"mailto:claudia.rodrigues@sai.ufrgs.br\">Cl\u00e1udia Rodrigues<\/a><br \/><a href=\"mailto:dleite@ufrgs.br\">Denise Leite<\/a><\/p>\r\n<p>Universidade Federal de Rio do Janeiro (UFRJ):<br \/><a href=\"mailto:antoniojose@facc.ufrj.br\">Antonio Jos\u00e9 Barbosa de Oliveira<\/a> &#8211; Designado 01.04.21<br \/><a href=\"mailto:sergioargolo@facc.ufrj.br\">S\u00e9rgio Luiz de Argolo Bezerra<\/a> &#8211; Designado 01.04.21<br \/><a href=\"mailto:pohayon@facc.ufrj.br\">Pierre Ohayon<\/a> &#8211; Designado 01.04.21<\/p>\r\n<p>Universidade Federal do Sao Carlos (UFSCar):<br \/><a href=\"mailto:pedro@dep.ufscar.br\">Pedro Carlos Oprime<\/a> &#8211;<\/p>\r\n<p>Universidade Federal de Santa Mar\u00eda (UFSM):<br \/><a href=\"mailto:frank.casado@ufsm.br\">Frank Leonardo Casado<\/a><\/p>\r\n<p>Universidad de Brasilia (UnB):<br \/><a href=\"mailto:jeremias@unb.br\">Jeremias Pereira da Silva Arraes<\/a> &#8211; Designada 16.05.25<br \/><a href=\"mailto:rayanne@unb.br\">Rayanne Iris de Souza Paolichhi da Costa<\/a> &#8211; Designado 16.05.25<\/p>\r\n<p>Universidad Estadual de Campinas (UNICAMP):<br \/><a href=\"mailto:milenaps@unicamp.br\">Milena Serafim<\/a> &#8211; Designada 05.05.22<\/p>\r\n<p>Universidad Federal de Sao Paulo (UNIFESP):<br \/><a href=\"mailto:sylvia.batista@unifesp.br\">Sylvia Helena Souza da Silva Batista<\/a> &#8211; Designada 12.01.24<\/p>\r\n<p><strong><br \/>CHILE:<\/strong><\/p>\r\n<p>Universidad de Playa Ancha (UPLA):<br \/><a href=\"mailto:angela.fernandez@upla.cl\">Angela Fern\u00e1ndez Rojas<\/a> &#8211; Designada 09.11.22<br \/><br \/>Universidad de Santiago de Chile (USACH):<br \/><a href=\"mailto:humberto.verdejo@usach.cl\">Humberto Verdejo<\/a> &#8211; Designado 04.03.26<\/p>\r\n<p><strong><br \/>PARAGUAY:<\/strong><\/p>\r\n<p>Universidad Nacional de Asunci\u00f3n (UNA):<br \/><a href=\"mailto:vicedecano@facen.una.py;jagaleano28@gmail.com\">Javier Alcides Galeano S\u00e1nchez<\/a><br \/><a href=\"mailto:mleiva@facen.una.py\">Mario Leiva Enrique<\/a>\u00a0&#8211; Designado 06.04.22<\/p>\r\n<p>Universidad Nacional del Este (UNE):<br \/><a href=\"mailto:aldo_villalba@une.edu.py\">Aldo Joel Villalba<\/a> &#8211; Designado 19.04.21<br \/><a href=\"mailto:napovm@hotmail.com\">Napole\u00f3n Vel\u00e1zquez<\/a> &#8211; Designado 19.04.21<\/p>\r\n<p><strong><br \/>URUGUAY:<\/strong><\/p>\r\n<p>Universidad de la Rep\u00fablica (UdelaR):<br \/><a href=\"mailto:aporrini@oce.edu.uy\">Alba Porrini<\/a><br \/><a href=\"mailto:josepasa@gmail.com\">Jos\u00e9 Passarini<\/a> &#8211; Designado 15.08.19<\/p>\r\n<\/div>\r\n<\/div>\r\n<\/div>\r\n<\/div>\r\n<p>&nbsp;<\/p><!-- \/wp:post-content -->","protected":false},"excerpt":{"rendered":"<p>Coordinado por la Universidad Nacional de San Luis:Edilma Olinda GagliardiCoordinaci\u00f3n Alterna Universidad Nacional de Cuyo:Miguel Gonz\u00e1lez Gaviola &nbsp; ARGENTINA: Universidad de Buenos Aires (UBA):Mar\u00eda Catalina&#8230;<\/p>\n","protected":false},"author":1,"featured_media":0,"parent":0,"menu_order":0,"comment_status":"closed","ping_status":"closed","template":"","meta":{"footnotes":""},"class_list":["post-16","page","type-page","status-publish","hentry"],"_links":{"self":[{"href":"https:\/\/grupomontevideo.org\/ndca\/ndevaluacioninstitucional\/index.php?rest_route=\/wp\/v2\/pages\/16","targetHints":{"allow":["GET"]}}],"collection":[{"href":"https:\/\/grupomontevideo.org\/ndca\/ndevaluacioninstitucional\/index.php?rest_route=\/wp\/v2\/pages"}],"about":[{"href":"https:\/\/grupomontevideo.org\/ndca\/ndevaluacioninstitucional\/index.php?rest_route=\/wp\/v2\/types\/page"}],"author":[{"embeddable":true,"href":"https:\/\/grupomontevideo.org\/ndca\/ndevaluacioninstitucional\/index.php?rest_route=\/wp\/v2\/users\/1"}],"replies":[{"embeddable":true,"href":"https:\/\/grupomontevideo.org\/ndca\/ndevaluacioninstitucional\/index.php?rest_route=%2Fwp%2Fv2%2Fcomments&post=16"}],"version-history":[{"count":80,"href":"https:\/\/grupomontevideo.org\/ndca\/ndevaluacioninstitucional\/index.php?rest_route=\/wp\/v2\/pages\/16\/revisions"}],"predecessor-version":[{"id":226,"href":"https:\/\/grupomontevideo.org\/ndca\/ndevaluacioninstitucional\/index.php?rest_route=\/wp\/v2\/pages\/16\/revisions\/226"}],"wp:attachment":[{"href":"https:\/\/grupomontevideo.org\/ndca\/ndevaluacioninstitucional\/index.php?rest_route=%2Fwp%2Fv2%2Fmedia&parent=16"}],"curies":[{"name":"wp","href":"https:\/\/api.w.org\/{rel}","templated":true}]}}