{"id":171,"date":"2019-11-18T14:20:50","date_gmt":"2019-11-18T14:20:50","guid":{"rendered":"http:\/\/grupomontevideo.org\/ndca\/ndeducacionparalaintegracion\/?page_id=171"},"modified":"2025-12-08T14:16:18","modified_gmt":"2025-12-08T14:16:18","slug":"revista-digital-politicas-linguisticas","status":"publish","type":"page","link":"https:\/\/grupomontevideo.org\/ndca\/ndeducacionparalaintegracion\/?page_id=171","title":{"rendered":"Revista Digital Pol\u00edticas Ling\u00fc\u00edsticas"},"content":{"rendered":"<p>La revista utiliza una licencia CC BY-NC-ND y est\u00e1 registrada en\u00a0<span lang=\"es\"><a href=\"https:\/\/doaj.org\/toc\/1853-3256\" target=\"_blank\" rel=\"noopener\" data-saferedirecturl=\"https:\/\/www.google.com\/url?q=https:\/\/doaj.org\/toc\/1853-3256&amp;source=gmail&amp;ust=1654101319139000&amp;usg=AOvVaw1G4FzGTeX5CSTiLgOf6PDS\"><span lang=\"ES-MX\">DOAJ<\/span><\/a><\/span>\u00a0y en Sherpa Romeo\u00a0<u><a href=\"https:\/\/v2.sherpa.ac.uk\/id\/publication\/40245\" target=\"_blank\" rel=\"noopener\" data-saferedirecturl=\"https:\/\/www.google.com\/url?q=https:\/\/v2.sherpa.ac.uk\/id\/publication\/40245&amp;source=gmail&amp;ust=1654101319139000&amp;usg=AOvVaw2DkRwpybxiEe1qW7677n4D\">https:\/\/v2.sherpa.ac.uk\/id\/<wbr \/>publication\/40245<\/a><\/u>. Las instituciones editoras son la Universidad Nacional de C\u00f3rdoba (Ar), Universidad Nacional del Litoral (Ar), Universidad Nacional del Sur (Ar) y la <span lang=\"es\"><a href=\"https:\/\/grupomontevideo.org\/ndca\/ndeducacionparalaintegracion\/?page_id=171\" target=\"_blank\" rel=\"noopener\" data-saferedirecturl=\"https:\/\/www.google.com\/url?q=https:\/\/grupomontevideo.org\/ndca\/ndeducacionparalaintegracion\/?page_id%3D171&amp;source=gmail&amp;ust=1654101319139000&amp;usg=AOvVaw1Tcu3qa0fNoJnVOzXrMcdf\"><span lang=\"ES-MX\">Asociaci\u00f3n Universidades Grupo Montevideo<\/span><\/a><\/span>, AUGM.\u00a0La edici\u00f3n integra a su vez el\u00a0<span style=\"color: #000000;\">cat\u00e1logo ediciones cient\u00edficas de LATINDEX.<\/span><\/p>\n<ul>\n<li><a href=\"https:\/\/revistas.unc.edu.ar\/index.php\/RDPL\/issue\/view\/3278\" target=\"_blank\" rel=\"noopener\">Revista digital de Pol\u00edticas Ling\u00fc\u00ed<\/a><a href=\"https:\/\/revistas.unc.edu.ar\/index.php\/RDPL\/issue\/view\/3278\" target=\"_blank\" rel=\"noopener\">sticas, 2025, N\u00b0 22<\/a><\/li>\n<li><a href=\"https:\/\/revistas.unc.edu.ar\/index.php\/RDPL\/issue\/view\/3104\" target=\"_blank\" rel=\"noopener\">Revista digital de Pol\u00edticas Ling\u00fc\u00edsticas<\/a><a href=\"https:\/\/revistas.unc.edu.ar\/index.php\/RDPL\/issue\/view\/3104\" target=\"_blank\" rel=\"noopener\">, 2024, N\u00b0 21<\/a><\/li>\n<li><a href=\"https:\/\/revistas.unc.edu.ar\/index.php\/RDPL\/issue\/view\/3080\" target=\"_blank\" rel=\"noopener\">Revista digital de Pol\u00edticas Ling\u00fc\u00edsticas, 2024, N\u00b0 20<\/a><\/li>\n<li><a href=\"https:\/\/revistas.unc.edu.ar\/index.php\/RDPL\/issue\/view\/2844\" target=\"_blank\" rel=\"noopener\">Revista digital de Pol\u00edticas Ling\u00fc\u00edsticas, 2023, N\u00b0 19<\/a><\/li>\n<li><a href=\"https:\/\/revistas.unc.edu.ar\/index.php\/RDPL\/issue\/view\/2803\" target=\"_blank\" rel=\"noopener\">Revista digital de Pol\u00edticas Ling\u00fc\u00edsticas, 2023, N\u00b0 18<\/a><\/li>\n<li><a href=\"https:\/\/revistas.unc.edu.ar\/index.php\/RDPL\/issue\/view\/2632\" target=\"_blank\" rel=\"noopener\">Revista digital de Pol\u00edticas Ling\u00fc\u00edsticas, 2022, N\u00b0 17<\/a><\/li>\n<li><a href=\"https:\/\/revistas.unc.edu.ar\/index.php\/RDPL\/issue\/view\/2606\" target=\"_blank\" rel=\"noopener\">Revista digital de Pol\u00edticas Ling\u00fc\u00edsticas, 2022, N\u00b0 16<\/a><\/li>\n<li><a href=\"https:\/\/revistas.unc.edu.ar\/index.php\/RDPL\/issue\/view\/2423\" target=\"_blank\" rel=\"noopener\">Revista digital de Pol\u00edticas Ling\u00fc\u00edsticas, 2021, N\u00b0 15<\/a><\/li>\n<li><a href=\"https:\/\/revistas.unc.edu.ar\/index.php\/RDPL\/issue\/view\/2390\" target=\"_blank\" rel=\"noopener\">Revista digital de Pol\u00edticas Ling\u00fc\u00edsticas, 2021, N\u00b0 14<\/a><\/li>\n<li><a href=\"https:\/\/revistas.unc.edu.ar\/index.php\/RDPL\/issue\/view\/2231\" target=\"_blank\" rel=\"noopener\">Revista digital de Pol\u00edticas Ling\u00fc\u00edsticas, 2020, N\u00b0 13<\/a><\/li>\n<li><a href=\"https:\/\/revistas.unc.edu.ar\/index.php\/RDPL\/issue\/view\/2194\" target=\"_blank\" rel=\"noopener\">Revista digital de Pol\u00edticas Ling\u00fc\u00edsticas, 2020, N\u00b0 12<\/a><\/li>\n<li><a href=\"https:\/\/revistas.unc.edu.ar\/index.php\/RDPL\/issue\/view\/2004\" target=\"_blank\" rel=\"noopener\">Revista digital de Pol\u00edticas Ling\u00fc\u00edsticas, 2019, N\u00b0 11<\/a><\/li>\n<li><a href=\"https:\/\/revistas.unc.edu.ar\/index.php\/RDPL\/issue\/view\/1744\" target=\"_blank\" rel=\"noopener noreferrer\">Revista Digital de Pol\u00edticas Ling\u00fc\u00edsticas<\/a>, 2018, N\u00ba 10, Universidad Nacional de Cordoba, Facultad de Lenguas, Argentina. Universidad Federal de Santa Catarina, Brasil. <strong>ISSN 1853-3256<\/strong><\/li>\n<\/ul>\n<ul>\n<li>Revista Digital de Pol\u00edticas Ling\u00fc\u00edsticas, editada por la UNC. Tres vol\u00famenes publicados (2009, 2010, 2011). Accesible en: <a href=\"https:\/\/revistas.unc.edu.ar\/index.php\/RDPL\" target=\"_blank\" rel=\"noopener\">https:\/\/revistas.unc.edu.ar\/index.php\/RDPL<\/a><\/li>\n<li>Pol\u00edticas Educativas. Revista Digital editada por la UFRGS. Cuatro vol\u00famenes editados,\u00a08 n\u00fameros (2007-2012). Accesible en:<a href=\"http:\/\/seer.ufrgs.br\/Poled\">http:\/\/seer.ufrgs.br\/Poled<\/a><\/li>\n<li>Educaci\u00f3n para la integraci\u00f3n, (2001), A\u00f1o 6 N\u00ba 4, Concepci\u00f3n del Uruguay. EDUNER.<\/li>\n<li>Educaci\u00f3n para la integraci\u00f3n, (2001), A\u00f1o 6 N\u00ba 3, Concepci\u00f3n del Uruguay. EDUNER.<\/li>\n<li>Educaci\u00f3n para la integraci\u00f3n, (1997), A\u00f1o 2 N\u00ba 2, Concepci\u00f3n del Uruguay. EDUNER.<\/li>\n<li>Educaci\u00f3n para la integraci\u00f3n, (1996), A\u00f1o 1 N\u00ba 1 , Concepci\u00f3n del Uruguay.\u00a0EDUNER.<\/li>\n<\/ul>\n","protected":false},"excerpt":{"rendered":"<p>La revista utiliza una licencia CC BY-NC-ND y est\u00e1 registrada en\u00a0DOAJ\u00a0y en Sherpa Romeo\u00a0https:\/\/v2.sherpa.ac.uk\/id\/publication\/40245. Las instituciones editoras son la Universidad Nacional de C\u00f3rdoba (Ar), Universidad&#8230;<\/p>\n","protected":false},"author":1,"featured_media":0,"parent":0,"menu_order":0,"comment_status":"closed","ping_status":"closed","template":"","meta":{"footnotes":""},"class_list":["post-171","page","type-page","status-publish","hentry"],"_links":{"self":[{"href":"https:\/\/grupomontevideo.org\/ndca\/ndeducacionparalaintegracion\/index.php?rest_route=\/wp\/v2\/pages\/171","targetHints":{"allow":["GET"]}}],"collection":[{"href":"https:\/\/grupomontevideo.org\/ndca\/ndeducacionparalaintegracion\/index.php?rest_route=\/wp\/v2\/pages"}],"about":[{"href":"https:\/\/grupomontevideo.org\/ndca\/ndeducacionparalaintegracion\/index.php?rest_route=\/wp\/v2\/types\/page"}],"author":[{"embeddable":true,"href":"https:\/\/grupomontevideo.org\/ndca\/ndeducacionparalaintegracion\/index.php?rest_route=\/wp\/v2\/users\/1"}],"replies":[{"embeddable":true,"href":"https:\/\/grupomontevideo.org\/ndca\/ndeducacionparalaintegracion\/index.php?rest_route=%2Fwp%2Fv2%2Fcomments&post=171"}],"version-history":[{"count":7,"href":"https:\/\/grupomontevideo.org\/ndca\/ndeducacionparalaintegracion\/index.php?rest_route=\/wp\/v2\/pages\/171\/revisions"}],"predecessor-version":[{"id":337,"href":"https:\/\/grupomontevideo.org\/ndca\/ndeducacionparalaintegracion\/index.php?rest_route=\/wp\/v2\/pages\/171\/revisions\/337"}],"wp:attachment":[{"href":"https:\/\/grupomontevideo.org\/ndca\/ndeducacionparalaintegracion\/index.php?rest_route=%2Fwp%2Fv2%2Fmedia&parent=171"}],"curies":[{"name":"wp","href":"https:\/\/api.w.org\/{rel}","templated":true}]}}