{"id":51,"date":"2015-12-16T21:13:55","date_gmt":"2015-12-16T21:13:55","guid":{"rendered":"http:\/\/grupomontevideo.org\/ndca\/ndcienciaeingenieriademateriales\/?page_id=51"},"modified":"2015-12-16T21:13:55","modified_gmt":"2015-12-16T21:13:55","slug":"eventos-2013","status":"publish","type":"page","link":"https:\/\/grupomontevideo.org\/ndca\/ndcienciaeingenieriademateriales\/?page_id=51","title":{"rendered":"[:es]EVENTOS 2013[:]"},"content":{"rendered":"<p>[:es]<a href=\"http:\/\/metallum.com.br\/57cbc\/iberocer2013\/index.php\">57\u00ba Congresso Brasileiro de Cer\u00e2mica \u2013 5\u00b0 Congresso Ibero-Americano de Cer\u00e2mica<\/a><br \/>\n19 al 22 de mayo de 2013. Centro de convenciones del hotel Praiamar \u2013 Natal \u2013 Brasil<br \/>\nEl Congreso Brasile\u00f1o de Cer\u00e1mica es el m\u00e1s antiguo e importante del \u00e1rea en Brasil y uno de los m\u00e1s grandes a nivel internacional. Desde 1954, la Asociaci\u00f3n Brasile\u00f1a de Cer\u00e1mica realiz\u00f3 el 55\u00ba Congreso Brasile\u00f1o y 1\u00ba Sudam\u00e9ricano, dejando de promover el evento solamente en 1955 y 1966. Coincidiendo con el Congreso Brasile\u00f1o de 1991 se llev\u00f3 a cabo el Congreso Iberoamericana de Ceramica, Vidrios Y Refractarios. Tiene como objetivo promover la interacci\u00f3n de los diferentes sectores involucrados con el medio cer\u00e1mico (Industrias, Colegios T\u00e9cnicos, Universidades, Institutos de Investigaci\u00f3n y Proveedores de Materias Primas, Equipos y Suministros) que contribuyen al desarrollo de la cer\u00e1mica en Brasil. El Congreso tiene un car\u00e1cter amplio, donde se discuten temas de inter\u00e9s para los diversos segmentos de cer\u00e1mica y temas comunes, como Energ\u00eda, Medio Ambiente, Recursos Minerales, Innovaci\u00f3n, Reciclaje, Calidad, Recursos Humanos y otros.<br \/>\nAcompa\u00f1ando al congreso, se realizar\u00e1 una Escuela de Materiales, integrada por varios minicursos, patrocininada por el N\u00facleo de Ciencia e Ingenieria de Materiales de AUGM (NuDCIMat).<\/p>\n<p>Wilson Acchar, Chairmam<br \/>\nDachamir Hotza, Co-Chair<br \/>\nSonia Mello Castanho, Co-Chair<br \/>\nSamuel M. Toffoli, Presidente da ABC<\/p>\n<p><a href=\"https:\/\/grupomontevideo.org\/ndca\/ndcienciaeingenieriademateriales\/wp-content\/uploads\/2013\/07\/CERAMICAS_Natal.pdf\">Participaci\u00f3n del NuDCIMat<\/a><\/p>\n<p><a href=\"http:\/\/www.cosue2013.uy\/\">II Congreso Interdisciplinario de Nanotecnolog\u00eda y Biomateriales<\/a><br \/>\n16 y 17 de octubre de 2013. Torre de los Profesionales, Montevideo, Uruguay.<br \/>\nEn el marco del Congreso Internacional de Endodoncia, Laser, Nanotecnolog\u00eda y Gesti\u00f3n (COSUE 2013) se realiza el <strong>II Congreso Interdisciplinario de Nanotecnolog\u00eda y Biomateriales<\/strong>.<br \/>\nEl mismo es dirigido a Bi\u00f3logos, F\u00edsicos, Ingenieros, M\u00e9dicos, Odont\u00f3logos y Qu\u00edmicos. Las \u00e1reas tem\u00e1ticas a desarrollar ser\u00e1n: Nanotecnolog\u00eda, Biomateriales, Biosensores, Ingenier\u00eda Tisular, Resinas, Nanoparticulas Magn\u00e9ticas, etc.<\/p>\n<p>El primer esfuerzo que se realiz\u00f3 en el pa\u00eds para acercar los \u00faltimos desarrollos que se est\u00e1n obteniendo en nanotecnolog\u00eda a \u00e1reas m\u00e1s alejadas de la qu\u00edmica y f\u00edsica de materiales, fue a trav\u00e9s de la organizaci\u00f3n del Primer Congreso Internacional en Nanotecnolog\u00eda y Biomateriales, que tuvo lugar entre el 18 y el 19 de noviembre de 2010. En el mismo, se logr\u00f3 la participaci\u00f3n de expositores de Estados Unidos (Dres. Rodney Andrews y Brock H. Marrs del Center for Applied Energy Research, University of Kentucky) y de Argentina (Profesoras Andrea Kaplan y Eder L. Romero, de la C\u00e1tedra de Materiales Dentales de la Facultad de Odontolog\u00eda de la Universidad de Buenos Aires y del Programa de Nanomedicinas de la Universidad Nacional de Quilmes, respectivamente). Este evento tuvo lugar en las instalaciones de la Asociaci\u00f3n Odontol\u00f3gica Uruguaya, lo que enfatiz\u00f3 el objetivo de incorporar \u00e1reas profesionales de la Odontolog\u00eda al descubrimiento de las perspectivas de nuevas aplicaciones que la nanotecnolog\u00eda puede ofrecer.<br \/>\nPor medio de exposiciones plenarias bajo modalidad de minicurso y de presentaciones en tem\u00e1ticas espec\u00edficas, se llev\u00f3 adelante esa primera experiencia, en donde investigadores y estudiantes de varias ramas diferentes convergieron en tem\u00e1ticas de inter\u00e9s com\u00fan, a\u00fan con abordajes diferentes, lo que constituy\u00f3 un avance hacia la interdisciplinaridad en nanotecnolog\u00eda y nanociencia.<br \/>\nPor esta raz\u00f3n y por ir en fase de lo comprometido inicialmente al crearse el Centro Interdisciplinario en Nanotecnolog\u00eda y Qu\u00edmica y F\u00edsica de Materiales (CINQUIFIMA), en el marco de Espacio Interdisciplinario de la Universidad de la Rep\u00fablica, este Centro ha apoyado a la Organizaci\u00f3n de ese primer evento y ha decidido colaborar con la Organizaci\u00f3n del segundo evento de la serie, esta vez denominado II Congreso Interdisciplinario de Nanotecnolog\u00eda y Biomateriales.<br \/>\nEl N\u00facleo Disciplinario de Ciencia e Ingenier\u00eda de Materiales de AUGM se ha sumado en esta oportunidad al esfuerzo por organizar este segundo evento, que ha sido inclu\u00eddo como parte de sus actividades a desarrollar durante el a\u00f1o en curso.<\/p>\n<p><a href=\"https:\/\/grupomontevideo.org\/ndca\/ndcienciaeingenieriademateriales\/wp-content\/uploads\/2013\/04\/1circular.pdf\">Primera circular<\/a><br \/>\n<a href=\"https:\/\/grupomontevideo.org\/ndca\/ndcienciaeingenieriademateriales\/wp-content\/uploads\/2013\/04\/poster.pdf\">Poster imprimible<\/a><br \/>\n<a href=\"https:\/\/grupomontevideo.org\/ndca\/ndcienciaeingenieriademateriales\/wp-content\/uploads\/2013\/05\/Resumenes.pdf\">Res\u00famenes<\/a><\/p>\n<p>Ariel Moreno-Gobbi \u2013 UdelaR. Presidente del Comit\u00e9 Organizador.<br \/>\nMarcelo Kreiner \u2013 UdelaR. Vicepresiente del Comit\u00e9 Organizador<\/p>\n<p>Reuni\u00f3n anual de cooridnaci\u00f3n del NuDCIMat<br \/>\nA realizarse los d\u00edas 14 y 15 de octubre de 2013, en el Centro Interdisciplinario de la UdelaR, Montevideo, Uruguay.<br \/>\n<a href=\"https:\/\/grupomontevideo.org\/ndca\/ndcienciaeingenieriademateriales\/wp-content\/uploads\/2013\/08\/Reunion-de-coordinaci%C3%B3n-NuDCIMat.pdf\">Programaci\u00f3n<\/a><br \/>\n<a href=\"https:\/\/grupomontevideo.org\/ndca\/ndcienciaeingenieriademateriales\/wp-content\/uploads\/2013\/08\/Puntos-a-tratar.pdf\">Puntos a tratar<\/a><br \/>\n<a href=\"https:\/\/grupomontevideo.org\/ndca\/ndcienciaeingenieriademateriales\/wp-content\/uploads\/2013\/08\/Programa-minisimposio4.pdf\">Programa minisimposio<\/a><br \/>\n<a href=\"https:\/\/grupomontevideo.org\/ndca\/ndcienciaeingenieriademateriales\/wp-content\/uploads\/2013\/12\/INFORME_NanoBio.pdf\">Informe final<\/a>[:]<\/p>\n","protected":false},"excerpt":{"rendered":"<p>[:es]57\u00ba Congresso Brasileiro de Cer\u00e2mica \u2013 5\u00b0 Congresso Ibero-Americano de Cer\u00e2mica 19 al 22 de mayo de 2013. Centro de convenciones del hotel Praiamar \u2013&#8230;<\/p>\n","protected":false},"author":1,"featured_media":0,"parent":0,"menu_order":0,"comment_status":"closed","ping_status":"closed","template":"","meta":{"footnotes":""},"class_list":["post-51","page","type-page","status-publish","hentry"],"_links":{"self":[{"href":"https:\/\/grupomontevideo.org\/ndca\/ndcienciaeingenieriademateriales\/index.php?rest_route=\/wp\/v2\/pages\/51","targetHints":{"allow":["GET"]}}],"collection":[{"href":"https:\/\/grupomontevideo.org\/ndca\/ndcienciaeingenieriademateriales\/index.php?rest_route=\/wp\/v2\/pages"}],"about":[{"href":"https:\/\/grupomontevideo.org\/ndca\/ndcienciaeingenieriademateriales\/index.php?rest_route=\/wp\/v2\/types\/page"}],"author":[{"embeddable":true,"href":"https:\/\/grupomontevideo.org\/ndca\/ndcienciaeingenieriademateriales\/index.php?rest_route=\/wp\/v2\/users\/1"}],"replies":[{"embeddable":true,"href":"https:\/\/grupomontevideo.org\/ndca\/ndcienciaeingenieriademateriales\/index.php?rest_route=%2Fwp%2Fv2%2Fcomments&post=51"}],"version-history":[{"count":1,"href":"https:\/\/grupomontevideo.org\/ndca\/ndcienciaeingenieriademateriales\/index.php?rest_route=\/wp\/v2\/pages\/51\/revisions"}],"predecessor-version":[{"id":52,"href":"https:\/\/grupomontevideo.org\/ndca\/ndcienciaeingenieriademateriales\/index.php?rest_route=\/wp\/v2\/pages\/51\/revisions\/52"}],"wp:attachment":[{"href":"https:\/\/grupomontevideo.org\/ndca\/ndcienciaeingenieriademateriales\/index.php?rest_route=%2Fwp%2Fv2%2Fmedia&parent=51"}],"curies":[{"name":"wp","href":"https:\/\/api.w.org\/{rel}","templated":true}]}}