{"id":44,"date":"2015-12-10T21:52:08","date_gmt":"2015-12-10T21:52:08","guid":{"rendered":"http:\/\/grupomontevideo.org\/ndca\/caprocesoscooperativos\/?page_id=44"},"modified":"2025-04-21T14:15:51","modified_gmt":"2025-04-21T14:15:51","slug":"publicaciones","status":"publish","type":"page","link":"https:\/\/grupomontevideo.org\/ndca\/caprocesoscooperativos\/?page_id=44","title":{"rendered":"PUBLICACIONES\/SEMINARIOS"},"content":{"rendered":"<p><a href=\"https:\/\/drive.google.com\/file\/d\/1dUwcnYdyaM0wYWr_sbnkljZumDX2AzIL\/view?usp=sharing\">Oferta de formaci\u00f3n en cooperativismo y econom\u00eda solidaria<\/a><\/p>\n<p><a href=\"https:\/\/revistas.marilia.unesp.br\/index.php\/orgdemo\">Revista Org y Demo<\/a><\/p>\n<p><a href=\"https:\/\/grupomontevideo.org\/ndca\/caprocesoscooperativos\/wp-content\/uploads\/2021\/03\/2021.-livro-PROCOAS-e-Desenvolvimento-Rural.pdf\">Coopera\u00e7\u00e3o e Desenvolvimento Rural. Olhares Sul Americanos<\/a><\/p>\n<p><a href=\"https:\/\/grupomontevideo.org\/ndca\/caprocesoscooperativos\/wp-content\/uploads\/2015\/12\/Sistematizaci\u00f3n-EVI-UNL-PROCOAS-AUGM-Julio-2016.pdf\" target=\"_blank\" rel=\"noopener noreferrer\">Sistematizaci\u00f3n de la EVI: \u00ab<em>Una escuela para la comunidad de aprendizaje en red<\/em>\u00ab. PROCOAS-AUGM. FCE-UNL &#8211; 2016.\u00a0<\/a><\/p>\n<p><a href=\"https:\/\/grupomontevideo.org\/ndca\/caprocesoscooperativos\/wp-content\/uploads\/2018\/06\/Palestra-Professor-Jose\u0301-Luis-Coraggio-PROCOAS-2017-1.pdf\"><em>Autogest\u00e3o, cooperativismo e economia social e solid\u00e1ria experi\u00eancias latino americanas.\u00a0<\/em>Prof. Jos\u00e9 Luis Coraggio &#8211;\u00a0<\/a><a href=\"https:\/\/grupomontevideo.org\/ndca\/caprocesoscooperativos\/wp-content\/uploads\/2018\/06\/Palestra-Professor-Jose\u0301-Luis-Coraggio-PROCOAS-2017-1.pdf\">XIII Seminario Internacional PROCOAS.<\/a><\/p>\n<p><strong>SEMINARIOS<\/p>\n<p><\/strong><a href=\"https:\/\/grupomontevideo.org\/ndca\/caprocesoscooperativos\/wp-content\/uploads\/2025\/04\/ANALES-XVIII-SEMINARIO-INTERNACIONAL-PROCOAS_2023.pdf\" target=\"_blank\" rel=\"noopener\">XIII Seminario Internacional PROCOAS, Santa Fe, 2023<\/a><\/p>\n<p><a href=\"https:\/\/grupomontevideo.org\/ndca\/caprocesoscooperativos\/wp-content\/uploads\/2023\/11\/anais-xvii-procoas_08_set_2023_revisado.pdf\">\u00a0XVII Semianrio Internacional PROCOAS, S\u00e3o Carlos, 2022.<\/a><\/p>\n<p><a href=\"https:\/\/grupomontevideo.org\/ndca\/caprocesoscooperativos\/wp-content\/uploads\/2023\/06\/PROCESOS-COLECTIVOS-VINCULACION-Y-TECNOLOGIA.pdf\">XVI Seminario Internacional PROCOAS, Bah\u00eda Blanca, 2021.<\/a><\/p>\n<p><a href=\"https:\/\/grupomontevideo.org\/ndca\/caprocesoscooperativos\/wp-content\/uploads\/2021\/09\/Anuario-PROCOAS-final.pdf\">XV Seminario Internacional PROCOAS, Valpara\u00edso 2019<\/a>.<\/p>\n<p><a href=\"http:\/\/www.eco.unc.edu.ar\/files\/comunicacion\/PDFs\/memorias-XIVPROCOAS2018.pdf\">XIV Seminario PROCOAS, C\u00f3rdoba 2018.\u00a0<\/a><\/p>\n<p><a href=\"https:\/\/drive.google.com\/drive\/folders\/0BwmkDcuMnbnLX09WdUxyWGV4dGc?usp=sharing\">XIII Seminario Internacional PROCOAS, S<\/a><a href=\"https:\/\/grupomontevideo.org\/ndca\/caprocesoscooperativos\/wp-content\/uploads\/2018\/07\/III_Semin\u00e1rio_Procoas.pdf\">\u00e3<\/a><a href=\"https:\/\/drive.google.com\/drive\/folders\/0BwmkDcuMnbnLX09WdUxyWGV4dGc?usp=sharing\">o Paulo, 2017<\/a><\/p>\n<p><a href=\"https:\/\/drive.google.com\/drive\/folders\/10L7Wyq0o2SOAirFUheOm4mEBor0yp-KJ\">XII Seminario Internacional PROCOAS, Rosario, 2016.\u00a0<\/a><\/p>\n<p><a href=\"https:\/\/grupomontevideo.org\/ndca\/caprocesoscooperativos\/wp-content\/uploads\/2016\/10\/Memorias-XI-seminario-PROCOAS-Montevideo-Uruguay-2015-pdf.pdf\">XI Seminario Internacional PROCOAS, Montevideo, 2015.\u00a0<\/a><\/p>\n<p><a href=\"http:\/\/www.imd.uncu.edu.ar\/paginas\/index\/publicacion-de-ponencias-x-seminario-academico-internacional-procoasaugm\" target=\"_blank\" rel=\"noopener noreferrer\">X Seminario Internacional PROCOAS, Mendoza, 2014.\u00a0\u00a0<\/a><\/p>\n<p><a href=\"https:\/\/www.eco.una.py\/eco\/publicaciones\/2015\/procoas-augm\/COMPENDIO%20DE%20PONENCIAS%20IX%20SEMINARIO%20%20%20PROCOAS%20NOVIEMBRE%202013%20FCE%20UNA.pdf\">IX Seminario Internacional PROCOAS, Asunci\u00f3n 2013.\u00a0<\/a><\/p>\n<p><a href=\"https:\/\/grupomontevideo.org\/ndca\/caprocesoscooperativos\/wp-content\/uploads\/2018\/05\/7o._Seminario_Santiago-listad-de-ponencias.pdf\">VII Seminario Internacional PROCOAS, Santiago de Chile, 2011.\u00a0<\/a><\/p>\n<p><a href=\"https:\/\/grupomontevideo.org\/ndca\/caprocesoscooperativos\/wp-content\/uploads\/2018\/05\/Memorias-6\u00ba-Seminario-PROCOAS-La_Plata.pdf\">VI Seminario Internacional PROCOAS , La Plata, 2010.<\/a><\/p>\n<p><a href=\"https:\/\/grupomontevideo.org\/ndca\/caprocesoscooperativos\/wp-content\/uploads\/2018\/07\/III_Semin\u00e1rio_Procoas.pdf\">III Seminario Internacional PROCOAS, Mar\u00edlia, 2007.\u00a0\u00a0<\/a><\/p>\n<p><a href=\"https:\/\/grupomontevideo.org\/ndca\/caprocesoscooperativos\/wp-content\/uploads\/2018\/04\/Memorial_2o.Semin\u00e1rio_PROCOAS_Ros\u00e1rio_2006.pdf\">II Seminario Internacional PROCOAS, Rosario, 2006.<\/a><\/p>\n<p><a href=\"https:\/\/grupomontevideo.org\/ndca\/caprocesoscooperativos\/wp-content\/uploads\/2018\/04\/Memorial_1o._Semin\u00e1rio_PROCOAS_S\u00e3o_Carlos_Brasil.pdf\">I Seminario Internacional PROCOAS,\u00a0\u00a0S\u00e3o Carlos, 2005.<\/a><\/p>\n<div><strong>Colecci\u00f3n Tem\u00e1tica PROCOAS<\/strong><\/div>\n<ul>\n<li>Econom\u00eda social y solidaria 2014<\/li>\n<li><a href=\"https:\/\/grupomontevideo.org\/ndca\/caprocesoscooperativos\/wp-content\/uploads\/2016\/05\/Libro-1-procoas.pdf\" target=\"_blank\" rel=\"noopener noreferrer\">Volumen 1. Pr\u00e1cticas Acad\u00e9micas Integrales en el Cono Sur 2013<\/a><\/li>\n<\/ul>\n<div><\/div>\n<div><strong>Revista Acad\u00e9mica PROCOAS<\/strong><\/div>\n<ul>\n<li><a href=\"https:\/\/grupomontevideo.org\/ndca\/caprocesoscooperativos\/wp-content\/uploads\/2018\/07\/REV_ACADEMICA_PROCOAS_AUGM_2017_F.pdf\">2017, Vol. 1, a\u00f1o 9<\/a><\/li>\n<li><a href=\"https:\/\/grupomontevideo.org\/ndca\/caprocesoscooperativos\/wp-content\/uploads\/2015\/12\/Revista-PROCOAS-n\u00famero-N\u00ba-1-a\u00f1o-7-2015.pdf\">2015, vol. 1, a\u00f1o 7<\/a><\/li>\n<li><a href=\"https:\/\/grupomontevideo.org\/ndca\/caprocesoscooperativos\/wp-content\/uploads\/2016\/05\/REV_ACAD_PROCOAS-AUGM_2013.pdf\" rel=\"noopener\">2013, vol. 1, a\u00f1o 5<\/a><\/li>\n<li><a href=\"https:\/\/grupomontevideo.org\/ndca\/caprocesoscooperativos\/wp-content\/uploads\/2016\/05\/REVISTA_ACADEMICA_PROCOAS_AUGM_A\u00d1O-4_No-1.pdf\" rel=\"noopener\">2012, vol. 1, a\u00f1o 4<\/a><\/li>\n<li><a href=\"https:\/\/grupomontevideo.org\/ndca\/caprocesoscooperativos\/wp-content\/uploads\/2016\/05\/revista-academica-a-3-n1-setiembre-2011.pdf\" rel=\"noopener\">2011, vol. 1, a\u00f1o 3<\/a><\/li>\n<li><a href=\"https:\/\/grupomontevideo.org\/ndca\/caprocesoscooperativos\/wp-content\/uploads\/2016\/05\/revista-acadmica-n-1_ao-2_2010.pdf\" rel=\"noopener\">2010, vol. 1, a\u00f1o 2<\/a><\/li>\n<li><a href=\"https:\/\/grupomontevideo.org\/ndca\/caprocesoscooperativos\/wp-content\/uploads\/2016\/05\/revista-N\u00ba-1.pdf\" rel=\"noopener\">2009, vol. 1, a\u00f1o 1<\/a><\/li>\n<\/ul>\n","protected":false},"excerpt":{"rendered":"<p>Oferta de formaci\u00f3n en cooperativismo y econom\u00eda solidaria Revista Org y Demo Coopera\u00e7\u00e3o e Desenvolvimento Rural. Olhares Sul Americanos Sistematizaci\u00f3n de la EVI: \u00abUna escuela&#8230;<\/p>\n","protected":false},"author":1,"featured_media":0,"parent":0,"menu_order":0,"comment_status":"closed","ping_status":"closed","template":"","meta":{"footnotes":""},"class_list":["post-44","page","type-page","status-publish","hentry"],"_links":{"self":[{"href":"https:\/\/grupomontevideo.org\/ndca\/caprocesoscooperativos\/index.php?rest_route=\/wp\/v2\/pages\/44","targetHints":{"allow":["GET"]}}],"collection":[{"href":"https:\/\/grupomontevideo.org\/ndca\/caprocesoscooperativos\/index.php?rest_route=\/wp\/v2\/pages"}],"about":[{"href":"https:\/\/grupomontevideo.org\/ndca\/caprocesoscooperativos\/index.php?rest_route=\/wp\/v2\/types\/page"}],"author":[{"embeddable":true,"href":"https:\/\/grupomontevideo.org\/ndca\/caprocesoscooperativos\/index.php?rest_route=\/wp\/v2\/users\/1"}],"replies":[{"embeddable":true,"href":"https:\/\/grupomontevideo.org\/ndca\/caprocesoscooperativos\/index.php?rest_route=%2Fwp%2Fv2%2Fcomments&post=44"}],"version-history":[{"count":63,"href":"https:\/\/grupomontevideo.org\/ndca\/caprocesoscooperativos\/index.php?rest_route=\/wp\/v2\/pages\/44\/revisions"}],"predecessor-version":[{"id":697,"href":"https:\/\/grupomontevideo.org\/ndca\/caprocesoscooperativos\/index.php?rest_route=\/wp\/v2\/pages\/44\/revisions\/697"}],"wp:attachment":[{"href":"https:\/\/grupomontevideo.org\/ndca\/caprocesoscooperativos\/index.php?rest_route=%2Fwp%2Fv2%2Fmedia&parent=44"}],"curies":[{"name":"wp","href":"https:\/\/api.w.org\/{rel}","templated":true}]}}