{"id":16,"date":"2015-12-04T19:36:59","date_gmt":"2015-12-04T19:36:59","guid":{"rendered":"http:\/\/grupomontevideo.org\/ndca\/caagroalimentario\/?page_id=16"},"modified":"2026-04-09T16:22:43","modified_gmt":"2026-04-09T16:22:43","slug":"integrantes","status":"publish","type":"page","link":"https:\/\/grupomontevideo.org\/ndca\/caprocesoscooperativos\/?page_id=16","title":{"rendered":"INTEGRANTES"},"content":{"rendered":"<p><strong>Coordinado por la Universidad Nacional de C\u00f3rdoba, Argentina:<\/strong><br \/>\n<strong><a href=\"mailto:karina.tomatis@unc.edu.ar\">Karina Tomatis<\/a><\/strong><\/p>\n<p>Coordinaci\u00f3n Alterna: <strong>UFSCar: <\/strong><a href=\"mailto:joelson@ufscar.br\">Joelson Gon\u00e7alves de Carvalho<\/a> &#8211; <strong>UPLA: <\/strong><a href=\"mailto: pablo.saravia@upla.cl\">Pablo Saravia Ramos<\/a><\/p>\n<hr \/>\n<p><strong>ARGENTINA:<\/strong><\/p>\n<p><strong>UNC:<br \/>\n<\/strong><a href=\"mailto:karina.tomatis@unc.edu.ar\">Karina Tomatis<\/a> &#8211; Designada 22.06.23<\/p>\n<p><strong>UNCA:<br \/>\n<\/strong><a href=\"mailto:andream@eco.unca.edu.ar\">Andrea Morales<\/a> &#8211; Designada 20.05.25<\/p>\n<p><strong>UNCuyo:<\/strong><br \/>\n<a href=\"mailto:rafakemelmajer@gmail.com\">Rafael Kemelmajer<\/a> &#8211; Designado 25,04,23<br \/>\n<a href=\"mailto:robroitman@yahoo.com.ar\">Roberto Roitman<\/a> &#8211; Ratificado 25.04.23<\/p>\n<p><strong>UNER:<\/strong><br \/>\n<a href=\"mailto:albornozelenab@hotmail.com\">Elena Albornoz<\/a>\u00a0&#8211;\u00a0Ratificado 09.04.14<br \/>\n<a href=\"mailto:asabella@fceco.uner.edu.ar\">Andr\u00e9s Sabella<\/a>\u00a0&#8211;\u00a0Ratificado 09.04.14<\/p>\n<p><strong>UNL:\u00a0<\/strong><br \/>\n<a href=\"mailto:mazerrad@fce.unl.edu.ar\">Mar\u00eda Rut Azerrad<\/a> &#8211; Ratificada 08.11.22<br \/>\n<a href=\"mail:dmejias@unl.edu.ar\">N\u00e9stor Dar\u00edo Mej\u00edas<\/a> &#8211; Ratificado 08.11.22<\/p>\n<p><strong>UNLP:<\/strong><br \/>\n<a href=\"mailto:alicia.ressel@econo.unlp.edu.ar\">Alicia Ressel<\/a><br \/>\n<a href=\"mailto:maria.pirizcarrillo@econo.unlp.edu.ar\">Mar\u00eda Piriz Carrillo<\/a> &#8211; Designada 26.07.23<\/p>\n<p><strong>UNMdP:<\/strong><br \/>\n<a href=\"mailto:ajagiudice@gmail.com\">Adri\u00e1n Giudice<\/a> &#8211; Ratificado 04.06.25<br \/>\n<a href=\"mailto:nagarcia@gmail.com\">Noelia Garc\u00eda<\/a> &#8211; Designada 04.06.25<\/p>\n<p><strong>UNNE:<br \/>\n<\/strong><a href=\"mailto:crpabloarnaiz@unne.edu.ar\">Pablo Arnaiz<\/a> &#8211; Designado 21.06.23<br \/>\n<a href=\"mailto:cesarabelgomez@gmail.com\">C\u00e9sar Abel G\u00f3mez<\/a> &#8211; Designado 21.06.23<\/p>\n<p><strong>UNQ:<\/strong><br \/>\n<a href=\"mailto:baltschuler@unq.edu.ar\">B\u00e1rbara Altschuler<\/a> &#8211; Designada 15.10.19<br \/>\n<a href=\"mailto:dangaroki@gmail.com\">Daniel Garc\u00eda<\/a> &#8211; Designado 03.01.20<\/p>\n<p><strong>UNR:<\/strong><a href=\"mailto:mss@schujman-althaus.com.ar\"><br \/>\n<\/a><a href=\"mailto:angelesdicapua@yahoo.com.ar\">Mar\u00eda de los \u00c1ngeles Dicapua<\/a> &#8211; Ratificada 25.08.25<br \/>\n<a href=\"mailto:mvictoriadeux@gmail.com\">Maria Victoria Deux<\/a> &#8211; Designada 25.08.25<br \/>\n<a href=\"mailto:melinaperbellini@gmail.com\">Melina Perbellini<\/a> &#8211; \u00a0Designada 25.08.25<\/p>\n<p><strong>UNS:<br \/>\n<\/strong><a href=\"mailto:veronica.pineiro@uns.edu.ar\">Ver\u00f3nica Pi\u00f1eiro<\/a> &#8211; Designada 27.02.25<br \/>\n<a href=\"mailto:isabel.haag@uns.edu.ar\">Ma Isabel Haag<\/a> &#8211; Designada 27.02.25<\/p>\n<p><strong>UNSL:\u00a0<\/strong><br \/>\n<a href=\"mailto:hidalgo.analaura@gmail.com;alhidalgo@unsl.edu.ar\">Ana Laura Hidalgo<\/a> &#8211; Designada 31.07.18<\/p>\n<p><strong><br \/>\nBOLIVIA:<\/strong><\/p>\n<p><strong>USFX:<br \/>\n<\/strong><a href=\"mailto:erickmit2008@hotmail.com\">Erick Mita<\/a> &#8211; Designado 28.09.20<br \/>\n<strong><br \/>\n<\/strong><strong>BRASIL:<\/strong><\/p>\n<p><strong>UFABC:<\/strong><br \/>\n<a href=\"mailto:bruna.mendes@ufabc.edu.br\">Bruna Mendes<\/a> &#8211; Designada 26.05.20<\/p>\n<p><strong>UFG:<\/strong><br \/>\n<a href=\"mailto:cristianofarias@ufg.br\">Cristiano Farias Almeida<\/a> &#8211; Designado 23.08.23<br \/>\n<a href=\"mailto:carlos.gustavo@ufg.br\">Carlos Gustavo Martins Hoelzel<\/a> &#8211; Designado 23.08.23<\/p>\n<p><strong>UFRGS:<br \/>\n<\/strong><a href=\"mailto:albuquerque.paulo@gmail.com\">Paulo Albuquerque<\/a> &#8211; Designado 30.10.25<\/p>\n<p>UFPEL:<br \/>\n<a href=\"mailto:antonioccruz@uol.com.br\">Antonio Cruz<\/a> &#8211; Designado 22.07.25<\/p>\n<p><strong>UFPR:<br \/>\n<\/strong><a href=\"mailto:mariarita@ufpr.br\">Maria Rita Taques Michalski<\/a> &#8211; Designada 16.03.23<\/p>\n<p><strong>UFSM:<br \/>\n<\/strong><a href=\"mailto:tatiana.dimov@ufsm.br\">Tatiana Dimov<\/a> &#8211; Designada 07.08.25<\/p>\n<p><strong>FURG:<\/strong><br \/>\n<a href=\"mailto:liandra.caldasso@furg.br;liandra.caldasso@gmail.com\">Liandra Peres Caldasso<\/a> &#8211; Ratificada 12.03.24<br \/>\n<span style=\"font-weight: 400;\"><a href=\"mailto:lucianobre@furg.br\">Lucia Regina Nobre<\/a> &#8211; Designada 12.03.24<\/span><\/p>\n<p><strong>UFMG:<\/strong><br \/>\n<a href=\"mailto:sibelled@cedeplar.ufmg.br\"><span class=\"il\">Sibelle<\/span>\u00a0<span class=\"il\">Diniz<\/span>\u00a0<\/a>&#8211; &#8211; Designada 22.01.21<\/p>\n<p><strong>UFRGS:<\/strong><br \/>\n<a href=\"mailto:albuquerque.paulo@gmail.com\">Paulo Albuquerque<br \/>\n<\/a><\/p>\n<p><strong>UFRJ:<br \/>\n<\/strong><a href=\"mailto:felipe@nides.ufrj.br\">Felipe Addor<\/a> &#8211; Ratificado 01.04.21<br \/>\n<a href=\"mailto:leo.qt@hotmail.com\">Leonardo Maciel Moreira<\/a> &#8211; Designado 01.04.21<br \/>\n<a href=\"mailto:egribeiro@facc.ufrj.br\">Eliane Ribeiro Pereira<\/a> &#8211; Designada 01.04.21<\/p>\n<p><strong>UFSC:<br \/>\n<\/strong><a href=\"mailto:oscar.rover@gmail.com\">Oscar Jos\u00e9 Rover<\/a>\u00a0&#8211; Ratificado \u00a006.06.18<strong><br \/>\n<\/strong><a href=\"mailto:fabio.burigo@ufsc.br\">F\u00e1bio Luiz B\u00farigo<\/a>\u00a0&#8211; Ratificado\u00a0 06.06.18<\/p>\n<p><strong>UFSCar:<\/strong><br \/>\n<a href=\"mailto:joelson@ufscar.br\">Joelson Gon\u00e7alves de Carvalho<\/a> &#8211; Designado 17.08.21<\/p>\n<p><strong>UNESP:<br \/>\n<\/strong><a href=\"mailto:neusamdr@terra.com.br\">Neusa Dal Ri<\/a><\/p>\n<p><strong>UNIFESP:<br \/>\n<\/strong><a href=\"Mailto:egeu.esteves@unifesp.br\">Egeu Esteves<\/a><\/p>\n<p><strong>UNICAMP:<br \/>\n<\/strong><a href=\"mailto:laissf@unicamp.br\">La\u00eds Silveira Fraga<\/a> &#8211; Designada 02.08.19<\/p>\n<p><strong>USP:<\/strong><br \/>\n<a href=\"mailto:bernardo@usp.br\">Bernardo Parodi Svartman<\/a> &#8211; Designado 20.08.25<\/p>\n<p><strong>CHILE:<\/strong><\/p>\n<p><strong>UPLA:<br \/>\n<\/strong><a href=\"mailto: pablo.saravia@upla.cl\">Pablo Saravia Ramos<\/a> &#8211; Ratificado 18.07.22<\/p>\n<p><strong>UV:<\/strong><br \/>\n<a href=\"mailto:karin.berlien@uv.cl\">Karin Berlien Araos<\/a> &#8211; Designada 25.09.23<\/p>\n<p><strong><br \/>\nPARAGUAY:<\/strong><\/p>\n<p><strong>UNA:<\/strong><br \/>\n<a href=\"mailto:justocamacho@gmail.com\">Justo Camacho<\/a> &#8211; Designado 11.12.19<br \/>\n<a href=\"mailto:machinellib@gmail.com\">Marcela Achinelli<\/a> &#8211; Designada 11.12.19<\/p>\n<p><strong>UNE:<\/strong><br \/>\n<a href=\"mailto:oscar.andres@fceune.edu.py\">Oscar Andr\u00e9s Chamorro Orue<\/a> &#8211; Designado 19.04.21<\/p>\n<p><strong><br \/>\nURUGUAY:<\/strong><\/p>\n<p><strong>UdelaR:\u00a0<\/strong><br \/>\n<a href=\"mailto:gsarachu@gmail.com\">Gerardo Sarachu<\/a>\u00a0&#8211; Designado 01.07.14<\/p>\n<p>&nbsp;<\/p>\n<p>&nbsp;<\/p>\n","protected":false},"excerpt":{"rendered":"<p>Coordinado por la Universidad Nacional de C\u00f3rdoba, Argentina: Karina Tomatis Coordinaci\u00f3n Alterna: UFSCar: Joelson Gon\u00e7alves de Carvalho &#8211; UPLA: Pablo Saravia Ramos ARGENTINA: UNC: Karina&#8230;<\/p>\n","protected":false},"author":1,"featured_media":0,"parent":0,"menu_order":0,"comment_status":"closed","ping_status":"closed","template":"","meta":{"footnotes":""},"class_list":["post-16","page","type-page","status-publish","hentry"],"_links":{"self":[{"href":"https:\/\/grupomontevideo.org\/ndca\/caprocesoscooperativos\/index.php?rest_route=\/wp\/v2\/pages\/16","targetHints":{"allow":["GET"]}}],"collection":[{"href":"https:\/\/grupomontevideo.org\/ndca\/caprocesoscooperativos\/index.php?rest_route=\/wp\/v2\/pages"}],"about":[{"href":"https:\/\/grupomontevideo.org\/ndca\/caprocesoscooperativos\/index.php?rest_route=\/wp\/v2\/types\/page"}],"author":[{"embeddable":true,"href":"https:\/\/grupomontevideo.org\/ndca\/caprocesoscooperativos\/index.php?rest_route=\/wp\/v2\/users\/1"}],"replies":[{"embeddable":true,"href":"https:\/\/grupomontevideo.org\/ndca\/caprocesoscooperativos\/index.php?rest_route=%2Fwp%2Fv2%2Fcomments&post=16"}],"version-history":[{"count":94,"href":"https:\/\/grupomontevideo.org\/ndca\/caprocesoscooperativos\/index.php?rest_route=\/wp\/v2\/pages\/16\/revisions"}],"predecessor-version":[{"id":724,"href":"https:\/\/grupomontevideo.org\/ndca\/caprocesoscooperativos\/index.php?rest_route=\/wp\/v2\/pages\/16\/revisions\/724"}],"wp:attachment":[{"href":"https:\/\/grupomontevideo.org\/ndca\/caprocesoscooperativos\/index.php?rest_route=%2Fwp%2Fv2%2Fmedia&parent=16"}],"curies":[{"name":"wp","href":"https:\/\/api.w.org\/{rel}","templated":true}]}}