{"id":18,"date":"2015-12-04T19:37:06","date_gmt":"2015-12-04T19:37:06","guid":{"rendered":"http:\/\/grupomontevideo.org\/ndca\/caagroalimentario\/?page_id=18"},"modified":"2025-02-20T15:18:30","modified_gmt":"2025-02-20T15:18:30","slug":"objetivos","status":"publish","type":"page","link":"https:\/\/grupomontevideo.org\/ndca\/caenergia\/?page_id=18","title":{"rendered":"OBJETIVOS"},"content":{"rendered":"<p>&nbsp;<\/p>\n<div>\n<p>Creado por resoluci\u00f3n de la XLVII Reuni\u00f3n del Consejo de Rectores, Florian\u00f3polis, 26-27 de abril de 2007.<\/p>\n<p style=\"text-align: justify;\">Objetivos:<\/p>\n<\/div>\n<div style=\"text-align: justify;\">El Comit\u00e9 busca contemplar el complejo tema de la energ\u00eda en sus diferentes matices. Las diversas tecnolog\u00edas, planificaciones y aplicaciones en este tema son de un gran inter\u00e9s para las Universidades miembro de la AUGM dado que los mismos est\u00e1n ampliamente relacionados con el desarrollo econ\u00f3mico, social y medioambiental, as\u00ed como del uso de recursos naturales de los pa\u00edses.<\/div>\n<div style=\"text-align: justify;\">Para alcanzar una integraci\u00f3n latino-americana en forma amplia y sostenible se hace necesario el trabajo conjunto en el \u00e1rea energ\u00e9tica en sus diversos aspectos, por esta raz\u00f3n la AUGM decidi\u00f3 la creaci\u00f3n de un Comit\u00e9 Acad\u00e9mico de Energ\u00eda para su asesoramiento y estudio, teniendo como objetivos:<\/div>\n<ul>\n<li style=\"text-align: justify;\">Contribuir a los procesos de integraci\u00f3n econ\u00f3mica y energ\u00e9tica regional y sub-regional.<\/li>\n<li style=\"text-align: justify;\">Fortalecer sus capacidades de formaci\u00f3n de recursos humanos, de investigaci\u00f3n y de extensi\u00f3n.<\/li>\n<li>\n<div style=\"text-align: justify;\">Promover la articulaci\u00f3n entre carreras de postgrado, poniendo especial \u00e9nfasis en carreras de doctorado.<\/div>\n<\/li>\n<\/ul>\n<p>[:pt]OBJETIVO DEL COMIT\u00c9<br \/>\nCrear un foro de intercambio y gesti\u00f3n de conocimientos vinculados al sector<br \/>\nagroalimentario (desde la producci\u00f3n hasta el consumidor), interdisciplinario,<br \/>\ninterinstitucional e intersectorial, que fortalezca la planificaci\u00f3n y gesti\u00f3n de<br \/>\npol\u00edticas y programas de desarrollo sostenible en Am\u00e9rica Latina.<\/p>\n<p>DESCARGUE PDF:\u00a0<a href=\"http:\/\/grupomontevideo.org\/ndca\/caagroalimentario\/wp-content\/uploads\/2013\/10\/Objetivos-y-Fundamentaci\u00f3n.pdf\">Objetivos y Fundamentaci\u00f3n<\/a><\/p>\n","protected":false},"excerpt":{"rendered":"<p>&nbsp; Creado por resoluci\u00f3n de la XLVII Reuni\u00f3n del Consejo de Rectores, Florian\u00f3polis, 26-27 de abril de 2007. Objetivos: El Comit\u00e9 busca contemplar el complejo&#8230;<\/p>\n","protected":false},"author":1,"featured_media":0,"parent":0,"menu_order":0,"comment_status":"closed","ping_status":"closed","template":"","meta":{"footnotes":""},"class_list":["post-18","page","type-page","status-publish","hentry"],"_links":{"self":[{"href":"https:\/\/grupomontevideo.org\/ndca\/caenergia\/index.php?rest_route=\/wp\/v2\/pages\/18","targetHints":{"allow":["GET"]}}],"collection":[{"href":"https:\/\/grupomontevideo.org\/ndca\/caenergia\/index.php?rest_route=\/wp\/v2\/pages"}],"about":[{"href":"https:\/\/grupomontevideo.org\/ndca\/caenergia\/index.php?rest_route=\/wp\/v2\/types\/page"}],"author":[{"embeddable":true,"href":"https:\/\/grupomontevideo.org\/ndca\/caenergia\/index.php?rest_route=\/wp\/v2\/users\/1"}],"replies":[{"embeddable":true,"href":"https:\/\/grupomontevideo.org\/ndca\/caenergia\/index.php?rest_route=%2Fwp%2Fv2%2Fcomments&post=18"}],"version-history":[{"count":5,"href":"https:\/\/grupomontevideo.org\/ndca\/caenergia\/index.php?rest_route=\/wp\/v2\/pages\/18\/revisions"}],"predecessor-version":[{"id":243,"href":"https:\/\/grupomontevideo.org\/ndca\/caenergia\/index.php?rest_route=\/wp\/v2\/pages\/18\/revisions\/243"}],"wp:attachment":[{"href":"https:\/\/grupomontevideo.org\/ndca\/caenergia\/index.php?rest_route=%2Fwp%2Fv2%2Fmedia&parent=18"}],"curies":[{"name":"wp","href":"https:\/\/api.w.org\/{rel}","templated":true}]}}