{"id":16,"date":"2015-12-04T19:36:59","date_gmt":"2015-12-04T19:36:59","guid":{"rendered":"http:\/\/grupomontevideo.org\/ndca\/caagroalimentario\/?page_id=16"},"modified":"2026-04-13T14:25:11","modified_gmt":"2026-04-13T14:25:11","slug":"integrantes","status":"publish","type":"page","link":"https:\/\/grupomontevideo.org\/ndca\/caenergia\/?page_id=16","title":{"rendered":"INTEGRANTES"},"content":{"rendered":"<p><strong>Coordinado por la Universidad Santiago de Chile (USACH), Chile<br \/>\n<\/strong><\/p>\n<p><a href=\"mailto:hector.chavez@usach.cl\">H\u00e9ctor Ch\u00e1vez O.<\/a><\/p>\n<p><strong>Coordinaci\u00f3n Alterna Universidad Nacional de Itapu\u00e1, Paraguay<\/strong><\/p>\n<p><a href=\"mailto:trochez.oscar@gmail.com;otrochez@uni.edu.py\">Oscar Trochez<\/a><strong><br \/>\n<\/strong><\/p>\n<hr \/>\n<p align=\"left\"><strong><br \/>\nARGENTINA:<\/strong><\/p>\n<p align=\"left\"><strong>UNAHUR:<br \/>\n<\/strong><a href=\"mailto:jose.ochoa@unahur.edu.ar\">Jos\u00e9 Mar\u00eda Ochoa<\/a><br \/>\n<strong><br \/>\nUBA:<\/strong><br \/>\n<a href=\"mailto:sromano@fi.uba.ar;silviadromano@gmail.com\">Silvia Daniela Romano<\/a><\/p>\n<p align=\"left\"><strong>UNC:<\/strong><br \/>\n<a href=\"mailto:e.laura.moyano@unc.edu.ar\">Elizabeth Laura Moyano<\/a> &#8211; Ratificada 22.06.23<br \/>\n<a href=\"mailto:o.a.oviedo@unc.edu.ar\">Oscar Oviedo<\/a> &#8211; Designado 22.06.23<\/p>\n<p align=\"left\"><strong>UNCA:<\/strong><br \/>\n<a href=\"mailto:Tom\u00e1s Falag\u00fcerra\">Tom\u00e1s Falag\u00fcerra<\/a> &#8211; Designado 20.05.25<\/p>\n<p align=\"left\"><strong>UNCuyo:<\/strong><br \/>\n<a href=\"mailto:crebora@fca.uncu.edu.ar\">Cecilia R\u00e9bora<\/a> &#8211; Ratificada 17.05.23<br \/>\n<a href=\"mailto:jnmcleod@gmail.com\">JorgeN\u00fa\u00f1ez McLeod<\/a> &#8211; Designado 17.05.23<\/p>\n<p align=\"left\"><strong>UNL:<\/strong><br \/>\n<a href=\"mailto:javier.schmidt@santafe-conicet.gov\">Javier Schmidt<\/a> &#8211; Ratificado 08.11.22<br \/>\n<a href=\"mailto:nbudini@fiq.unl.edu.ar\">Nicol\u00e1s Budini<\/a> &#8211; Designado 08.11.22<\/p>\n<p align=\"left\"><strong>UNLP:<\/strong><br \/>\n<a href=\"mailto:parnera@ing.unlp.edu.ar?cc=pla@iitree-unlp.org.ar\">Patricia L. Arnera<\/a> &#8211; Ratificada 08.07.25<br \/>\n<a href=\"mailto:cebiteznik@iitree-unlp.org.ar\">Carlos Ezequiel Biteznik<\/a> &#8211; Designado 08.07.25<\/p>\n<p align=\"left\"><strong>UNMdP:<br \/>\n<\/strong><a href=\"mailto:poprado@fi.mdp.edu.ar\">Pedro Prado<\/a><strong><br \/>\n<\/strong><\/p>\n<p align=\"left\"><strong>UNNE:<br \/>\n<\/strong><a href=\"mailto:fzeniquel@unne.edu.ar\">Fabio Zeniquel<\/a> &#8211; Designado 21.06.23<br \/>\n<a href=\"mailto:mcaceres@exa.unne.edu.ar\">Manuel C\u00e1ceres<\/a> &#8211; Designado 21.06.23<\/p>\n<p align=\"left\"><strong>UNR:<\/strong><br \/>\n<a href=\"mailto:abouhier@fceia.unr.edu.ar\">Ariel Oscar Bouhier<\/a> &#8211; Designado 25.08.25<br \/>\n<a href=\"mailto:mvega@fceia.unr.edu.ar\">Marcelo Vega<\/a> &#8211; Ratificado 15.12.21<\/p>\n<p align=\"left\"><strong>UNS:<br \/>\n<\/strong><a href=\"mailto:aguerrero@uns.edu.ar\">Ana Guerrero<\/a> &#8211; Designada 27.2.25<br \/>\n<a href=\"mailto:delrosso@uns.edu.ar\">Pablo del Rosso<\/a> &#8211; Designada 27.2.25<\/p>\n<p align=\"left\"><strong>UNT:<\/strong><br \/>\n<a href=\"mailto:jgonzalez@herrera.unt.edu.ar\">Jorge Augusto Gonz\u00e1lez<\/a> &#8211; Designado 26.06.25<\/p>\n<p align=\"left\"><strong><br \/>\nBOLIVIA:<\/strong><\/p>\n<p align=\"left\"><strong>UMSA:<br \/>\n<\/strong><a href=\"mailto:amayori@umsa.edu.bo\">Alejandro Mayori Machicao<\/a>\u00a0&#8211; Designado 10.02.20<strong><br \/>\n<\/strong><\/p>\n<p align=\"left\"><strong>UMSS:<\/strong><br \/>\n<a href=\"mailto:evelyncardozo.r@fcyt.umss.edu.bo\">Evelyn Cardozo Rocabado<\/a> &#8211; Designada 27.06.22<\/p>\n<p align=\"left\"><strong>USFX:<\/strong><br \/>\n<a href=\"mailto:vicker.tatiana@usfx.bo\">Tatiana Vicker Mezza<\/a> &#8211; Designada 14.09.21<\/p>\n<p align=\"left\"><strong><br \/>\nBRASIL:<\/strong><\/p>\n<p align=\"left\"><strong>UFG:<\/strong><br \/>\n<a href=\"mailto:christian@ufg.br\">Christian Gon\u00e7alves Alonso<\/a> &#8211; Designado 23.08.23<br \/>\n<a href=\"mailto:laisthomaz@ufg.br\">La\u00eds Forti Thomaz<\/a> &#8211; Designada 23.08.23<\/p>\n<p align=\"left\"><strong>UFMG:\u00a0<\/strong><br \/>\n<a href=\"mailto:pinheiro@demec.ufmg.br\">Paulo C\u00e9sar da Costa Pinheiro<\/a>\u00a0&#8211;\u00a0Ratificado 03.06.14<\/p>\n<p align=\"left\"><strong>UFPR:<br \/>\n<\/strong><a href=\"mailto:lramos@quimica.ufpr.br;luiz.ramos@ufpr.br\">Luiz Pereira Ramos<\/a><\/p>\n<p align=\"left\"><strong>UFRGS:<br \/>\n<\/strong><a href=\"mailto:andresmendiburu@ufrgs.br\">Andr\u00e9s Mendiburo Zevallos<\/a>&#8211; Designado 30.10.25<\/p>\n<p align=\"left\"><strong>UFRJ:<\/strong><br \/>\n<a href=\"mailto:lgmarujo@poli.ufrj.br\">Lino Guimar\u00e3es Marujo<\/a> &#8211; Designado 01.04.21<br \/>\n<a href=\"mailto:luiza@iq.ufrj.br\">Maria Luiza Rocco<\/a> &#8211; Designada 01.04.21<\/p>\n<p align=\"left\"><strong>UFSCar:<\/strong><br \/>\n<a href=\"mailto:vico@ufscar.br\">Octavio Antonio Valsechi<\/a><br \/>\n<a href=\"mailto:rosineide@ufscar.br\">Rosineide Gomes da Silva Cruz<\/a> &#8211; Designada 14.11.22<\/p>\n<p align=\"left\"><strong>UFSM:<br \/>\n<\/strong><a href=\"mailto:madc.sm@gmail.com\">Marco Antonio Dalla Costa<\/a>\u00a0&#8211; Ratificado 27.06.14<\/p>\n<p align=\"left\"><strong>UnB:<\/strong><br \/>\n<a href=\"mailto:edgar.silveira@unb.br\">Edgar Amaral Silveira<\/a> &#8211; Designado 13.04.26<\/p>\n<p align=\"left\"><strong>UNESP:\u00a0<\/strong><br \/>\n<a href=\"mailto:agnelo@feg.unesp.br\">Agnelo Marotta Cassula<\/a><\/p>\n<p align=\"left\"><strong>UNICAMP:\u00a0<\/strong><br \/>\n<a href=\"mailto:gustavo.mockaitis@feagri.unicamp.br\">Gustavo Mockaitis<\/a> &#8211;\u00a0Designado 02.05.16<\/p>\n<p align=\"left\"><strong>UNIFESP:<\/strong><br \/>\n<a href=\"mailto:Fernando.martins@unifesp.br\">Fernando Martins<\/a> &#8211; Ratificado 12.01.24<br \/>\n<a href=\"mailto:yvan.jesus@unifesp.br\">Yvan Asencios<\/a> &#8211; Designado 12.01.24<\/p>\n<p align=\"left\"><strong>USP:<br \/>\n<\/strong><a href=\"mailto:elvio@iee.usp.br;elvo@iee.usp.br\">Elvo Calixto Burini Junior<\/a><\/p>\n<p align=\"left\"><strong><br \/>\nCHILE:<\/strong><\/p>\n<p align=\"left\"><strong>UChile:<br \/>\n<\/strong><a href=\"mailto:rodpalma@cec.uchile.cl\">Rodrigo Palma<\/a> &#8211; Designado 17.08.22<strong><br \/>\n<\/strong><\/p>\n<p align=\"left\"><strong>USACH:\u00a0<\/strong><br \/>\n<a href=\"mailto:hector.chavez@usach.cl\">H\u00e9ctor Ch\u00e1vez O.<\/a> &#8211; Ratificado 01.07.25<\/p>\n<p align=\"left\"><strong><br \/>\nPARAGUAY:<\/strong><\/p>\n<p align=\"left\"><strong>UNA:\u00a0<\/strong><br \/>\n<a href=\"mailto:dfranco@ing.una.py\">David Franco<\/a> &#8211; Designado 02.05.23<br \/>\n<a href=\"mailto:gmartinez@ing.una.py\">Carlos G. Mart\u00ednez<\/a> &#8211; Designado 02.05.23<br \/>\n<a href=\"mailto:l.ferreira@fiuna.edu.py\">Luis Ferreira<\/a> &#8211; Designado 02.05.23<\/p>\n<p align=\"left\"><strong>UNE:<\/strong><br \/>\n<a href=\"mailto:ruben.kang@fpune.edu.py\">Rub\u00e9n Dar\u00edo Kang Cardozo<\/a> &#8211; Designado 19.04.21<\/p>\n<p align=\"left\"><strong>UNI:<\/strong><br \/>\n<a href=\"mailto:trochez.oscar@gmail.com;otrochez@uni.edu.py\">Oscar Trochez<\/a>\u00a0&#8211; Ratificado 22.02.18<\/p>\n<p align=\"left\"><strong><br \/>\nURUGUAY:<\/strong><\/p>\n<p align=\"left\"><strong>UdelaR:\u00a0<\/strong><br \/>\n<a href=\"mailto:aguti@fing.edu.uy\">Alejandro Guti\u00e9rrez Arce<\/a><br \/>\n<a href=\"mailto:apiccion@farq.edu.uy\">Alicia Picci\u00f3n<\/a><\/p>\n<p align=\"left\">\n","protected":false},"excerpt":{"rendered":"<p>Coordinado por la Universidad Santiago de Chile (USACH), Chile H\u00e9ctor Ch\u00e1vez O. Coordinaci\u00f3n Alterna Universidad Nacional de Itapu\u00e1, Paraguay Oscar Trochez ARGENTINA: UNAHUR: Jos\u00e9 Mar\u00eda&#8230;<\/p>\n","protected":false},"author":1,"featured_media":0,"parent":0,"menu_order":0,"comment_status":"closed","ping_status":"closed","template":"","meta":{"footnotes":""},"class_list":["post-16","page","type-page","status-publish","hentry"],"_links":{"self":[{"href":"https:\/\/grupomontevideo.org\/ndca\/caenergia\/index.php?rest_route=\/wp\/v2\/pages\/16","targetHints":{"allow":["GET"]}}],"collection":[{"href":"https:\/\/grupomontevideo.org\/ndca\/caenergia\/index.php?rest_route=\/wp\/v2\/pages"}],"about":[{"href":"https:\/\/grupomontevideo.org\/ndca\/caenergia\/index.php?rest_route=\/wp\/v2\/types\/page"}],"author":[{"embeddable":true,"href":"https:\/\/grupomontevideo.org\/ndca\/caenergia\/index.php?rest_route=\/wp\/v2\/users\/1"}],"replies":[{"embeddable":true,"href":"https:\/\/grupomontevideo.org\/ndca\/caenergia\/index.php?rest_route=%2Fwp%2Fv2%2Fcomments&post=16"}],"version-history":[{"count":78,"href":"https:\/\/grupomontevideo.org\/ndca\/caenergia\/index.php?rest_route=\/wp\/v2\/pages\/16\/revisions"}],"predecessor-version":[{"id":284,"href":"https:\/\/grupomontevideo.org\/ndca\/caenergia\/index.php?rest_route=\/wp\/v2\/pages\/16\/revisions\/284"}],"wp:attachment":[{"href":"https:\/\/grupomontevideo.org\/ndca\/caenergia\/index.php?rest_route=%2Fwp%2Fv2%2Fmedia&parent=16"}],"curies":[{"name":"wp","href":"https:\/\/api.w.org\/{rel}","templated":true}]}}