{"id":255,"date":"2020-10-21T11:09:59","date_gmt":"2020-10-21T11:09:59","guid":{"rendered":"http:\/\/grupomontevideo.org\/cp\/cpcatedraderechoshumanos\/?page_id=255"},"modified":"2020-12-17T20:57:47","modified_gmt":"2020-12-17T20:57:47","slug":"sobre-la-catedra","status":"publish","type":"page","link":"https:\/\/grupomontevideo.org\/cp\/cpcatedraguarani\/?page_id=255","title":{"rendered":"SOBRE LA C\u00c1TEDRA"},"content":{"rendered":"<p align=\"justify\"><span class=\"fontstyle0\"><strong>AUGM Guarani Mbo\u2019er<\/strong>\u00e3 <\/span><span class=\"fontstyle2\">ha\u2019e pete\u0129 temikotev\u1ebd reko, ombyat\u00fdva Mbo\u2019eh\u00e1raku\u00e9ra, Jeporekah\u00e1ra, Ava aty tavaygua, ava aty tendaguaku\u00e9ra ha \u00f1e\u2019\u1ebdme\u2019\u1ebdharaku\u00e9ra ojapo hag\u0303ua tet\u00e3 reku\u00e1i, mba\u2019e mbohasa ha mba\u2019ekua o\u00f1ondivegua pe \u00f1opytyv\u00f5 joja pyenda rupi, o\u00f1emombarete hag\u0303ua \u00f1emoarandu, jeporeka ha tembiapo jepyso, ojejapo ha o\u00f1embohasa<br \/>\nhag\u0303ua marandu mbo\u2019er\u00e3me heko mbohapekua\u2019ava ha heko yk\u00f3va, mbo\u2019epy aty ha katupyryty ojer\u00e9va arandupy ha guarani \u00f1e\u2019\u1ebd rehe.<\/span><\/p>\n<p align=\"justify\">La <strong>C\u00e1tedra Guaran\u00ed de la AUGM<\/strong> es un \u00e1mbito de convergencia que re\u00fane a acad\u00e9micos, investigadores, la sociedad civil, las comunidades locales y los responsables de formular pol\u00edticas p\u00fablicas, a trav\u00e9s del intercambio y el saber compartido de conformidad con los principios de la cooperaci\u00f3n solidaria, a fin de fortalecer la formaci\u00f3n, la investigaci\u00f3n y la extensi\u00f3n, para generar y compartir informaci\u00f3n en tem\u00e1ticas de car\u00e1cter estrat\u00e9gico y transversal, en las \u00e1reas y competencias en torno a la lengua y la cultura guaran\u00ed.<\/p>\n<p align=\"justify\"><span class=\"fontstyle0\">A <strong>C\u00e1tedra Guaran\u00ed da AUGM<\/strong> \u00e9 uma \u00e1rea de converg\u00eancia que re\u00fane acad\u00eamicos, pesquisadores, sociedade civil, comunidades locais e respons\u00e1veis pela formula\u00e7\u00e3o de pol\u00edticas p\u00fablicas, por meio do interc\u00e2mbio e compartilhamento de conhecimentos de acordo com os princ\u00edpios da coopera\u00e7\u00e3o solid\u00e1ria , com o objetivo de fortalecer a forma\u00e7\u00e3o, a pesquisa e a extens\u00e3o, para gerar e compartilhar informa\u00e7\u00f5es sobre temas estrat\u00e9gicos e transversais, em \u00e1reas e compet\u00eancias relacionadas com a l\u00edngua e cultura guarani.<\/span><\/p>\n<p>&nbsp;<\/p>\n","protected":false},"excerpt":{"rendered":"<p>AUGM Guarani Mbo\u2019er\u00e3 ha\u2019e pete\u0129 temikotev\u1ebd reko, ombyat\u00fdva Mbo\u2019eh\u00e1raku\u00e9ra, Jeporekah\u00e1ra, Ava aty tavaygua, ava aty tendaguaku\u00e9ra ha \u00f1e\u2019\u1ebdme\u2019\u1ebdharaku\u00e9ra ojapo hag\u0303ua tet\u00e3 reku\u00e1i, mba\u2019e mbohasa ha&#8230;<\/p>\n","protected":false},"author":1,"featured_media":0,"parent":0,"menu_order":0,"comment_status":"closed","ping_status":"closed","template":"","meta":{"footnotes":""},"class_list":["post-255","page","type-page","status-publish","hentry"],"_links":{"self":[{"href":"https:\/\/grupomontevideo.org\/cp\/cpcatedraguarani\/index.php?rest_route=\/wp\/v2\/pages\/255","targetHints":{"allow":["GET"]}}],"collection":[{"href":"https:\/\/grupomontevideo.org\/cp\/cpcatedraguarani\/index.php?rest_route=\/wp\/v2\/pages"}],"about":[{"href":"https:\/\/grupomontevideo.org\/cp\/cpcatedraguarani\/index.php?rest_route=\/wp\/v2\/types\/page"}],"author":[{"embeddable":true,"href":"https:\/\/grupomontevideo.org\/cp\/cpcatedraguarani\/index.php?rest_route=\/wp\/v2\/users\/1"}],"replies":[{"embeddable":true,"href":"https:\/\/grupomontevideo.org\/cp\/cpcatedraguarani\/index.php?rest_route=%2Fwp%2Fv2%2Fcomments&post=255"}],"version-history":[{"count":5,"href":"https:\/\/grupomontevideo.org\/cp\/cpcatedraguarani\/index.php?rest_route=\/wp\/v2\/pages\/255\/revisions"}],"predecessor-version":[{"id":272,"href":"https:\/\/grupomontevideo.org\/cp\/cpcatedraguarani\/index.php?rest_route=\/wp\/v2\/pages\/255\/revisions\/272"}],"wp:attachment":[{"href":"https:\/\/grupomontevideo.org\/cp\/cpcatedraguarani\/index.php?rest_route=%2Fwp%2Fv2%2Fmedia&parent=255"}],"curies":[{"name":"wp","href":"https:\/\/api.w.org\/{rel}","templated":true}]}}